{"id":23556,"date":"2024-04-04T16:48:28","date_gmt":"2024-04-04T14:48:28","guid":{"rendered":"https:\/\/dev.beltafrajumar.com\/producto\/calma-fauteuil-pivotant-en-metal\/"},"modified":"2024-11-12T13:22:11","modified_gmt":"2024-11-12T12:22:11","slug":"calma-fauteuil-pivotant-en-metal","status":"publish","type":"product","link":"https:\/\/dev.beltafrajumar.com\/fr\/produit\/calma-fauteuil-pivotant-en-metal\/","title":{"rendered":"CALMA fauteuil pivotant en m\u00e9tal"},"content":{"rendered":"\t\t<div data-elementor-type=\"product-post\" data-elementor-id=\"23556\" class=\"elementor elementor-23556 elementor-2745\" data-elementor-post-type=\"product\">\n\t\t\t\t<div data-particle_enable=\"false\" data-particle-mobile-disabled=\"false\" class=\"elementor-element elementor-element-a83bc24 e-flex e-con-boxed wd-section-disabled e-con e-parent\" data-id=\"a83bc24\" data-element_type=\"container\">\n\t\t\t\t\t<div class=\"e-con-inner\">\n\t\t\t\t<div class=\"elementor-element elementor-element-1ea9e26 elementor-widget elementor-widget-wd_image_hotspot\" data-id=\"1ea9e26\" data-element_type=\"widget\" data-widget_type=\"wd_image_hotspot.default\">\n\t\t\t\t<div class=\"elementor-widget-container\">\n\t\t\t\t\t\t\t<div class=\"wd-image-hotspot-wrapper hotspot-action-hover hotspot-icon-default color-scheme- wd-hotspot-static\">\n\t\t\t<div class=\"wd-image-hotspot-hotspots\">\n\t\t\t\t\t\t\t\t\t<img decoding=\"async\" class=\"wd-image-hotspot-img\" src=\"https:\/\/dev.beltafrajumar.com\/wp-content\/uploads\/2024\/04\/CALMA-butaca-para-Hotel-y-Vivienda-Mobiliario-Living-Hospitality-Belta-Frajumar-2.jpg\" alt=\"CALMA-butaca-para-Hotel-y-Vivienda-Mobiliario-Living-Hospitality-Belta-Frajumar\" title=\"CALMA-butaca-para-Hotel-y-Vivienda-Mobiliario-Living-Hospitality-Belta-Frajumar\">\t\t\t\t\n\t\t\t\t\t\t\t\t\t\t\t\t\t\t<div class=\"wd-image-hotspot hotspot-type-product elementor-repeater-item-52d126b\">\n\t\t\t\t\t\t<span class=\"hotspot-sonar\"><\/span>\n\t\t\t\t\t\t<div class=\"hotspot-btn wd-fill\"><\/div>\n\n\t\t\t\t\t\t\t\t\t\t\t\t\t<div class=\"hotspot-product hotspot-content wd-scroll hotspot-dropdown-top\">\n\t\t\t\t\t\t\t\t<div class=\"hotspot-content-image\">\n\t\t\t\t\t\t\t\t\t<a href=\"https:\/\/dev.beltafrajumar.com\/fr\/produit\/calma-fauteuil-pivotant-en-metal\/\">\n\t\t\t\t\t\t\t\t\t\t<img fetchpriority=\"high\" decoding=\"async\" width=\"600\" height=\"600\" src=\"https:\/\/dev.beltafrajumar.com\/wp-content\/uploads\/2024\/04\/CALMA-butaca-giratoria-Mobiliario-Belta-Frajumar-600x600.jpg\" class=\"attachment-woocommerce_thumbnail size-woocommerce_thumbnail\" alt=\"Fauteuil pivotant CALMA - Meuble Belt\u00e1 Frajumar\" srcset=\"https:\/\/dev.beltafrajumar.com\/wp-content\/uploads\/2024\/04\/CALMA-butaca-giratoria-Mobiliario-Belta-Frajumar-600x600.jpg 600w, https:\/\/dev.beltafrajumar.com\/wp-content\/uploads\/2024\/04\/CALMA-butaca-giratoria-Mobiliario-Belta-Frajumar-200x200.jpg 200w, https:\/\/dev.beltafrajumar.com\/wp-content\/uploads\/2024\/04\/CALMA-butaca-giratoria-Mobiliario-Belta-Frajumar-700x700.jpg 700w, https:\/\/dev.beltafrajumar.com\/wp-content\/uploads\/2024\/04\/CALMA-butaca-giratoria-Mobiliario-Belta-Frajumar-300x300.jpg 300w, https:\/\/dev.beltafrajumar.com\/wp-content\/uploads\/2024\/04\/CALMA-butaca-giratoria-Mobiliario-Belta-Frajumar-150x150.jpg 150w, https:\/\/dev.beltafrajumar.com\/wp-content\/uploads\/2024\/04\/CALMA-butaca-giratoria-Mobiliario-Belta-Frajumar-768x768.jpg 768w, https:\/\/dev.beltafrajumar.com\/wp-content\/uploads\/2024\/04\/CALMA-butaca-giratoria-Mobiliario-Belta-Frajumar.jpg 1119w\" sizes=\"(max-width: 600px) 100vw, 600px\" \/>\t\t\t\t\t\t\t\t\t<\/a>\n\t\t\t\t\t\t\t\t<\/div>\n\t\t\t\t\t\t\t\t\n\t\t\t\t\t\t\t\t<h4 class=\"wd-entities-title\">\n\t\t\t\t\t\t\t\t\t<a href=\"https:\/\/dev.beltafrajumar.com\/fr\/produit\/calma-fauteuil-pivotant-en-metal\/\">\n\t\t\t\t\t\t\t\t\t\tCALMA fauteuil pivotant en m\u00e9tal\t\t\t\t\t\t\t\t\t<\/a>\n\t\t\t\t\t\t\t\t<\/h4>\n\t\t\t\t\t\t\t\t\n\t\t\t\t\t\t\t\t\t\t\t\t\t\t\t\t\t\t\t\t\t\t\t\t\t\t\t\t\t\t\t\t\t\n\t\t\t\t\t\t\t\t<div class=\"price\">\n\t\t\t\t\t\t\t\t\t<span class=\"woocommerce-Price-amount amount\"><bdi>1,329.79&nbsp;<span class=\"woocommerce-Price-currencySymbol\">&euro;<\/span><\/bdi><\/span>\t\t\t\t\t\t\t\t<\/div>\n\t\t\t\t\t\t\t\t\n\t\t\t\t\t\t\t\t<div class=\"hotspot-content-text wd-more-desc set-cont-mb-s reset-last-child\">\n\t\t\t\t\t\t\t\t\t<div class=\"wd-more-desc-inner\">\n\t\t\t\t\t\t\t\t\t\tD\u00e9couvrez le fauteuil CALMA, d\u00e9sormais dot\u00e9 d'un pied rotatif pour une plus grande polyvalence. Ses lignes douces et son dossier haut vous invitent \u00e0 une d\u00e9tente compl\u00e8te. Son style contemporain et ses formes \u00e9l\u00e9gantes le rendent id\u00e9al pour n'importe quel espace, que ce soit le salon, la salle \u00e0 manger ou la chambre. Profitez d'une position optimale pour vous reposer et laissez CALM vous envelopper.\t\t\t\t\t\t\t\t\t<\/div>\n\t\t\t\t\t\t\t\t\t<a href=\"#\" rel=\"nofollow\" class=\"wd-more-desc-btn\"  aria-label=\"Read more description button\"><span><\/span><\/a>\n\t\t\t\t\t\t\t\t<\/div>\n\t\t\t\t\t\t\t\t\n\t\t\t\t\t\t\t\t<a href=\"https:\/\/dev.beltafrajumar.com\/fr\/produit\/calma-fauteuil-pivotant-en-metal\/\" class=\"button product_type_simple add_to_cart_button\" data-product_id=\"23556\" rel=\"nofollow\">\n\t\t\t\t\t\t\t\t\tS\u00e9lectionner les options\t\t\t\t\t\t\t\t<\/a>\n\t\t\t\t\t\t\t<\/div>\n\t\t\t\t\t\t\t\t\t\t\t<\/div>\n\t\t\t\t\t\t\t\t\t\t\t\t\t\t<div class=\"wd-image-hotspot hotspot-type-product elementor-repeater-item-f6c3e2d\">\n\t\t\t\t\t\t<span class=\"hotspot-sonar\"><\/span>\n\t\t\t\t\t\t<div class=\"hotspot-btn wd-fill\"><\/div>\n\n\t\t\t\t\t\t\t\t\t\t\t\t\t<div class=\"hotspot-product hotspot-content wd-scroll hotspot-dropdown-top\">\n\t\t\t\t\t\t\t\t<div class=\"hotspot-content-image\">\n\t\t\t\t\t\t\t\t\t<a href=\"https:\/\/dev.beltafrajumar.com\/fr\/produit\/isen-table-basse\/\">\n\t\t\t\t\t\t\t\t\t\t<img decoding=\"async\" width=\"600\" height=\"600\" src=\"https:\/\/dev.beltafrajumar.com\/wp-content\/uploads\/2024\/04\/ISEN-mesita-600x600.png\" class=\"attachment-woocommerce_thumbnail size-woocommerce_thumbnail\" alt=\"Table basse ISEN - Meubles Belt\u00e1 Frajumar\" srcset=\"https:\/\/dev.beltafrajumar.com\/wp-content\/uploads\/2024\/04\/ISEN-mesita-600x600.png 600w, https:\/\/dev.beltafrajumar.com\/wp-content\/uploads\/2024\/04\/ISEN-mesita-200x200.png 200w, https:\/\/dev.beltafrajumar.com\/wp-content\/uploads\/2024\/04\/ISEN-mesita-700x700.png 700w, https:\/\/dev.beltafrajumar.com\/wp-content\/uploads\/2024\/04\/ISEN-mesita-300x300.png 300w, https:\/\/dev.beltafrajumar.com\/wp-content\/uploads\/2024\/04\/ISEN-mesita-150x150.png 150w, https:\/\/dev.beltafrajumar.com\/wp-content\/uploads\/2024\/04\/ISEN-mesita-768x768.png 768w, https:\/\/dev.beltafrajumar.com\/wp-content\/uploads\/2024\/04\/ISEN-mesita.png 1080w\" sizes=\"(max-width: 600px) 100vw, 600px\" \/>\t\t\t\t\t\t\t\t\t<\/a>\n\t\t\t\t\t\t\t\t<\/div>\n\t\t\t\t\t\t\t\t\n\t\t\t\t\t\t\t\t<h4 class=\"wd-entities-title\">\n\t\t\t\t\t\t\t\t\t<a href=\"https:\/\/dev.beltafrajumar.com\/fr\/produit\/isen-table-basse\/\">\n\t\t\t\t\t\t\t\t\t\tISEN table basse\t\t\t\t\t\t\t\t\t<\/a>\n\t\t\t\t\t\t\t\t<\/h4>\n\t\t\t\t\t\t\t\t\n\t\t\t\t\t\t\t\t\t\t\t\t\t\t\t\t\t\t\t\t\t\t\t\t\t\t\t\t\t\t\t\t\t\n\t\t\t\t\t\t\t\t<div class=\"price\">\n\t\t\t\t\t\t\t\t\t<span class=\"woocommerce-Price-amount amount\"><bdi>562.65&nbsp;<span class=\"woocommerce-Price-currencySymbol\">&euro;<\/span><\/bdi><\/span>\t\t\t\t\t\t\t\t<\/div>\n\t\t\t\t\t\t\t\t\n\t\t\t\t\t\t\t\t<div class=\"hotspot-content-text wd-more-desc set-cont-mb-s reset-last-child\">\n\t\t\t\t\t\t\t\t\t<div class=\"wd-more-desc-inner\">\n\t\t\t\t\t\t\t\t\t\t<p class=\"p1\">La table ISEN se caract\u00e9rise par la solidit\u00e9 de ses mat\u00e9riaux et la simplicit\u00e9 de son design. Le plateau met en valeur la puret\u00e9 visuelle obtenue gr\u00e2ce au travail artisanal du bois massif, qui donne un caract\u00e8re unique et individuel \u00e0 chacune des tables.<\/p>\n\t\t\t\t\t\t\t\t\t<\/div>\n\t\t\t\t\t\t\t\t\t<a href=\"#\" rel=\"nofollow\" class=\"wd-more-desc-btn\"  aria-label=\"Read more description button\"><span><\/span><\/a>\n\t\t\t\t\t\t\t\t<\/div>\n\t\t\t\t\t\t\t\t\n\t\t\t\t\t\t\t\t<a href=\"https:\/\/dev.beltafrajumar.com\/fr\/produit\/isen-table-basse\/\" class=\"button product_type_simple add_to_cart_button\" data-product_id=\"23295\" rel=\"nofollow\">\n\t\t\t\t\t\t\t\t\tS\u00e9lectionner les options\t\t\t\t\t\t\t\t<\/a>\n\t\t\t\t\t\t\t<\/div>\n\t\t\t\t\t\t\t\t\t\t\t<\/div>\n\t\t\t\t\t\t\t<\/div>\n\t\t<\/div>\n\t\t\t\t\t\t<\/div>\n\t\t\t\t<\/div>\n\t\t\t\t\t<\/div>\n\t\t\t\t<\/div>\n\t\t\t\t<\/div>\n\t\t","protected":false},"excerpt":{"rendered":"<p>D\u00e9couvrez le fauteuil CALMA, d\u00e9sormais dot\u00e9 d&rsquo;un pied rotatif pour une plus grande polyvalence. Ses lignes douces et son dossier haut vous invitent \u00e0 une d\u00e9tente compl\u00e8te. Son style contemporain et ses formes \u00e9l\u00e9gantes le rendent id\u00e9al pour n&rsquo;importe quel espace, que ce soit le salon, la salle \u00e0 manger ou la chambre. Profitez d&rsquo;une position optimale pour vous reposer et laissez CALM vous envelopper.<\/p>\n","protected":false},"featured_media":28947,"comment_status":"closed","ping_status":"closed","template":"","meta":{"_acf_changed":false},"product_brand":[],"product_cat":[907,925,924,2365],"product_tag":[2297,2349,938],"class_list":{"0":"post-23556","1":"product","2":"type-product","3":"status-publish","4":"has-post-thumbnail","6":"product_cat-fauteuils-hotels","7":"product_cat-fauteuils-maison","8":"product_cat-mobilier-maison","9":"product_cat-offre","10":"product_tag-dsignio-fr","11":"product_tag-novembre","12":"product_tag-ventes-en-ligne","13":"wcpa_has_options","15":"first","16":"instock","17":"taxable","18":"shipping-taxable","19":"purchasable","20":"product-type-simple"},"acf":[],"yoast_head":"<!-- This site is optimized with the Yoast SEO Premium plugin v24.2 (Yoast SEO v25.3.1) - https:\/\/yoast.com\/wordpress\/plugins\/seo\/ -->\n<title>Fauteuil pivotant en m\u00e9tal Calma | Style moderne et confort | Belta Frajumar<\/title>\n<meta name=\"description\" content=\"Dot\u00e9 d&#039;un pi\u00e8tement rotatif en m\u00e9tal, le fauteuil Calma apporte une touche moderne \u00e0 son design relaxant, id\u00e9al pour les espaces o\u00f9 le confort est essentiel.\" \/>\n<meta name=\"robots\" content=\"noindex, follow, max-snippet:-1, max-image-preview:large, max-video-preview:-1\" \/>\n<meta property=\"og:locale\" content=\"fr_FR\" \/>\n<meta property=\"og:type\" content=\"article\" \/>\n<meta property=\"og:title\" content=\"CALMA fauteuil pivotant en m\u00e9tal\" \/>\n<meta property=\"og:description\" content=\"Dot\u00e9 d&#039;un pi\u00e8tement rotatif en m\u00e9tal, le fauteuil Calma apporte une touche moderne \u00e0 son design relaxant, id\u00e9al pour les espaces o\u00f9 le confort est essentiel.\" \/>\n<meta property=\"og:url\" content=\"https:\/\/dev.beltafrajumar.com\/fr\/produit\/calma-fauteuil-pivotant-en-metal\/\" \/>\n<meta property=\"og:site_name\" content=\"Belt\u00e1 Frajumar\" \/>\n<meta property=\"article:modified_time\" content=\"2024-11-12T12:22:11+00:00\" \/>\n<meta property=\"og:image\" content=\"https:\/\/dev.beltafrajumar.com\/wp-content\/uploads\/2024\/04\/CALMA-butaca-giratoria-Mobiliario-Belta-Frajumar.jpg\" \/>\n\t<meta property=\"og:image:width\" content=\"1119\" \/>\n\t<meta property=\"og:image:height\" content=\"1119\" \/>\n\t<meta property=\"og:image:type\" content=\"image\/jpeg\" \/>\n<meta name=\"twitter:card\" content=\"summary_large_image\" \/>\n<meta name=\"twitter:label1\" content=\"Dur\u00e9e de lecture estim\u00e9e\" \/>\n\t<meta name=\"twitter:data1\" content=\"1 minute\" \/>\n<script type=\"application\/ld+json\" class=\"yoast-schema-graph\">{\"@context\":\"https:\/\/schema.org\",\"@graph\":[{\"@type\":\"WebPage\",\"@id\":\"https:\/\/dev.beltafrajumar.com\/fr\/produit\/calma-fauteuil-pivotant-en-metal\/\",\"url\":\"https:\/\/dev.beltafrajumar.com\/fr\/produit\/calma-fauteuil-pivotant-en-metal\/\",\"name\":\"Fauteuil pivotant en m\u00e9tal Calma | Style moderne et confort | Belta Frajumar\",\"isPartOf\":{\"@id\":\"https:\/\/dev.beltafrajumar.com\/fr\/#website\"},\"primaryImageOfPage\":{\"@id\":\"https:\/\/dev.beltafrajumar.com\/fr\/produit\/calma-fauteuil-pivotant-en-metal\/#primaryimage\"},\"image\":{\"@id\":\"https:\/\/dev.beltafrajumar.com\/fr\/produit\/calma-fauteuil-pivotant-en-metal\/#primaryimage\"},\"thumbnailUrl\":\"https:\/\/dev.beltafrajumar.com\/wp-content\/uploads\/2024\/04\/CALMA-butaca-giratoria-Mobiliario-Belta-Frajumar.jpg\",\"datePublished\":\"2024-04-04T14:48:28+00:00\",\"dateModified\":\"2024-11-12T12:22:11+00:00\",\"description\":\"Dot\u00e9 d'un pi\u00e8tement rotatif en m\u00e9tal, le fauteuil Calma apporte une touche moderne \u00e0 son design relaxant, id\u00e9al pour les espaces o\u00f9 le confort est essentiel.\",\"breadcrumb\":{\"@id\":\"https:\/\/dev.beltafrajumar.com\/fr\/produit\/calma-fauteuil-pivotant-en-metal\/#breadcrumb\"},\"inLanguage\":\"fr-FR\",\"potentialAction\":[{\"@type\":\"ReadAction\",\"target\":[\"https:\/\/dev.beltafrajumar.com\/fr\/produit\/calma-fauteuil-pivotant-en-metal\/\"]}]},{\"@type\":\"ImageObject\",\"inLanguage\":\"fr-FR\",\"@id\":\"https:\/\/dev.beltafrajumar.com\/fr\/produit\/calma-fauteuil-pivotant-en-metal\/#primaryimage\",\"url\":\"https:\/\/dev.beltafrajumar.com\/wp-content\/uploads\/2024\/04\/CALMA-butaca-giratoria-Mobiliario-Belta-Frajumar.jpg\",\"contentUrl\":\"https:\/\/dev.beltafrajumar.com\/wp-content\/uploads\/2024\/04\/CALMA-butaca-giratoria-Mobiliario-Belta-Frajumar.jpg\",\"width\":1119,\"height\":1119,\"caption\":\"Fauteuil pivotant CALMA - Meuble Belt\u00e1 Frajumar\"},{\"@type\":\"BreadcrumbList\",\"@id\":\"https:\/\/dev.beltafrajumar.com\/fr\/produit\/calma-fauteuil-pivotant-en-metal\/#breadcrumb\",\"itemListElement\":[{\"@type\":\"ListItem\",\"position\":1,\"name\":\"Portada\",\"item\":\"https:\/\/dev.beltafrajumar.com\/fr\/\"},{\"@type\":\"ListItem\",\"position\":2,\"name\":\"Magasin de meubles sur mesure\",\"item\":\"https:\/\/dev.beltafrajumar.com\/tienda\/\"},{\"@type\":\"ListItem\",\"position\":3,\"name\":\"CALMA fauteuil pivotant en m\u00e9tal\"}]},{\"@type\":\"WebSite\",\"@id\":\"https:\/\/dev.beltafrajumar.com\/fr\/#website\",\"url\":\"https:\/\/dev.beltafrajumar.com\/fr\/\",\"name\":\"Belt\u00e1 Frajumar\",\"description\":\"Calidad, Dise\u00f1o y Decoraci\u00f3n de Interiores en Mobiliario Hospitality y Living\",\"publisher\":{\"@id\":\"https:\/\/dev.beltafrajumar.com\/fr\/#organization\"},\"alternateName\":\"Fabricante de mobiliario Hospitality y Living\",\"potentialAction\":[{\"@type\":\"SearchAction\",\"target\":{\"@type\":\"EntryPoint\",\"urlTemplate\":\"https:\/\/dev.beltafrajumar.com\/fr\/?s={search_term_string}\"},\"query-input\":{\"@type\":\"PropertyValueSpecification\",\"valueRequired\":true,\"valueName\":\"search_term_string\"}}],\"inLanguage\":\"fr-FR\"},{\"@type\":\"Organization\",\"@id\":\"https:\/\/dev.beltafrajumar.com\/fr\/#organization\",\"name\":\"Belt\u00e1 Frajumar\",\"alternateName\":\"Fabricant de meubles exclusif Belt\u00e1 Frajumar\",\"url\":\"https:\/\/dev.beltafrajumar.com\/fr\/\",\"logo\":{\"@type\":\"ImageObject\",\"inLanguage\":\"fr-FR\",\"@id\":\"https:\/\/dev.beltafrajumar.com\/fr\/#\/schema\/logo\/image\/\",\"url\":\"https:\/\/dev.beltafrajumar.com\/wp-content\/uploads\/2024\/10\/Logotipo-Belta-Frajumar-patrocinador-de-InterCIDEC-1.jpg\",\"contentUrl\":\"https:\/\/dev.beltafrajumar.com\/wp-content\/uploads\/2024\/10\/Logotipo-Belta-Frajumar-patrocinador-de-InterCIDEC-1.jpg\",\"width\":1080,\"height\":1080,\"caption\":\"Belt\u00e1 Frajumar\"},\"image\":{\"@id\":\"https:\/\/dev.beltafrajumar.com\/fr\/#\/schema\/logo\/image\/\"}}]}<\/script>\n<!-- \/ Yoast SEO Premium plugin. -->","yoast_head_json":{"title":"Fauteuil pivotant en m\u00e9tal Calma | Style moderne et confort | Belta Frajumar","description":"Dot\u00e9 d'un pi\u00e8tement rotatif en m\u00e9tal, le fauteuil Calma apporte une touche moderne \u00e0 son design relaxant, id\u00e9al pour les espaces o\u00f9 le confort est essentiel.","robots":{"index":"noindex","follow":"follow","max-snippet":"max-snippet:-1","max-image-preview":"max-image-preview:large","max-video-preview":"max-video-preview:-1"},"og_locale":"fr_FR","og_type":"article","og_title":"CALMA fauteuil pivotant en m\u00e9tal","og_description":"Dot\u00e9 d'un pi\u00e8tement rotatif en m\u00e9tal, le fauteuil Calma apporte une touche moderne \u00e0 son design relaxant, id\u00e9al pour les espaces o\u00f9 le confort est essentiel.","og_url":"https:\/\/dev.beltafrajumar.com\/fr\/produit\/calma-fauteuil-pivotant-en-metal\/","og_site_name":"Belt\u00e1 Frajumar","article_modified_time":"2024-11-12T12:22:11+00:00","og_image":[{"width":1119,"height":1119,"url":"https:\/\/dev.beltafrajumar.com\/wp-content\/uploads\/2024\/04\/CALMA-butaca-giratoria-Mobiliario-Belta-Frajumar.jpg","type":"image\/jpeg"}],"twitter_card":"summary_large_image","twitter_misc":{"Dur\u00e9e de lecture estim\u00e9e":"1 minute"},"schema":{"@context":"https:\/\/schema.org","@graph":[{"@type":"WebPage","@id":"https:\/\/dev.beltafrajumar.com\/fr\/produit\/calma-fauteuil-pivotant-en-metal\/","url":"https:\/\/dev.beltafrajumar.com\/fr\/produit\/calma-fauteuil-pivotant-en-metal\/","name":"Fauteuil pivotant en m\u00e9tal Calma | Style moderne et confort | Belta Frajumar","isPartOf":{"@id":"https:\/\/dev.beltafrajumar.com\/fr\/#website"},"primaryImageOfPage":{"@id":"https:\/\/dev.beltafrajumar.com\/fr\/produit\/calma-fauteuil-pivotant-en-metal\/#primaryimage"},"image":{"@id":"https:\/\/dev.beltafrajumar.com\/fr\/produit\/calma-fauteuil-pivotant-en-metal\/#primaryimage"},"thumbnailUrl":"https:\/\/dev.beltafrajumar.com\/wp-content\/uploads\/2024\/04\/CALMA-butaca-giratoria-Mobiliario-Belta-Frajumar.jpg","datePublished":"2024-04-04T14:48:28+00:00","dateModified":"2024-11-12T12:22:11+00:00","description":"Dot\u00e9 d'un pi\u00e8tement rotatif en m\u00e9tal, le fauteuil Calma apporte une touche moderne \u00e0 son design relaxant, id\u00e9al pour les espaces o\u00f9 le confort est essentiel.","breadcrumb":{"@id":"https:\/\/dev.beltafrajumar.com\/fr\/produit\/calma-fauteuil-pivotant-en-metal\/#breadcrumb"},"inLanguage":"fr-FR","potentialAction":[{"@type":"ReadAction","target":["https:\/\/dev.beltafrajumar.com\/fr\/produit\/calma-fauteuil-pivotant-en-metal\/"]}]},{"@type":"ImageObject","inLanguage":"fr-FR","@id":"https:\/\/dev.beltafrajumar.com\/fr\/produit\/calma-fauteuil-pivotant-en-metal\/#primaryimage","url":"https:\/\/dev.beltafrajumar.com\/wp-content\/uploads\/2024\/04\/CALMA-butaca-giratoria-Mobiliario-Belta-Frajumar.jpg","contentUrl":"https:\/\/dev.beltafrajumar.com\/wp-content\/uploads\/2024\/04\/CALMA-butaca-giratoria-Mobiliario-Belta-Frajumar.jpg","width":1119,"height":1119,"caption":"Fauteuil pivotant CALMA - Meuble Belt\u00e1 Frajumar"},{"@type":"BreadcrumbList","@id":"https:\/\/dev.beltafrajumar.com\/fr\/produit\/calma-fauteuil-pivotant-en-metal\/#breadcrumb","itemListElement":[{"@type":"ListItem","position":1,"name":"Portada","item":"https:\/\/dev.beltafrajumar.com\/fr\/"},{"@type":"ListItem","position":2,"name":"Magasin de meubles sur mesure","item":"https:\/\/dev.beltafrajumar.com\/tienda\/"},{"@type":"ListItem","position":3,"name":"CALMA fauteuil pivotant en m\u00e9tal"}]},{"@type":"WebSite","@id":"https:\/\/dev.beltafrajumar.com\/fr\/#website","url":"https:\/\/dev.beltafrajumar.com\/fr\/","name":"Belt\u00e1 Frajumar","description":"Calidad, Dise\u00f1o y Decoraci\u00f3n de Interiores en Mobiliario Hospitality y Living","publisher":{"@id":"https:\/\/dev.beltafrajumar.com\/fr\/#organization"},"alternateName":"Fabricante de mobiliario Hospitality y Living","potentialAction":[{"@type":"SearchAction","target":{"@type":"EntryPoint","urlTemplate":"https:\/\/dev.beltafrajumar.com\/fr\/?s={search_term_string}"},"query-input":{"@type":"PropertyValueSpecification","valueRequired":true,"valueName":"search_term_string"}}],"inLanguage":"fr-FR"},{"@type":"Organization","@id":"https:\/\/dev.beltafrajumar.com\/fr\/#organization","name":"Belt\u00e1 Frajumar","alternateName":"Fabricant de meubles exclusif Belt\u00e1 Frajumar","url":"https:\/\/dev.beltafrajumar.com\/fr\/","logo":{"@type":"ImageObject","inLanguage":"fr-FR","@id":"https:\/\/dev.beltafrajumar.com\/fr\/#\/schema\/logo\/image\/","url":"https:\/\/dev.beltafrajumar.com\/wp-content\/uploads\/2024\/10\/Logotipo-Belta-Frajumar-patrocinador-de-InterCIDEC-1.jpg","contentUrl":"https:\/\/dev.beltafrajumar.com\/wp-content\/uploads\/2024\/10\/Logotipo-Belta-Frajumar-patrocinador-de-InterCIDEC-1.jpg","width":1080,"height":1080,"caption":"Belt\u00e1 Frajumar"},"image":{"@id":"https:\/\/dev.beltafrajumar.com\/fr\/#\/schema\/logo\/image\/"}}]}},"wcpa_form_fields":{"wcpaData":{"product":{"product_price":1329.79,"price_html":"<span class=\"woocommerce-Price-amount amount\"><bdi>1,329.79&nbsp;<span class=\"woocommerce-Price-currencySymbol\">&euro;<\/span><\/bdi><\/span>","original_product_price":1329.79,"price_including_tax":1329.79,"price_excluding_tax":1099,"product_id":{"parent":23556,"variation":false},"is_variable":false,"stock_status":"instock","stock_quantity":null,"parent_sku":"242BC","product_attributes":{"pa_acabado-en-tela":{"is_variation":false,"values":["2-2397-fr","2-2398-fr","2-2399-fr","2-2400-fr","2-4644-fr","2-4645-fr","3-6740-fr","3-6821-fr","3-6823-fr"]}},"custom_fields":[],"is_taxable":true,"product_name":"CALMA fauteuil pivotant en m\u00e9tal","hasImage":false},"fields":{"sec_2672217930b21e":{"extra":{"key":"sec_2672217930b21e","section_id":"sec_2672217930b21e","name":"Opci\u00f3n Tapizado","status":1,"cl_rule":"show","enableCl":false,"relations":[],"toggle":true,"title_tag":"h3","show_title":false,"showPrice":"default","form_id":32000,"form_rules":{"exclude_from_discount":false,"fee_label":"Fee","disp_hide_options_price":true,"disp_show_section_price":false,"disp_show_field_price":false,"layout_option":"standard","pric_use_as_fee":false,"process_fee_as":"woo_fee"},"layout_option":"standard"},"fields":[[{"label":"Elige Tela (Imagen Ampliable)","active":true,"required":true,"elementId":"image-group_1672217930b231","name":"image-group_1672217930b231","label_position":"default","desc_position":"default","enablePrice":true,"className":"","enableCl":false,"relations":false,"layOut":"inline","disp_size_img":{"width":"60","height":"60"},"enable_popup":"all","disp_type":"square","img_selection_type":"outline","multiple":false,"values":[{"label":"Gris S2-2397","value":"S2-2397","selected":false,"image":"https:\/\/dev.beltafrajumar.com\/wp-content\/uploads\/2024\/12\/S2-2397-AC21-Gris.jpg","thumb":"https:\/\/dev.beltafrajumar.com\/wp-content\/uploads\/2024\/12\/S2-2397-AC21-Gris-150x150.jpg","tempId":"aco_635","image_id":34562,"price":"0","thumb_src":"https:\/\/dev.beltafrajumar.com\/wp-content\/uploads\/2024\/12\/S2-2397-AC21-Gris-150x150.jpg","gt_translate_keys":["label"]},{"label":"Gris Plata S2-2398","value":"S2-2398","selected":false,"image":"https:\/\/dev.beltafrajumar.com\/wp-content\/uploads\/2024\/12\/S2-2398-AC112-Gris-Plata-AquaClean-Mystic.jpg","thumb":"https:\/\/dev.beltafrajumar.com\/wp-content\/uploads\/2024\/12\/S2-2398-AC112-Gris-Plata-AquaClean-Mystic-150x150.jpg","tempId":"aco_636","image_id":34565,"price":"0","thumb_src":"https:\/\/dev.beltafrajumar.com\/wp-content\/uploads\/2024\/12\/S2-2398-AC112-Gris-Plata-AquaClean-Mystic-150x150.jpg","gt_translate_keys":["label"]},{"label":"Tierra S2-2399","value":"S2-2399","selected":false,"image":"https:\/\/dev.beltafrajumar.com\/wp-content\/uploads\/2024\/12\/S2-2399-AC250-Tierra-AquaClean-Mystic.jpg","thumb":"https:\/\/dev.beltafrajumar.com\/wp-content\/uploads\/2024\/12\/S2-2399-AC250-Tierra-AquaClean-Mystic-150x150.jpg","tempId":"aco_1143","image_id":34568,"price":"0","thumb_src":"https:\/\/dev.beltafrajumar.com\/wp-content\/uploads\/2024\/12\/S2-2399-AC250-Tierra-AquaClean-Mystic-150x150.jpg","gt_translate_keys":["label"]},{"label":"Crudo S2-2400","value":"S2-2400","selected":false,"image":"https:\/\/dev.beltafrajumar.com\/wp-content\/uploads\/2024\/12\/S2-2440-AC324-Crudo-AquaClean-Mystic.jpg","thumb":"https:\/\/dev.beltafrajumar.com\/wp-content\/uploads\/2024\/12\/S2-2440-AC324-Crudo-AquaClean-Mystic-150x150.jpg","tempId":"aco_1156","image_id":34571,"price":"0","thumb_src":"https:\/\/dev.beltafrajumar.com\/wp-content\/uploads\/2024\/12\/S2-2440-AC324-Crudo-AquaClean-Mystic-150x150.jpg","gt_translate_keys":["label"]},{"label":"Blanco S2-4644","value":"S2-4644","selected":false,"image":"https:\/\/dev.beltafrajumar.com\/wp-content\/uploads\/2024\/12\/S2-4644-AC01-Blanco-AquaClean-Mystic.jpg","thumb":"https:\/\/dev.beltafrajumar.com\/wp-content\/uploads\/2024\/12\/S2-4644-AC01-Blanco-AquaClean-Mystic-150x150.jpg","tempId":"aco_1940","image_id":34574,"price":"0","thumb_src":"https:\/\/dev.beltafrajumar.com\/wp-content\/uploads\/2024\/12\/S2-4644-AC01-Blanco-AquaClean-Mystic-150x150.jpg","gt_translate_keys":["label"]},{"label":"Crema S2-4645","value":"S2-4645","selected":false,"image":"https:\/\/dev.beltafrajumar.com\/wp-content\/uploads\/2024\/12\/S2-4644-AC50-Crema-AquaClean-Mystic.jpg","thumb":"https:\/\/dev.beltafrajumar.com\/wp-content\/uploads\/2024\/12\/S2-4644-AC50-Crema-AquaClean-Mystic-150x150.jpg","tempId":"aco_1953","image_id":34577,"price":"0","thumb_src":"https:\/\/dev.beltafrajumar.com\/wp-content\/uploads\/2024\/12\/S2-4644-AC50-Crema-AquaClean-Mystic-150x150.jpg","gt_translate_keys":["label"]},{"label":"Natural S3-6740","value":"S3-6740","selected":false,"image":"https:\/\/dev.beltafrajumar.com\/wp-content\/uploads\/2024\/12\/S3-6740-Natural-DESERT-9700-.jpg","thumb":"https:\/\/dev.beltafrajumar.com\/wp-content\/uploads\/2024\/12\/S3-6740-Natural-DESERT-9700--150x150.jpg","tempId":"aco_1966","image_id":34580,"price":"45","thumb_src":"https:\/\/dev.beltafrajumar.com\/wp-content\/uploads\/2024\/12\/S3-6740-Natural-DESERT-9700--150x150.jpg","gt_translate_keys":["label"]},{"label":"Beige S3-6821","value":"S3-6821","selected":false,"image":"https:\/\/dev.beltafrajumar.com\/wp-content\/uploads\/2024\/12\/S3-6821-Beige-NOAH-05-CREVIN.jpg","thumb":"https:\/\/dev.beltafrajumar.com\/wp-content\/uploads\/2024\/12\/S3-6821-Beige-NOAH-05-CREVIN-150x150.jpg","tempId":"aco_2015","image_id":34583,"price":"95","thumb_src":"https:\/\/dev.beltafrajumar.com\/wp-content\/uploads\/2024\/12\/S3-6821-Beige-NOAH-05-CREVIN-150x150.jpg","gt_translate_keys":["label"]},{"label":"Tostado S3-6823","value":"S3-6823","selected":false,"image":"https:\/\/dev.beltafrajumar.com\/wp-content\/uploads\/2024\/12\/S3-6823-Tostado-NOAH-08-CREVIN.jpg","thumb":"https:\/\/dev.beltafrajumar.com\/wp-content\/uploads\/2024\/12\/S3-6823-Tostado-NOAH-08-CREVIN-150x150.jpg","tempId":"aco_2028","image_id":34586,"price":"95","thumb_src":"https:\/\/dev.beltafrajumar.com\/wp-content\/uploads\/2024\/12\/S3-6823-Tostado-NOAH-08-CREVIN-150x150.jpg","gt_translate_keys":["label"]}],"priceOptions":"different_for_all","pricingType":"fixed","price":"","cl_rule":"show","col":6,"type":"image-group","error":false,"img_preview":true,"img_preview_disable_mobile":false,"scrollBar":false,"other":false,"description":"","tooltip":"","gt_translate_keys":["label","description","tooltip"],"price_dependency":false,"cl_dependency":false,"value":""}]]}},"config":{"price_override":"","enable_recaptcha":false,"bind_quantity":false,"quantity_bind_formula":false,"disp_summ_show_option_price":true,"disp_summ_show_product_price":true,"disp_summ_show_total_price":true,"disp_summ_show_fee":false,"disp_summ_show_discount":false,"summary_title":"","options_total_label":"Opciones","total_label":"Total","options_product_label":"Precio","fee_label":"Fee","discount_label":"Discount","has_price":true,"has_quantity_formula":false},"mc_unit":1,"tax_rate":1.21,"tax_rate_real":0.21,"discount":{"percentage":0,"fixed":0},"design":{"conf":{"LabelPosition":"above","DescPosition":"above","UploadField":"custom_1","QuantityFieldStyle":"default"},"css":{"LeftLabelWidth":"120px"}},"formulas":[],"clones":false,"cartKey":false}},"_links":{"self":[{"href":"https:\/\/dev.beltafrajumar.com\/fr\/wp-json\/wp\/v2\/product\/23556","targetHints":{"allow":["GET"]}}],"collection":[{"href":"https:\/\/dev.beltafrajumar.com\/fr\/wp-json\/wp\/v2\/product"}],"about":[{"href":"https:\/\/dev.beltafrajumar.com\/fr\/wp-json\/wp\/v2\/types\/product"}],"replies":[{"embeddable":true,"href":"https:\/\/dev.beltafrajumar.com\/fr\/wp-json\/wp\/v2\/comments?post=23556"}],"version-history":[{"count":0,"href":"https:\/\/dev.beltafrajumar.com\/fr\/wp-json\/wp\/v2\/product\/23556\/revisions"}],"wp:featuredmedia":[{"embeddable":true,"href":"https:\/\/dev.beltafrajumar.com\/fr\/wp-json\/wp\/v2\/media\/28947"}],"wp:attachment":[{"href":"https:\/\/dev.beltafrajumar.com\/fr\/wp-json\/wp\/v2\/media?parent=23556"}],"wp:term":[{"taxonomy":"product_brand","embeddable":true,"href":"https:\/\/dev.beltafrajumar.com\/fr\/wp-json\/wp\/v2\/product_brand?post=23556"},{"taxonomy":"product_cat","embeddable":true,"href":"https:\/\/dev.beltafrajumar.com\/fr\/wp-json\/wp\/v2\/product_cat?post=23556"},{"taxonomy":"product_tag","embeddable":true,"href":"https:\/\/dev.beltafrajumar.com\/fr\/wp-json\/wp\/v2\/product_tag?post=23556"}],"curies":[{"name":"wp","href":"https:\/\/api.w.org\/{rel}","templated":true}]}}