{"id":23520,"date":"2024-04-04T16:49:17","date_gmt":"2024-04-04T14:49:17","guid":{"rendered":"https:\/\/dev.beltafrajumar.com\/producto\/tamo-chaise-a-dossier-haut\/"},"modified":"2024-10-01T12:19:02","modified_gmt":"2024-10-01T10:19:02","slug":"tamo-chaise-a-dossier-haut","status":"publish","type":"product","link":"https:\/\/dev.beltafrajumar.com\/fr\/produit\/tamo-chaise-a-dossier-haut\/","title":{"rendered":"TAMO chaise \u00e0 dossier haut"},"content":{"rendered":"\t\t<div data-elementor-type=\"product-post\" data-elementor-id=\"23520\" class=\"elementor elementor-23520 elementor-2935\" data-elementor-post-type=\"product\">\n\t\t\t\t<div data-particle_enable=\"false\" data-particle-mobile-disabled=\"false\" class=\"elementor-element elementor-element-87a6b88 e-flex e-con-boxed wd-section-disabled e-con e-parent\" data-id=\"87a6b88\" data-element_type=\"container\">\n\t\t\t\t\t<div class=\"e-con-inner\">\n\t\t\t\t<div class=\"elementor-element elementor-element-4613fcc elementor-widget elementor-widget-wd_image_hotspot\" data-id=\"4613fcc\" data-element_type=\"widget\" data-widget_type=\"wd_image_hotspot.default\">\n\t\t\t\t<div class=\"elementor-widget-container\">\n\t\t\t\t\t\t\t<div class=\"wd-image-hotspot-wrapper hotspot-action-hover hotspot-icon-default color-scheme- wd-hotspot-static\">\n\t\t\t<div class=\"wd-image-hotspot-hotspots\">\n\t\t\t\t\t\t\t\t\t<img decoding=\"async\" class=\"wd-image-hotspot-img\" src=\"https:\/\/dev.beltafrajumar.com\/wp-content\/uploads\/2024\/04\/TAMO-butaca-4.jpg\" alt=\"TAMO butaca - Mobiliario Belt\u00e1 Frajumar\" title=\"TAMO butaca &#8211; Mobiliario Belt\u00e1 Frajumar\">\t\t\t\t\n\t\t\t\t\t\t\t\t\t\t\t\t\t\t<div class=\"wd-image-hotspot hotspot-type-product elementor-repeater-item-4776e7a\">\n\t\t\t\t\t\t<span class=\"hotspot-sonar\"><\/span>\n\t\t\t\t\t\t<div class=\"hotspot-btn wd-fill\"><\/div>\n\n\t\t\t\t\t\t\t\t\t\t\t\t\t<div class=\"hotspot-product hotspot-content wd-scroll hotspot-dropdown-top\">\n\t\t\t\t\t\t\t\t<div class=\"hotspot-content-image\">\n\t\t\t\t\t\t\t\t\t<a href=\"https:\/\/dev.beltafrajumar.com\/fr\/produit\/fres-tableau\/\">\n\t\t\t\t\t\t\t\t\t\t<img fetchpriority=\"high\" decoding=\"async\" width=\"600\" height=\"600\" src=\"https:\/\/dev.beltafrajumar.com\/wp-content\/uploads\/2024\/04\/FRES-mesa-600x600.jpg\" class=\"attachment-woocommerce_thumbnail size-woocommerce_thumbnail\" alt=\"Table FRES - Meubles Belt\u00e1 Frajumar\" srcset=\"https:\/\/dev.beltafrajumar.com\/wp-content\/uploads\/2024\/04\/FRES-mesa-600x600.jpg 600w, https:\/\/dev.beltafrajumar.com\/wp-content\/uploads\/2024\/04\/FRES-mesa-200x200.jpg 200w, https:\/\/dev.beltafrajumar.com\/wp-content\/uploads\/2024\/04\/FRES-mesa-700x700.jpg 700w, https:\/\/dev.beltafrajumar.com\/wp-content\/uploads\/2024\/04\/FRES-mesa-300x300.jpg 300w, https:\/\/dev.beltafrajumar.com\/wp-content\/uploads\/2024\/04\/FRES-mesa-150x150.jpg 150w, https:\/\/dev.beltafrajumar.com\/wp-content\/uploads\/2024\/04\/FRES-mesa-768x768.jpg 768w, https:\/\/dev.beltafrajumar.com\/wp-content\/uploads\/2024\/04\/FRES-mesa-1200x1200.jpg 1200w, https:\/\/dev.beltafrajumar.com\/wp-content\/uploads\/2024\/04\/FRES-mesa.jpg 1492w\" sizes=\"(max-width: 600px) 100vw, 600px\" \/>\t\t\t\t\t\t\t\t\t<\/a>\n\t\t\t\t\t\t\t\t<\/div>\n\t\t\t\t\t\t\t\t\n\t\t\t\t\t\t\t\t<h4 class=\"wd-entities-title\">\n\t\t\t\t\t\t\t\t\t<a href=\"https:\/\/dev.beltafrajumar.com\/fr\/produit\/fres-tableau\/\">\n\t\t\t\t\t\t\t\t\t\tFRES tableau\t\t\t\t\t\t\t\t\t<\/a>\n\t\t\t\t\t\t\t\t<\/h4>\n\t\t\t\t\t\t\t\t\n\t\t\t\t\t\t\t\t\t\t\t\t\t\t\t\t\t\t\t\t\t\t\t\t\t\t\t\t\t\t\t\t\t\n\t\t\t\t\t\t\t\t<div class=\"price\">\n\t\t\t\t\t\t\t\t\t<span class=\"woocommerce-Price-amount amount\"><bdi>503.36&nbsp;<span class=\"woocommerce-Price-currencySymbol\">&euro;<\/span><\/bdi><\/span>\t\t\t\t\t\t\t\t<\/div>\n\t\t\t\t\t\t\t\t\n\t\t\t\t\t\t\t\t<div class=\"hotspot-content-text wd-more-desc set-cont-mb-s reset-last-child\">\n\t\t\t\t\t\t\t\t\t<div class=\"wd-more-desc-inner\">\n\t\t\t\t\t\t\t\t\t\t<p class=\"p1\">La petite table d'appoint Fres est un design tr\u00e8s subtil, cr\u00e9\u00e9 avec une sensation de mouvement ludique, r\u00e9sultant en un \u00e9l\u00e9ment extr\u00eamement utile et flexible. Fres se d\u00e9place facilement dans une pi\u00e8ce, occupant un endroit parfait pour un livre ou une tasse de caf\u00e9, une table qui fonctionne dans des environnements bas\u00e9s sur des activit\u00e9s.<\/p>\n\t\t\t\t\t\t\t\t\t<\/div>\n\t\t\t\t\t\t\t\t\t<a href=\"#\" rel=\"nofollow\" class=\"wd-more-desc-btn\"  aria-label=\"Read more description button\"><span><\/span><\/a>\n\t\t\t\t\t\t\t\t<\/div>\n\t\t\t\t\t\t\t\t\n\t\t\t\t\t\t\t\t<a href=\"https:\/\/dev.beltafrajumar.com\/fr\/produit\/fres-tableau\/\" class=\"button product_type_simple add_to_cart_button\" data-product_id=\"24182\" rel=\"nofollow\">\n\t\t\t\t\t\t\t\t\tS\u00e9lectionner les options\t\t\t\t\t\t\t\t<\/a>\n\t\t\t\t\t\t\t<\/div>\n\t\t\t\t\t\t\t\t\t\t\t<\/div>\n\t\t\t\t\t\t\t\t\t\t\t\t\t\t<div class=\"wd-image-hotspot hotspot-type-product elementor-repeater-item-7da60e5\">\n\t\t\t\t\t\t<span class=\"hotspot-sonar\"><\/span>\n\t\t\t\t\t\t<div class=\"hotspot-btn wd-fill\"><\/div>\n\n\t\t\t\t\t\t\t\t\t\t\t\t\t<div class=\"hotspot-product hotspot-content wd-scroll hotspot-dropdown-top\">\n\t\t\t\t\t\t\t\t<div class=\"hotspot-content-image\">\n\t\t\t\t\t\t\t\t\t<a href=\"https:\/\/dev.beltafrajumar.com\/fr\/produit\/tamo-fauteuil-a-dossier-haut\/\">\n\t\t\t\t\t\t\t\t\t\t<img decoding=\"async\" width=\"600\" height=\"600\" src=\"https:\/\/dev.beltafrajumar.com\/wp-content\/uploads\/2024\/04\/TAMO-butaca-respaldo-alto-600x600.jpg\" class=\"attachment-woocommerce_thumbnail size-woocommerce_thumbnail\" alt=\"Fauteuil \u00e0 dossier haut TAMO - Mobiliario Belt\u00e1 Frajumar\" srcset=\"https:\/\/dev.beltafrajumar.com\/wp-content\/uploads\/2024\/04\/TAMO-butaca-respaldo-alto-600x600.jpg 600w, https:\/\/dev.beltafrajumar.com\/wp-content\/uploads\/2024\/04\/TAMO-butaca-respaldo-alto-200x200.jpg 200w, https:\/\/dev.beltafrajumar.com\/wp-content\/uploads\/2024\/04\/TAMO-butaca-respaldo-alto-700x700.jpg 700w, https:\/\/dev.beltafrajumar.com\/wp-content\/uploads\/2024\/04\/TAMO-butaca-respaldo-alto-300x300.jpg 300w, https:\/\/dev.beltafrajumar.com\/wp-content\/uploads\/2024\/04\/TAMO-butaca-respaldo-alto-150x150.jpg 150w, https:\/\/dev.beltafrajumar.com\/wp-content\/uploads\/2024\/04\/TAMO-butaca-respaldo-alto-768x768.jpg 768w, https:\/\/dev.beltafrajumar.com\/wp-content\/uploads\/2024\/04\/TAMO-butaca-respaldo-alto-1200x1200.jpg 1200w, https:\/\/dev.beltafrajumar.com\/wp-content\/uploads\/2024\/04\/TAMO-butaca-respaldo-alto.jpg 1492w\" sizes=\"(max-width: 600px) 100vw, 600px\" \/>\t\t\t\t\t\t\t\t\t<\/a>\n\t\t\t\t\t\t\t\t<\/div>\n\t\t\t\t\t\t\t\t\n\t\t\t\t\t\t\t\t<h4 class=\"wd-entities-title\">\n\t\t\t\t\t\t\t\t\t<a href=\"https:\/\/dev.beltafrajumar.com\/fr\/produit\/tamo-fauteuil-a-dossier-haut\/\">\n\t\t\t\t\t\t\t\t\t\tTAMO Fauteuil \u00e0 dossier haut\t\t\t\t\t\t\t\t\t<\/a>\n\t\t\t\t\t\t\t\t<\/h4>\n\t\t\t\t\t\t\t\t\n\t\t\t\t\t\t\t\t\t\t\t\t\t\t\t\t\t\t\t\t\t\t\t\t\t\t\t\t\t\t\t\t\t\n\t\t\t\t\t\t\t\t<div class=\"price\">\n\t\t\t\t\t\t\t\t\t<span class=\"woocommerce-Price-amount amount\"><bdi>1,092.63&nbsp;<span class=\"woocommerce-Price-currencySymbol\">&euro;<\/span><\/bdi><\/span>\t\t\t\t\t\t\t\t<\/div>\n\t\t\t\t\t\t\t\t\n\t\t\t\t\t\t\t\t<div class=\"hotspot-content-text wd-more-desc set-cont-mb-s reset-last-child\">\n\t\t\t\t\t\t\t\t\t<div class=\"wd-more-desc-inner\">\n\t\t\t\t\t\t\t\t\t\tTamo est un fauteuil confortable, d'apparence l\u00e9g\u00e8re, \u00e9l\u00e9gant et solide. C'est un si\u00e8ge d\u00e9contract\u00e9 qui rompt avec la rigidit\u00e9 du mat\u00e9riau m\u00e9tallique de sa structure gr\u00e2ce \u00e0 la convivialit\u00e9 du bois de ses accoudoirs et \u00e0 la douceur de son textile, apportant chaleur et confort aux espaces. \t\t\t\t\t\t\t\t\t<\/div>\n\t\t\t\t\t\t\t\t\t<a href=\"#\" rel=\"nofollow\" class=\"wd-more-desc-btn\"  aria-label=\"Read more description button\"><span><\/span><\/a>\n\t\t\t\t\t\t\t\t<\/div>\n\t\t\t\t\t\t\t\t\n\t\t\t\t\t\t\t\t<a href=\"https:\/\/dev.beltafrajumar.com\/fr\/produit\/tamo-fauteuil-a-dossier-haut\/\" class=\"button product_type_simple add_to_cart_button\" data-product_id=\"23338\" rel=\"nofollow\">\n\t\t\t\t\t\t\t\t\tS\u00e9lectionner les options\t\t\t\t\t\t\t\t<\/a>\n\t\t\t\t\t\t\t<\/div>\n\t\t\t\t\t\t\t\t\t\t\t<\/div>\n\t\t\t\t\t\t\t<\/div>\n\t\t<\/div>\n\t\t\t\t\t\t<\/div>\n\t\t\t\t<\/div>\n\t\t\t\t<div class=\"elementor-element elementor-element-5757312 elementor-widget elementor-widget-wd_image_hotspot\" data-id=\"5757312\" data-element_type=\"widget\" data-widget_type=\"wd_image_hotspot.default\">\n\t\t\t\t<div class=\"elementor-widget-container\">\n\t\t\t\t\t\t\t<div class=\"wd-image-hotspot-wrapper hotspot-action-hover hotspot-icon-default color-scheme- wd-hotspot-static\">\n\t\t\t<div class=\"wd-image-hotspot-hotspots\">\n\t\t\t\t\t\t\t\t\t<img decoding=\"async\" class=\"wd-image-hotspot-img\" src=\"https:\/\/dev.beltafrajumar.com\/wp-content\/uploads\/2024\/04\/TAMO-butaca-3.jpg\" alt=\"TAMO butaca - Mobiliario Belt\u00e1 Frajumar\" title=\"TAMO butaca &#8211; Mobiliario Belt\u00e1 Frajumar\">\t\t\t\t\n\t\t\t\t\t\t\t\t\t\t\t\t\t\t<div class=\"wd-image-hotspot hotspot-type-text elementor-repeater-item-4776e7a\">\n\t\t\t\t\t\t<span class=\"hotspot-sonar\"><\/span>\n\t\t\t\t\t\t<div class=\"hotspot-btn wd-fill\"><\/div>\n\n\t\t\t\t\t\t\t\t\t\t\t\t\t<div class=\"hotspot-text hotspot-content hotspot-dropdown-top\">\n\t\t\t\t\t\t\t\t<div class=\"hotspot-content-image\">\n\t\t\t\t\t\t\t\t\t\t\t\t\t\t\t\t\t<\/div>\n\t\t\t\t\t\t\t\t\n\t\t\t\t\t\t\t\t<h4 class=\"wd-entities-title\">\n\t\t\t\t\t\t\t\t\tMobilier d&#039;accueil Belt\u00e1 Frajumar\t\t\t\t\t\t\t\t<\/h4>\n\t\t\t\t\t\t\t\t\n\t\t\t\t\t\t\t\t<div class=\"hotspot-content-text set-cont-mb-s reset-last-child\">\n\t\t\t\t\t\t\t\t\tLorem ipsum dolor sit amet, consectetur adipiscing elit, sed do eiusmod tempor incididunt ut labore et dolore magna aliqua.\t\t\t\t\t\t\t\t<\/div>\n\n\t\t\t\t\t\t\t\t\t\t\t\t\t\t\t\t\t<a class=\"btn btn-color-primary btn-size-small\"  href=\"https:\/\/dev.beltafrajumar.com\/categoria-producto\/mobiliario-contract\/\">\n\t\t\t\t\t\t\t\t\t\tPlus de produits\t\t\t\t\t\t\t\t\t<\/a>\n\t\t\t\t\t\t\t\t\t\t\t\t\t\t\t<\/div>\n\t\t\t\t\t\t\t\t\t\t\t<\/div>\n\t\t\t\t\t\t\t\t\t\t\t\t\t\t<div class=\"wd-image-hotspot hotspot-type-product elementor-repeater-item-2bd1cf5\">\n\t\t\t\t\t\t<span class=\"hotspot-sonar\"><\/span>\n\t\t\t\t\t\t<div class=\"hotspot-btn wd-fill\"><\/div>\n\n\t\t\t\t\t\t\t\t\t\t\t\t\t<div class=\"hotspot-product hotspot-content wd-scroll hotspot-dropdown-top\">\n\t\t\t\t\t\t\t\t<div class=\"hotspot-content-image\">\n\t\t\t\t\t\t\t\t\t<a href=\"https:\/\/dev.beltafrajumar.com\/fr\/produit\/tamo-fauteuil\/\">\n\t\t\t\t\t\t\t\t\t\t<img decoding=\"async\" width=\"600\" height=\"600\" src=\"https:\/\/dev.beltafrajumar.com\/wp-content\/uploads\/2024\/04\/TAMO-butaca-600x600.jpg\" class=\"attachment-woocommerce_thumbnail size-woocommerce_thumbnail\" alt=\"TAMO fauteuil\" srcset=\"https:\/\/dev.beltafrajumar.com\/wp-content\/uploads\/2024\/04\/TAMO-butaca-600x600.jpg 600w, https:\/\/dev.beltafrajumar.com\/wp-content\/uploads\/2024\/04\/TAMO-butaca-200x200.jpg 200w, https:\/\/dev.beltafrajumar.com\/wp-content\/uploads\/2024\/04\/TAMO-butaca-700x700.jpg 700w, https:\/\/dev.beltafrajumar.com\/wp-content\/uploads\/2024\/04\/TAMO-butaca-300x300.jpg 300w, https:\/\/dev.beltafrajumar.com\/wp-content\/uploads\/2024\/04\/TAMO-butaca-150x150.jpg 150w, https:\/\/dev.beltafrajumar.com\/wp-content\/uploads\/2024\/04\/TAMO-butaca-768x768.jpg 768w, https:\/\/dev.beltafrajumar.com\/wp-content\/uploads\/2024\/04\/TAMO-butaca-1200x1200.jpg 1200w, https:\/\/dev.beltafrajumar.com\/wp-content\/uploads\/2024\/04\/TAMO-butaca.jpg 1492w\" sizes=\"(max-width: 600px) 100vw, 600px\" \/>\t\t\t\t\t\t\t\t\t<\/a>\n\t\t\t\t\t\t\t\t<\/div>\n\t\t\t\t\t\t\t\t\n\t\t\t\t\t\t\t\t<h4 class=\"wd-entities-title\">\n\t\t\t\t\t\t\t\t\t<a href=\"https:\/\/dev.beltafrajumar.com\/fr\/produit\/tamo-fauteuil\/\">\n\t\t\t\t\t\t\t\t\t\tTAMO fauteuil\t\t\t\t\t\t\t\t\t<\/a>\n\t\t\t\t\t\t\t\t<\/h4>\n\t\t\t\t\t\t\t\t\n\t\t\t\t\t\t\t\t\t\t\t\t\t\t\t\t\t\t\t\t\t\t\t\t\t\t\t\t\t\t\t\t\t\n\t\t\t\t\t\t\t\t<div class=\"price\">\n\t\t\t\t\t\t\t\t\t<span class=\"woocommerce-Price-amount amount\"><bdi>1,006.72&nbsp;<span class=\"woocommerce-Price-currencySymbol\">&euro;<\/span><\/bdi><\/span>\t\t\t\t\t\t\t\t<\/div>\n\t\t\t\t\t\t\t\t\n\t\t\t\t\t\t\t\t<div class=\"hotspot-content-text wd-more-desc set-cont-mb-s reset-last-child\">\n\t\t\t\t\t\t\t\t\t<div class=\"wd-more-desc-inner\">\n\t\t\t\t\t\t\t\t\t\tTamo est un fauteuil confortable, d'apparence l\u00e9g\u00e8re, \u00e9l\u00e9gant et solide. C'est un si\u00e8ge d\u00e9contract\u00e9 qui rompt avec la rigidit\u00e9 du mat\u00e9riau m\u00e9tallique de sa structure gr\u00e2ce \u00e0 la convivialit\u00e9 du bois de ses accoudoirs et \u00e0 la douceur de son textile, apportant chaleur et confort aux espaces. \t\t\t\t\t\t\t\t\t<\/div>\n\t\t\t\t\t\t\t\t\t<a href=\"#\" rel=\"nofollow\" class=\"wd-more-desc-btn\"  aria-label=\"Read more description button\"><span><\/span><\/a>\n\t\t\t\t\t\t\t\t<\/div>\n\t\t\t\t\t\t\t\t\n\t\t\t\t\t\t\t\t<a href=\"https:\/\/dev.beltafrajumar.com\/fr\/produit\/tamo-fauteuil\/\" class=\"button product_type_simple add_to_cart_button\" data-product_id=\"24242\" rel=\"nofollow\">\n\t\t\t\t\t\t\t\t\tS\u00e9lectionner les options\t\t\t\t\t\t\t\t<\/a>\n\t\t\t\t\t\t\t<\/div>\n\t\t\t\t\t\t\t\t\t\t\t<\/div>\n\t\t\t\t\t\t\t\t\t\t\t\t\t\t<div class=\"wd-image-hotspot hotspot-type-product elementor-repeater-item-90420fa\">\n\t\t\t\t\t\t<span class=\"hotspot-sonar\"><\/span>\n\t\t\t\t\t\t<div class=\"hotspot-btn wd-fill\"><\/div>\n\n\t\t\t\t\t\t\t\t\t\t\t\t\t<div class=\"hotspot-product hotspot-content wd-scroll hotspot-dropdown-left\">\n\t\t\t\t\t\t\t\t<div class=\"hotspot-content-image\">\n\t\t\t\t\t\t\t\t\t<a href=\"https:\/\/dev.beltafrajumar.com\/fr\/produit\/fres-tableau\/\">\n\t\t\t\t\t\t\t\t\t\t<img fetchpriority=\"high\" decoding=\"async\" width=\"600\" height=\"600\" src=\"https:\/\/dev.beltafrajumar.com\/wp-content\/uploads\/2024\/04\/FRES-mesa-600x600.jpg\" class=\"attachment-woocommerce_thumbnail size-woocommerce_thumbnail\" alt=\"Table FRES - Meubles Belt\u00e1 Frajumar\" srcset=\"https:\/\/dev.beltafrajumar.com\/wp-content\/uploads\/2024\/04\/FRES-mesa-600x600.jpg 600w, https:\/\/dev.beltafrajumar.com\/wp-content\/uploads\/2024\/04\/FRES-mesa-200x200.jpg 200w, https:\/\/dev.beltafrajumar.com\/wp-content\/uploads\/2024\/04\/FRES-mesa-700x700.jpg 700w, https:\/\/dev.beltafrajumar.com\/wp-content\/uploads\/2024\/04\/FRES-mesa-300x300.jpg 300w, https:\/\/dev.beltafrajumar.com\/wp-content\/uploads\/2024\/04\/FRES-mesa-150x150.jpg 150w, https:\/\/dev.beltafrajumar.com\/wp-content\/uploads\/2024\/04\/FRES-mesa-768x768.jpg 768w, https:\/\/dev.beltafrajumar.com\/wp-content\/uploads\/2024\/04\/FRES-mesa-1200x1200.jpg 1200w, https:\/\/dev.beltafrajumar.com\/wp-content\/uploads\/2024\/04\/FRES-mesa.jpg 1492w\" sizes=\"(max-width: 600px) 100vw, 600px\" \/>\t\t\t\t\t\t\t\t\t<\/a>\n\t\t\t\t\t\t\t\t<\/div>\n\t\t\t\t\t\t\t\t\n\t\t\t\t\t\t\t\t<h4 class=\"wd-entities-title\">\n\t\t\t\t\t\t\t\t\t<a href=\"https:\/\/dev.beltafrajumar.com\/fr\/produit\/fres-tableau\/\">\n\t\t\t\t\t\t\t\t\t\tFRES tableau\t\t\t\t\t\t\t\t\t<\/a>\n\t\t\t\t\t\t\t\t<\/h4>\n\t\t\t\t\t\t\t\t\n\t\t\t\t\t\t\t\t\t\t\t\t\t\t\t\t\t\t\t\t\t\t\t\t\t\t\t\t\t\t\t\t\t\n\t\t\t\t\t\t\t\t<div class=\"price\">\n\t\t\t\t\t\t\t\t\t<span class=\"woocommerce-Price-amount amount\"><bdi>503.36&nbsp;<span class=\"woocommerce-Price-currencySymbol\">&euro;<\/span><\/bdi><\/span>\t\t\t\t\t\t\t\t<\/div>\n\t\t\t\t\t\t\t\t\n\t\t\t\t\t\t\t\t<div class=\"hotspot-content-text wd-more-desc set-cont-mb-s reset-last-child\">\n\t\t\t\t\t\t\t\t\t<div class=\"wd-more-desc-inner\">\n\t\t\t\t\t\t\t\t\t\t<p class=\"p1\">La petite table d'appoint Fres est un design tr\u00e8s subtil, cr\u00e9\u00e9 avec une sensation de mouvement ludique, r\u00e9sultant en un \u00e9l\u00e9ment extr\u00eamement utile et flexible. Fres se d\u00e9place facilement dans une pi\u00e8ce, occupant un endroit parfait pour un livre ou une tasse de caf\u00e9, une table qui fonctionne dans des environnements bas\u00e9s sur des activit\u00e9s.<\/p>\n\t\t\t\t\t\t\t\t\t<\/div>\n\t\t\t\t\t\t\t\t\t<a href=\"#\" rel=\"nofollow\" class=\"wd-more-desc-btn\"  aria-label=\"Read more description button\"><span><\/span><\/a>\n\t\t\t\t\t\t\t\t<\/div>\n\t\t\t\t\t\t\t\t\n\t\t\t\t\t\t\t\t<a href=\"https:\/\/dev.beltafrajumar.com\/fr\/produit\/fres-tableau\/\" class=\"button product_type_simple add_to_cart_button\" data-product_id=\"24182\" rel=\"nofollow\">\n\t\t\t\t\t\t\t\t\tS\u00e9lectionner les options\t\t\t\t\t\t\t\t<\/a>\n\t\t\t\t\t\t\t<\/div>\n\t\t\t\t\t\t\t\t\t\t\t<\/div>\n\t\t\t\t\t\t\t<\/div>\n\t\t<\/div>\n\t\t\t\t\t\t<\/div>\n\t\t\t\t<\/div>\n\t\t\t\t\t<\/div>\n\t\t\t\t<\/div>\n\t\t\t\t<\/div>\n\t\t","protected":false},"excerpt":{"rendered":"<p>La chaise Tamo est une pi\u00e8ce au caract\u00e8re d\u00e9contract\u00e9, l\u00e9ger et tr\u00e8s \u00e9l\u00e9gant. Structure en m\u00e9tal et lignes douces qui en font une chaise d&rsquo;une grande r\u00e9sistance et confort. [html_block id=\"5080\"]<\/p>\n","protected":false},"featured_media":15957,"comment_status":"closed","ping_status":"closed","template":"","meta":{"_acf_changed":false},"product_brand":[],"product_cat":[920,929,924],"product_tag":[2349,938,1357],"class_list":{"0":"post-23520","1":"product","2":"type-product","3":"status-publish","4":"has-post-thumbnail","6":"product_cat-chaises-hotel","7":"product_cat-chaises-maison","8":"product_cat-mobilier-maison","9":"product_tag-novembre","10":"product_tag-ventes-en-ligne","11":"product_tag-vicente-gallega-fr","12":"wcpa_has_options","14":"first","15":"instock","16":"taxable","17":"shipping-taxable","18":"purchasable","19":"product-type-simple"},"acf":[],"yoast_head":"<!-- This site is optimized with the Yoast SEO Premium plugin v24.2 (Yoast SEO v25.3.1) - https:\/\/yoast.com\/wordpress\/plugins\/seo\/ -->\n<title>TAMO chaise \u00e0 dossier haut | \u00c9l\u00e9gance d\u00e9contract\u00e9e | Belta Frajumar<\/title>\n<meta name=\"description\" content=\"La chaise Tamo \u00e0 dossier haut con\u00e7ue par Vicente Gallega offre distinction et \u00e9l\u00e9gance, id\u00e9ale pour les int\u00e9rieurs qui recherchent une touche d\u00e9contract\u00e9e.\" \/>\n<meta name=\"robots\" content=\"noindex, follow, max-snippet:-1, max-image-preview:large, max-video-preview:-1\" \/>\n<meta property=\"og:locale\" content=\"fr_FR\" \/>\n<meta property=\"og:type\" content=\"article\" \/>\n<meta property=\"og:title\" content=\"TAMO chaise \u00e0 dossier haut\" \/>\n<meta property=\"og:description\" content=\"La chaise Tamo \u00e0 dossier haut con\u00e7ue par Vicente Gallega offre distinction et \u00e9l\u00e9gance, id\u00e9ale pour les int\u00e9rieurs qui recherchent une touche d\u00e9contract\u00e9e.\" \/>\n<meta property=\"og:url\" content=\"https:\/\/dev.beltafrajumar.com\/fr\/produit\/tamo-chaise-a-dossier-haut\/\" \/>\n<meta property=\"og:site_name\" content=\"Belt\u00e1 Frajumar\" \/>\n<meta property=\"article:modified_time\" content=\"2024-10-01T10:19:02+00:00\" \/>\n<meta property=\"og:image\" content=\"https:\/\/dev.beltafrajumar.com\/wp-content\/uploads\/2024\/04\/TAMO-silla-respaldo-alto-1.png\" \/>\n\t<meta property=\"og:image:width\" content=\"1080\" \/>\n\t<meta property=\"og:image:height\" content=\"1080\" \/>\n\t<meta property=\"og:image:type\" content=\"image\/png\" \/>\n<meta name=\"twitter:card\" content=\"summary_large_image\" \/>\n<meta name=\"twitter:label1\" content=\"Dur\u00e9e de lecture estim\u00e9e\" \/>\n\t<meta name=\"twitter:data1\" content=\"1 minute\" \/>\n<script type=\"application\/ld+json\" class=\"yoast-schema-graph\">{\"@context\":\"https:\/\/schema.org\",\"@graph\":[{\"@type\":\"WebPage\",\"@id\":\"https:\/\/dev.beltafrajumar.com\/fr\/produit\/tamo-chaise-a-dossier-haut\/\",\"url\":\"https:\/\/dev.beltafrajumar.com\/fr\/produit\/tamo-chaise-a-dossier-haut\/\",\"name\":\"TAMO chaise \u00e0 dossier haut | \u00c9l\u00e9gance d\u00e9contract\u00e9e | Belta Frajumar\",\"isPartOf\":{\"@id\":\"https:\/\/dev.beltafrajumar.com\/fr\/#website\"},\"primaryImageOfPage\":{\"@id\":\"https:\/\/dev.beltafrajumar.com\/fr\/produit\/tamo-chaise-a-dossier-haut\/#primaryimage\"},\"image\":{\"@id\":\"https:\/\/dev.beltafrajumar.com\/fr\/produit\/tamo-chaise-a-dossier-haut\/#primaryimage\"},\"thumbnailUrl\":\"https:\/\/dev.beltafrajumar.com\/wp-content\/uploads\/2024\/04\/TAMO-silla-respaldo-alto-1.png\",\"datePublished\":\"2024-04-04T14:49:17+00:00\",\"dateModified\":\"2024-10-01T10:19:02+00:00\",\"description\":\"La chaise Tamo \u00e0 dossier haut con\u00e7ue par Vicente Gallega offre distinction et \u00e9l\u00e9gance, id\u00e9ale pour les int\u00e9rieurs qui recherchent une touche d\u00e9contract\u00e9e.\",\"breadcrumb\":{\"@id\":\"https:\/\/dev.beltafrajumar.com\/fr\/produit\/tamo-chaise-a-dossier-haut\/#breadcrumb\"},\"inLanguage\":\"fr-FR\",\"potentialAction\":[{\"@type\":\"ReadAction\",\"target\":[\"https:\/\/dev.beltafrajumar.com\/fr\/produit\/tamo-chaise-a-dossier-haut\/\"]}]},{\"@type\":\"ImageObject\",\"inLanguage\":\"fr-FR\",\"@id\":\"https:\/\/dev.beltafrajumar.com\/fr\/produit\/tamo-chaise-a-dossier-haut\/#primaryimage\",\"url\":\"https:\/\/dev.beltafrajumar.com\/wp-content\/uploads\/2024\/04\/TAMO-silla-respaldo-alto-1.png\",\"contentUrl\":\"https:\/\/dev.beltafrajumar.com\/wp-content\/uploads\/2024\/04\/TAMO-silla-respaldo-alto-1.png\",\"width\":1080,\"height\":1080,\"caption\":\"Chaise \u00e0 dossier haut TAMO - Mobiliario Belt\u00e1 Frajumar\"},{\"@type\":\"BreadcrumbList\",\"@id\":\"https:\/\/dev.beltafrajumar.com\/fr\/produit\/tamo-chaise-a-dossier-haut\/#breadcrumb\",\"itemListElement\":[{\"@type\":\"ListItem\",\"position\":1,\"name\":\"Portada\",\"item\":\"https:\/\/dev.beltafrajumar.com\/fr\/\"},{\"@type\":\"ListItem\",\"position\":2,\"name\":\"Magasin de meubles sur mesure\",\"item\":\"https:\/\/dev.beltafrajumar.com\/tienda\/\"},{\"@type\":\"ListItem\",\"position\":3,\"name\":\"TAMO chaise \u00e0 dossier haut\"}]},{\"@type\":\"WebSite\",\"@id\":\"https:\/\/dev.beltafrajumar.com\/fr\/#website\",\"url\":\"https:\/\/dev.beltafrajumar.com\/fr\/\",\"name\":\"Belt\u00e1 Frajumar\",\"description\":\"Calidad, Dise\u00f1o y Decoraci\u00f3n de Interiores en Mobiliario Hospitality y Living\",\"publisher\":{\"@id\":\"https:\/\/dev.beltafrajumar.com\/fr\/#organization\"},\"alternateName\":\"Fabricante de mobiliario Hospitality y Living\",\"potentialAction\":[{\"@type\":\"SearchAction\",\"target\":{\"@type\":\"EntryPoint\",\"urlTemplate\":\"https:\/\/dev.beltafrajumar.com\/fr\/?s={search_term_string}\"},\"query-input\":{\"@type\":\"PropertyValueSpecification\",\"valueRequired\":true,\"valueName\":\"search_term_string\"}}],\"inLanguage\":\"fr-FR\"},{\"@type\":\"Organization\",\"@id\":\"https:\/\/dev.beltafrajumar.com\/fr\/#organization\",\"name\":\"Belt\u00e1 Frajumar\",\"alternateName\":\"Fabricant de meubles exclusif Belt\u00e1 Frajumar\",\"url\":\"https:\/\/dev.beltafrajumar.com\/fr\/\",\"logo\":{\"@type\":\"ImageObject\",\"inLanguage\":\"fr-FR\",\"@id\":\"https:\/\/dev.beltafrajumar.com\/fr\/#\/schema\/logo\/image\/\",\"url\":\"https:\/\/dev.beltafrajumar.com\/wp-content\/uploads\/2024\/10\/Logotipo-Belta-Frajumar-patrocinador-de-InterCIDEC-1.jpg\",\"contentUrl\":\"https:\/\/dev.beltafrajumar.com\/wp-content\/uploads\/2024\/10\/Logotipo-Belta-Frajumar-patrocinador-de-InterCIDEC-1.jpg\",\"width\":1080,\"height\":1080,\"caption\":\"Belt\u00e1 Frajumar\"},\"image\":{\"@id\":\"https:\/\/dev.beltafrajumar.com\/fr\/#\/schema\/logo\/image\/\"}}]}<\/script>\n<!-- \/ Yoast SEO Premium plugin. -->","yoast_head_json":{"title":"TAMO chaise \u00e0 dossier haut | \u00c9l\u00e9gance d\u00e9contract\u00e9e | Belta Frajumar","description":"La chaise Tamo \u00e0 dossier haut con\u00e7ue par Vicente Gallega offre distinction et \u00e9l\u00e9gance, id\u00e9ale pour les int\u00e9rieurs qui recherchent une touche d\u00e9contract\u00e9e.","robots":{"index":"noindex","follow":"follow","max-snippet":"max-snippet:-1","max-image-preview":"max-image-preview:large","max-video-preview":"max-video-preview:-1"},"og_locale":"fr_FR","og_type":"article","og_title":"TAMO chaise \u00e0 dossier haut","og_description":"La chaise Tamo \u00e0 dossier haut con\u00e7ue par Vicente Gallega offre distinction et \u00e9l\u00e9gance, id\u00e9ale pour les int\u00e9rieurs qui recherchent une touche d\u00e9contract\u00e9e.","og_url":"https:\/\/dev.beltafrajumar.com\/fr\/produit\/tamo-chaise-a-dossier-haut\/","og_site_name":"Belt\u00e1 Frajumar","article_modified_time":"2024-10-01T10:19:02+00:00","og_image":[{"width":1080,"height":1080,"url":"https:\/\/dev.beltafrajumar.com\/wp-content\/uploads\/2024\/04\/TAMO-silla-respaldo-alto-1.png","type":"image\/png"}],"twitter_card":"summary_large_image","twitter_misc":{"Dur\u00e9e de lecture estim\u00e9e":"1 minute"},"schema":{"@context":"https:\/\/schema.org","@graph":[{"@type":"WebPage","@id":"https:\/\/dev.beltafrajumar.com\/fr\/produit\/tamo-chaise-a-dossier-haut\/","url":"https:\/\/dev.beltafrajumar.com\/fr\/produit\/tamo-chaise-a-dossier-haut\/","name":"TAMO chaise \u00e0 dossier haut | \u00c9l\u00e9gance d\u00e9contract\u00e9e | Belta Frajumar","isPartOf":{"@id":"https:\/\/dev.beltafrajumar.com\/fr\/#website"},"primaryImageOfPage":{"@id":"https:\/\/dev.beltafrajumar.com\/fr\/produit\/tamo-chaise-a-dossier-haut\/#primaryimage"},"image":{"@id":"https:\/\/dev.beltafrajumar.com\/fr\/produit\/tamo-chaise-a-dossier-haut\/#primaryimage"},"thumbnailUrl":"https:\/\/dev.beltafrajumar.com\/wp-content\/uploads\/2024\/04\/TAMO-silla-respaldo-alto-1.png","datePublished":"2024-04-04T14:49:17+00:00","dateModified":"2024-10-01T10:19:02+00:00","description":"La chaise Tamo \u00e0 dossier haut con\u00e7ue par Vicente Gallega offre distinction et \u00e9l\u00e9gance, id\u00e9ale pour les int\u00e9rieurs qui recherchent une touche d\u00e9contract\u00e9e.","breadcrumb":{"@id":"https:\/\/dev.beltafrajumar.com\/fr\/produit\/tamo-chaise-a-dossier-haut\/#breadcrumb"},"inLanguage":"fr-FR","potentialAction":[{"@type":"ReadAction","target":["https:\/\/dev.beltafrajumar.com\/fr\/produit\/tamo-chaise-a-dossier-haut\/"]}]},{"@type":"ImageObject","inLanguage":"fr-FR","@id":"https:\/\/dev.beltafrajumar.com\/fr\/produit\/tamo-chaise-a-dossier-haut\/#primaryimage","url":"https:\/\/dev.beltafrajumar.com\/wp-content\/uploads\/2024\/04\/TAMO-silla-respaldo-alto-1.png","contentUrl":"https:\/\/dev.beltafrajumar.com\/wp-content\/uploads\/2024\/04\/TAMO-silla-respaldo-alto-1.png","width":1080,"height":1080,"caption":"Chaise \u00e0 dossier haut TAMO - Mobiliario Belt\u00e1 Frajumar"},{"@type":"BreadcrumbList","@id":"https:\/\/dev.beltafrajumar.com\/fr\/produit\/tamo-chaise-a-dossier-haut\/#breadcrumb","itemListElement":[{"@type":"ListItem","position":1,"name":"Portada","item":"https:\/\/dev.beltafrajumar.com\/fr\/"},{"@type":"ListItem","position":2,"name":"Magasin de meubles sur mesure","item":"https:\/\/dev.beltafrajumar.com\/tienda\/"},{"@type":"ListItem","position":3,"name":"TAMO chaise \u00e0 dossier haut"}]},{"@type":"WebSite","@id":"https:\/\/dev.beltafrajumar.com\/fr\/#website","url":"https:\/\/dev.beltafrajumar.com\/fr\/","name":"Belt\u00e1 Frajumar","description":"Calidad, Dise\u00f1o y Decoraci\u00f3n de Interiores en Mobiliario Hospitality y Living","publisher":{"@id":"https:\/\/dev.beltafrajumar.com\/fr\/#organization"},"alternateName":"Fabricante de mobiliario Hospitality y Living","potentialAction":[{"@type":"SearchAction","target":{"@type":"EntryPoint","urlTemplate":"https:\/\/dev.beltafrajumar.com\/fr\/?s={search_term_string}"},"query-input":{"@type":"PropertyValueSpecification","valueRequired":true,"valueName":"search_term_string"}}],"inLanguage":"fr-FR"},{"@type":"Organization","@id":"https:\/\/dev.beltafrajumar.com\/fr\/#organization","name":"Belt\u00e1 Frajumar","alternateName":"Fabricant de meubles exclusif Belt\u00e1 Frajumar","url":"https:\/\/dev.beltafrajumar.com\/fr\/","logo":{"@type":"ImageObject","inLanguage":"fr-FR","@id":"https:\/\/dev.beltafrajumar.com\/fr\/#\/schema\/logo\/image\/","url":"https:\/\/dev.beltafrajumar.com\/wp-content\/uploads\/2024\/10\/Logotipo-Belta-Frajumar-patrocinador-de-InterCIDEC-1.jpg","contentUrl":"https:\/\/dev.beltafrajumar.com\/wp-content\/uploads\/2024\/10\/Logotipo-Belta-Frajumar-patrocinador-de-InterCIDEC-1.jpg","width":1080,"height":1080,"caption":"Belt\u00e1 Frajumar"},"image":{"@id":"https:\/\/dev.beltafrajumar.com\/fr\/#\/schema\/logo\/image\/"}}]}},"wcpa_form_fields":{"wcpaData":{"product":{"product_price":828.85,"price_html":"<span class=\"woocommerce-Price-amount amount\"><bdi>828.85&nbsp;<span class=\"woocommerce-Price-currencySymbol\">&euro;<\/span><\/bdi><\/span>","original_product_price":828.85,"price_including_tax":828.85,"price_excluding_tax":685,"product_id":{"parent":23520,"variation":false},"is_variable":false,"stock_status":"instock","stock_quantity":null,"parent_sku":"212SA","product_attributes":{"pa_acabado-en-tela":{"is_variation":false,"values":["2-2397-fr","2-2398-fr","2-2399-fr","2-2400-fr","2-4644-fr","2-4645-fr","3-6740-fr","3-6821-fr","3-6823-fr"]},"pa_acabado-metal":{"is_variation":false,"values":["noir","blanc","cuivre","nickel-noir"]}},"custom_fields":[],"is_taxable":true,"product_name":"TAMO chaise \u00e0 dossier haut","hasImage":false},"fields":{"sec_3672217d06623a":{"extra":{"key":"sec_3672217d06623a","section_id":"sec_3672217d06623a","name":"Opci\u00f3n Tapizado","status":1,"cl_rule":"show","enableCl":false,"relations":[],"toggle":true,"title_tag":"h3","show_title":false,"showPrice":"default","form_id":32001,"form_rules":{"exclude_from_discount":false,"fee_label":"Fee","disp_hide_options_price":true,"disp_show_section_price":false,"disp_show_field_price":false,"layout_option":"standard","pric_use_as_fee":false,"process_fee_as":"woo_fee"},"layout_option":"standard"},"fields":[[{"label":"Elige Tela (Imagen Ampliable)","active":true,"required":true,"elementId":"image-group_8672217d066256","name":"image-group_8672217d066256","label_position":"default","desc_position":"default","enablePrice":true,"className":"","enableCl":false,"relations":false,"layOut":"inline","disp_size_img":{"width":"60","height":"60"},"enable_popup":"all","disp_type":"square","img_selection_type":"outline","multiple":false,"values":[{"label":"Gris S2-2397","value":"S2-2397","selected":false,"image":"https:\/\/dev.beltafrajumar.com\/wp-content\/uploads\/2024\/12\/S2-2397-AC21-Gris.jpg","thumb":"https:\/\/dev.beltafrajumar.com\/wp-content\/uploads\/2024\/12\/S2-2397-AC21-Gris-150x150.jpg","tempId":"aco_635","image_id":34562,"price":"0","thumb_src":"https:\/\/dev.beltafrajumar.com\/wp-content\/uploads\/2024\/12\/S2-2397-AC21-Gris-150x150.jpg","gt_translate_keys":["label"]},{"label":"Gris Plata S2-2398","value":"S2-2398","selected":false,"image":"https:\/\/dev.beltafrajumar.com\/wp-content\/uploads\/2024\/12\/S2-2398-AC112-Gris-Plata-AquaClean-Mystic.jpg","thumb":"https:\/\/dev.beltafrajumar.com\/wp-content\/uploads\/2024\/12\/S2-2398-AC112-Gris-Plata-AquaClean-Mystic-150x150.jpg","tempId":"aco_636","image_id":34565,"price":"0","thumb_src":"https:\/\/dev.beltafrajumar.com\/wp-content\/uploads\/2024\/12\/S2-2398-AC112-Gris-Plata-AquaClean-Mystic-150x150.jpg","gt_translate_keys":["label"]},{"label":"Tierra S2-2399","value":"S2-2399","selected":false,"image":"https:\/\/dev.beltafrajumar.com\/wp-content\/uploads\/2024\/12\/S2-2399-AC250-Tierra-AquaClean-Mystic.jpg","thumb":"https:\/\/dev.beltafrajumar.com\/wp-content\/uploads\/2024\/12\/S2-2399-AC250-Tierra-AquaClean-Mystic-150x150.jpg","tempId":"aco_1143","image_id":34568,"price":"0","thumb_src":"https:\/\/dev.beltafrajumar.com\/wp-content\/uploads\/2024\/12\/S2-2399-AC250-Tierra-AquaClean-Mystic-150x150.jpg","gt_translate_keys":["label"]},{"label":"Crudo S2-2400","value":"S2-2400","selected":false,"image":"https:\/\/dev.beltafrajumar.com\/wp-content\/uploads\/2024\/12\/S2-2440-AC324-Crudo-AquaClean-Mystic.jpg","thumb":"https:\/\/dev.beltafrajumar.com\/wp-content\/uploads\/2024\/12\/S2-2440-AC324-Crudo-AquaClean-Mystic-150x150.jpg","tempId":"aco_1156","image_id":34571,"price":"0","thumb_src":"https:\/\/dev.beltafrajumar.com\/wp-content\/uploads\/2024\/12\/S2-2440-AC324-Crudo-AquaClean-Mystic-150x150.jpg","gt_translate_keys":["label"]},{"label":"Blanco S2-4644","value":"S2-4644","selected":false,"image":"https:\/\/dev.beltafrajumar.com\/wp-content\/uploads\/2024\/12\/S2-4644-AC01-Blanco-AquaClean-Mystic.jpg","thumb":"https:\/\/dev.beltafrajumar.com\/wp-content\/uploads\/2024\/12\/S2-4644-AC01-Blanco-AquaClean-Mystic-150x150.jpg","tempId":"aco_1940","image_id":34574,"price":"0","thumb_src":"https:\/\/dev.beltafrajumar.com\/wp-content\/uploads\/2024\/12\/S2-4644-AC01-Blanco-AquaClean-Mystic-150x150.jpg","gt_translate_keys":["label"]},{"label":"Crema S2-4645","value":"S2-4645","selected":false,"image":"https:\/\/dev.beltafrajumar.com\/wp-content\/uploads\/2024\/12\/S2-4644-AC50-Crema-AquaClean-Mystic.jpg","thumb":"https:\/\/dev.beltafrajumar.com\/wp-content\/uploads\/2024\/12\/S2-4644-AC50-Crema-AquaClean-Mystic-150x150.jpg","tempId":"aco_1953","image_id":34577,"price":"0","thumb_src":"https:\/\/dev.beltafrajumar.com\/wp-content\/uploads\/2024\/12\/S2-4644-AC50-Crema-AquaClean-Mystic-150x150.jpg","gt_translate_keys":["label"]},{"label":"Natural S3-6740","value":"S3-6740","selected":false,"image":"https:\/\/dev.beltafrajumar.com\/wp-content\/uploads\/2024\/12\/S3-6740-Natural-DESERT-9700-.jpg","thumb":"https:\/\/dev.beltafrajumar.com\/wp-content\/uploads\/2024\/12\/S3-6740-Natural-DESERT-9700--150x150.jpg","tempId":"aco_1966","image_id":34580,"price":"25","thumb_src":"https:\/\/dev.beltafrajumar.com\/wp-content\/uploads\/2024\/12\/S3-6740-Natural-DESERT-9700--150x150.jpg","gt_translate_keys":["label"]},{"label":"Beige S3-6821","value":"S3-6821","selected":false,"image":"https:\/\/dev.beltafrajumar.com\/wp-content\/uploads\/2024\/12\/S3-6821-Beige-NOAH-05-CREVIN.jpg","thumb":"https:\/\/dev.beltafrajumar.com\/wp-content\/uploads\/2024\/12\/S3-6821-Beige-NOAH-05-CREVIN-150x150.jpg","tempId":"aco_2015","image_id":34583,"price":"55","thumb_src":"https:\/\/dev.beltafrajumar.com\/wp-content\/uploads\/2024\/12\/S3-6821-Beige-NOAH-05-CREVIN-150x150.jpg","gt_translate_keys":["label"]},{"label":"Tostado S3-6823","value":"S3-6823","selected":false,"image":"https:\/\/dev.beltafrajumar.com\/wp-content\/uploads\/2024\/12\/S3-6823-Tostado-NOAH-08-CREVIN.jpg","thumb":"https:\/\/dev.beltafrajumar.com\/wp-content\/uploads\/2024\/12\/S3-6823-Tostado-NOAH-08-CREVIN-150x150.jpg","tempId":"aco_2028","image_id":34586,"price":"55","thumb_src":"https:\/\/dev.beltafrajumar.com\/wp-content\/uploads\/2024\/12\/S3-6823-Tostado-NOAH-08-CREVIN-150x150.jpg","gt_translate_keys":["label"]}],"priceOptions":"different_for_all","pricingType":"fixed","price":"","cl_rule":"show","col":6,"type":"image-group","error":false,"img_preview":true,"img_preview_disable_mobile":false,"scrollBar":false,"other":false,"description":"","tooltip":"","gt_translate_keys":["label","description","tooltip"],"price_dependency":false,"cl_dependency":false,"value":""}]]},"sec_9678e49f868b09":{"extra":{"key":"sec_9678e49f868b09","section_id":"sec_9678e49f868b09","name":"Elige Opciones TAMO","status":1,"cl_rule":"show","enableCl":false,"relations":[],"toggle":true,"title_tag":"h3","show_title":false,"showPrice":"default","form_id":35571,"form_rules":{"exclude_from_discount":false,"fee_label":"Fee","disp_hide_options_price":true,"disp_show_section_price":false,"disp_show_field_price":false,"layout_option":"standard","pric_use_as_fee":false,"process_fee_as":"woo_fee"},"layout_option":"standard"},"fields":[[{"label":"Elige Estructura Metal (Imagen Ampliable)","active":true,"required":true,"elementId":"image-group_8678e49f868b1b","name":"image-group_8678e49f868b1b","label_position":"default","desc_position":"default","enablePrice":true,"className":"","enableCl":false,"relations":false,"layOut":"inline","disp_size_img":{"width":"60","height":"60"},"enable_popup":"all","disp_type":"square","img_selection_type":"outline","multiple":false,"values":[{"label":"Negro","value":"Negro","selected":false,"image":"https:\/\/dev.beltafrajumar.com\/wp-content\/uploads\/2024\/04\/Negro.jpg","thumb":"https:\/\/dev.beltafrajumar.com\/wp-content\/uploads\/2024\/04\/Negro-150x150.jpg","tempId":"aco_636","image_id":4065,"price":"0","thumb_src":"https:\/\/dev.beltafrajumar.com\/wp-content\/uploads\/2024\/04\/Negro-150x150.jpg","gt_translate_keys":["label"]},{"label":"Blanco","value":"Blanco","selected":false,"image":"https:\/\/dev.beltafrajumar.com\/wp-content\/uploads\/2024\/04\/Blanco-1.jpg","thumb":"https:\/\/dev.beltafrajumar.com\/wp-content\/uploads\/2024\/04\/Blanco-1-150x150.jpg","tempId":"aco_1193","image_id":4049,"price":"0","thumb_src":"https:\/\/dev.beltafrajumar.com\/wp-content\/uploads\/2024\/04\/Blanco-1-150x150.jpg","gt_translate_keys":["label"]},{"label":"Cobre","value":"Cobre","selected":false,"image":"https:\/\/dev.beltafrajumar.com\/wp-content\/uploads\/2024\/04\/Cobre.jpg","thumb":"https:\/\/dev.beltafrajumar.com\/wp-content\/uploads\/2024\/04\/Cobre-150x150.jpg","tempId":"aco_635","image_id":4054,"price":"40","thumb_src":"https:\/\/dev.beltafrajumar.com\/wp-content\/uploads\/2024\/04\/Cobre-150x150.jpg","gt_translate_keys":["label"]},{"label":"Niquel-Negro","value":"Niquel-Negro","selected":false,"image":"https:\/\/dev.beltafrajumar.com\/wp-content\/uploads\/2024\/04\/Niquel-Oscuro.jpg","thumb":"https:\/\/dev.beltafrajumar.com\/wp-content\/uploads\/2024\/04\/Niquel-Oscuro-150x150.jpg","tempId":"aco_1337","image_id":4069,"price":"40","thumb_src":"https:\/\/dev.beltafrajumar.com\/wp-content\/uploads\/2024\/04\/Niquel-Oscuro-150x150.jpg","gt_translate_keys":["label"]}],"priceOptions":"different_for_all","pricingType":"fixed","price":"","cl_rule":"show","col":6,"type":"image-group","error":false,"img_preview":true,"img_preview_disable_mobile":false,"gt_translate_keys":["label"],"price_dependency":false,"cl_dependency":false,"value":""}]]}},"config":{"price_override":"","enable_recaptcha":false,"bind_quantity":false,"quantity_bind_formula":false,"disp_summ_show_option_price":true,"disp_summ_show_product_price":true,"disp_summ_show_total_price":true,"disp_summ_show_fee":false,"disp_summ_show_discount":false,"summary_title":"","options_total_label":"Opciones","total_label":"Total","options_product_label":"Precio","fee_label":"Fee","discount_label":"Discount","has_price":true,"has_quantity_formula":false},"mc_unit":1,"tax_rate":1.21,"tax_rate_real":0.21,"discount":{"percentage":0,"fixed":0},"design":{"conf":{"LabelPosition":"above","DescPosition":"above","UploadField":"custom_1","QuantityFieldStyle":"default"},"css":{"LeftLabelWidth":"120px"}},"formulas":[],"clones":false,"cartKey":false}},"_links":{"self":[{"href":"https:\/\/dev.beltafrajumar.com\/fr\/wp-json\/wp\/v2\/product\/23520","targetHints":{"allow":["GET"]}}],"collection":[{"href":"https:\/\/dev.beltafrajumar.com\/fr\/wp-json\/wp\/v2\/product"}],"about":[{"href":"https:\/\/dev.beltafrajumar.com\/fr\/wp-json\/wp\/v2\/types\/product"}],"replies":[{"embeddable":true,"href":"https:\/\/dev.beltafrajumar.com\/fr\/wp-json\/wp\/v2\/comments?post=23520"}],"version-history":[{"count":0,"href":"https:\/\/dev.beltafrajumar.com\/fr\/wp-json\/wp\/v2\/product\/23520\/revisions"}],"wp:featuredmedia":[{"embeddable":true,"href":"https:\/\/dev.beltafrajumar.com\/fr\/wp-json\/wp\/v2\/media\/15957"}],"wp:attachment":[{"href":"https:\/\/dev.beltafrajumar.com\/fr\/wp-json\/wp\/v2\/media?parent=23520"}],"wp:term":[{"taxonomy":"product_brand","embeddable":true,"href":"https:\/\/dev.beltafrajumar.com\/fr\/wp-json\/wp\/v2\/product_brand?post=23520"},{"taxonomy":"product_cat","embeddable":true,"href":"https:\/\/dev.beltafrajumar.com\/fr\/wp-json\/wp\/v2\/product_cat?post=23520"},{"taxonomy":"product_tag","embeddable":true,"href":"https:\/\/dev.beltafrajumar.com\/fr\/wp-json\/wp\/v2\/product_tag?post=23520"}],"curies":[{"name":"wp","href":"https:\/\/api.w.org\/{rel}","templated":true}]}}