{"id":23476,"date":"2024-04-04T16:49:59","date_gmt":"2024-04-04T14:49:59","guid":{"rendered":"https:\/\/dev.beltafrajumar.com\/producto\/kora-fauteuil-avec-plinthe\/"},"modified":"2024-10-01T12:18:16","modified_gmt":"2024-10-01T10:18:16","slug":"kora-fauteuil-avec-plinthe","status":"publish","type":"product","link":"https:\/\/dev.beltafrajumar.com\/fr\/produit\/kora-fauteuil-avec-plinthe\/","title":{"rendered":"KORA Fauteuil avec plinthe"},"content":{"rendered":"\t\t<div data-elementor-type=\"product-post\" data-elementor-id=\"23476\" class=\"elementor elementor-23476 elementor-3108\" data-elementor-post-type=\"product\">\n\t\t\t\t<div data-particle_enable=\"false\" data-particle-mobile-disabled=\"false\" class=\"elementor-element elementor-element-5304aee4 e-flex e-con-boxed wd-section-disabled e-con e-parent\" data-id=\"5304aee4\" data-element_type=\"container\">\n\t\t\t\t\t<div class=\"e-con-inner\">\n\t\t\t\t<div class=\"elementor-element elementor-element-1b207c6 elementor-widget elementor-widget-wd_image_hotspot\" data-id=\"1b207c6\" data-element_type=\"widget\" data-widget_type=\"wd_image_hotspot.default\">\n\t\t\t\t<div class=\"elementor-widget-container\">\n\t\t\t\t\t\t\t<div class=\"wd-image-hotspot-wrapper hotspot-action-hover hotspot-icon-default color-scheme- wd-hotspot-static\">\n\t\t\t<div class=\"wd-image-hotspot-hotspots\">\n\t\t\t\t\t\t\t\t\t<img decoding=\"async\" class=\"wd-image-hotspot-img\" src=\"https:\/\/dev.beltafrajumar.com\/wp-content\/uploads\/2024\/04\/KORA-butaca-ISEN-mesa.jpg\" alt=\"KORA butaca, ISEN mesa\" title=\"KORA butaca, ISEN mesa\">\t\t\t\t\n\t\t\t\t\t\t\t\t\t\t\t\t\t\t<div class=\"wd-image-hotspot hotspot-type-product elementor-repeater-item-da8ea15\">\n\t\t\t\t\t\t<span class=\"hotspot-sonar\"><\/span>\n\t\t\t\t\t\t<div class=\"hotspot-btn wd-fill\"><\/div>\n\n\t\t\t\t\t\t\t\t\t\t\t\t\t<div class=\"hotspot-product hotspot-content wd-scroll hotspot-dropdown-top\">\n\t\t\t\t\t\t\t\t<div class=\"hotspot-content-image\">\n\t\t\t\t\t\t\t\t\t<a href=\"https:\/\/dev.beltafrajumar.com\/fr\/produit\/kora-fauteuil\/\">\n\t\t\t\t\t\t\t\t\t\t<img fetchpriority=\"high\" decoding=\"async\" width=\"600\" height=\"600\" src=\"https:\/\/dev.beltafrajumar.com\/wp-content\/uploads\/2024\/04\/KORA-butaca-1-600x600.jpg\" class=\"attachment-woocommerce_thumbnail size-woocommerce_thumbnail\" alt=\"Fauteuil KORA - Meubles Belt\u00e1 Frajumar\" srcset=\"https:\/\/dev.beltafrajumar.com\/wp-content\/uploads\/2024\/04\/KORA-butaca-1-600x600.jpg 600w, https:\/\/dev.beltafrajumar.com\/wp-content\/uploads\/2024\/04\/KORA-butaca-1-200x200.jpg 200w, https:\/\/dev.beltafrajumar.com\/wp-content\/uploads\/2024\/04\/KORA-butaca-1-700x700.jpg 700w, https:\/\/dev.beltafrajumar.com\/wp-content\/uploads\/2024\/04\/KORA-butaca-1-300x300.jpg 300w, https:\/\/dev.beltafrajumar.com\/wp-content\/uploads\/2024\/04\/KORA-butaca-1-150x150.jpg 150w, https:\/\/dev.beltafrajumar.com\/wp-content\/uploads\/2024\/04\/KORA-butaca-1-768x768.jpg 768w, https:\/\/dev.beltafrajumar.com\/wp-content\/uploads\/2024\/04\/KORA-butaca-1-1200x1200.jpg 1200w, https:\/\/dev.beltafrajumar.com\/wp-content\/uploads\/2024\/04\/KORA-butaca-1.jpg 1492w\" sizes=\"(max-width: 600px) 100vw, 600px\" \/>\t\t\t\t\t\t\t\t\t<\/a>\n\t\t\t\t\t\t\t\t<\/div>\n\t\t\t\t\t\t\t\t\n\t\t\t\t\t\t\t\t<h4 class=\"wd-entities-title\">\n\t\t\t\t\t\t\t\t\t<a href=\"https:\/\/dev.beltafrajumar.com\/fr\/produit\/kora-fauteuil\/\">\n\t\t\t\t\t\t\t\t\t\tKORA fauteuil\t\t\t\t\t\t\t\t\t<\/a>\n\t\t\t\t\t\t\t\t<\/h4>\n\t\t\t\t\t\t\t\t\n\t\t\t\t\t\t\t\t\t\t\t\t\t\t\t\t\t\t\t\t\t\t\t\t\t\t\t\t\t\t\t\t\t\n\t\t\t\t\t\t\t\t<div class=\"price\">\n\t\t\t\t\t\t\t\t\t<span class=\"woocommerce-Price-amount amount\"><bdi>817.96&nbsp;<span class=\"woocommerce-Price-currencySymbol\">&euro;<\/span><\/bdi><\/span>\t\t\t\t\t\t\t\t<\/div>\n\t\t\t\t\t\t\t\t\n\t\t\t\t\t\t\t\t<div class=\"hotspot-content-text wd-more-desc set-cont-mb-s reset-last-child\">\n\t\t\t\t\t\t\t\t\t<div class=\"wd-more-desc-inner\">\n\t\t\t\t\t\t\t\t\t\tAvec le m\u00eame esprit sophistiqu\u00e9 du fauteuil Arko, le nouveau fauteuil Kora est un design actuel qui int\u00e8gre quelques \u00e9l\u00e9ments significatifs comme les pieds en m\u00e9tal. La modernit\u00e9 de ses lignes fait revivre des pi\u00e8ces traditionnelles au go\u00fbt contemporain dans une proportion \u00e9quilibr\u00e9e de lignes droites et courbes. L'assise refl\u00e8te une l\u00e9g\u00e8ret\u00e9 formelle qui, avec les pieds et la base en fer peint \u00e9poxy, souligne son confort.\n\n\t\t\t\t\t\t\t\t\t<\/div>\n\t\t\t\t\t\t\t\t\t<a href=\"#\" rel=\"nofollow\" class=\"wd-more-desc-btn\"  aria-label=\"Read more description button\"><span><\/span><\/a>\n\t\t\t\t\t\t\t\t<\/div>\n\t\t\t\t\t\t\t\t\n\t\t\t\t\t\t\t\t<a href=\"https:\/\/dev.beltafrajumar.com\/fr\/produit\/kora-fauteuil\/\" class=\"button product_type_simple add_to_cart_button\" data-product_id=\"23868\" rel=\"nofollow\">\n\t\t\t\t\t\t\t\t\tS\u00e9lectionner les options\t\t\t\t\t\t\t\t<\/a>\n\t\t\t\t\t\t\t<\/div>\n\t\t\t\t\t\t\t\t\t\t\t<\/div>\n\t\t\t\t\t\t\t\t\t\t\t\t\t\t<div class=\"wd-image-hotspot hotspot-type-product elementor-repeater-item-10826b5\">\n\t\t\t\t\t\t<span class=\"hotspot-sonar\"><\/span>\n\t\t\t\t\t\t<div class=\"hotspot-btn wd-fill\"><\/div>\n\n\t\t\t\t\t\t\t\t\t\t\t\t\t<div class=\"hotspot-product hotspot-content wd-scroll hotspot-dropdown-top\">\n\t\t\t\t\t\t\t\t<div class=\"hotspot-content-image\">\n\t\t\t\t\t\t\t\t\t<a href=\"https:\/\/dev.beltafrajumar.com\/fr\/produit\/isen-table-basse\/\">\n\t\t\t\t\t\t\t\t\t\t<img decoding=\"async\" width=\"600\" height=\"600\" src=\"https:\/\/dev.beltafrajumar.com\/wp-content\/uploads\/2024\/04\/ISEN-mesita-600x600.png\" class=\"attachment-woocommerce_thumbnail size-woocommerce_thumbnail\" alt=\"Table basse ISEN - Meubles Belt\u00e1 Frajumar\" srcset=\"https:\/\/dev.beltafrajumar.com\/wp-content\/uploads\/2024\/04\/ISEN-mesita-600x600.png 600w, https:\/\/dev.beltafrajumar.com\/wp-content\/uploads\/2024\/04\/ISEN-mesita-200x200.png 200w, https:\/\/dev.beltafrajumar.com\/wp-content\/uploads\/2024\/04\/ISEN-mesita-700x700.png 700w, https:\/\/dev.beltafrajumar.com\/wp-content\/uploads\/2024\/04\/ISEN-mesita-300x300.png 300w, https:\/\/dev.beltafrajumar.com\/wp-content\/uploads\/2024\/04\/ISEN-mesita-150x150.png 150w, https:\/\/dev.beltafrajumar.com\/wp-content\/uploads\/2024\/04\/ISEN-mesita-768x768.png 768w, https:\/\/dev.beltafrajumar.com\/wp-content\/uploads\/2024\/04\/ISEN-mesita.png 1080w\" sizes=\"(max-width: 600px) 100vw, 600px\" \/>\t\t\t\t\t\t\t\t\t<\/a>\n\t\t\t\t\t\t\t\t<\/div>\n\t\t\t\t\t\t\t\t\n\t\t\t\t\t\t\t\t<h4 class=\"wd-entities-title\">\n\t\t\t\t\t\t\t\t\t<a href=\"https:\/\/dev.beltafrajumar.com\/fr\/produit\/isen-table-basse\/\">\n\t\t\t\t\t\t\t\t\t\tISEN table basse\t\t\t\t\t\t\t\t\t<\/a>\n\t\t\t\t\t\t\t\t<\/h4>\n\t\t\t\t\t\t\t\t\n\t\t\t\t\t\t\t\t\t\t\t\t\t\t\t\t\t\t\t\t\t\t\t\t\t\t\t\t\t\t\t\t\t\n\t\t\t\t\t\t\t\t<div class=\"price\">\n\t\t\t\t\t\t\t\t\t<span class=\"woocommerce-Price-amount amount\"><bdi>562.65&nbsp;<span class=\"woocommerce-Price-currencySymbol\">&euro;<\/span><\/bdi><\/span>\t\t\t\t\t\t\t\t<\/div>\n\t\t\t\t\t\t\t\t\n\t\t\t\t\t\t\t\t<div class=\"hotspot-content-text wd-more-desc set-cont-mb-s reset-last-child\">\n\t\t\t\t\t\t\t\t\t<div class=\"wd-more-desc-inner\">\n\t\t\t\t\t\t\t\t\t\t<p class=\"p1\">La table ISEN se caract\u00e9rise par la solidit\u00e9 de ses mat\u00e9riaux et la simplicit\u00e9 de son design. Le plateau met en valeur la puret\u00e9 visuelle obtenue gr\u00e2ce au travail artisanal du bois massif, qui donne un caract\u00e8re unique et individuel \u00e0 chacune des tables.<\/p>\n\t\t\t\t\t\t\t\t\t<\/div>\n\t\t\t\t\t\t\t\t\t<a href=\"#\" rel=\"nofollow\" class=\"wd-more-desc-btn\"  aria-label=\"Read more description button\"><span><\/span><\/a>\n\t\t\t\t\t\t\t\t<\/div>\n\t\t\t\t\t\t\t\t\n\t\t\t\t\t\t\t\t<a href=\"https:\/\/dev.beltafrajumar.com\/fr\/produit\/isen-table-basse\/\" class=\"button product_type_simple add_to_cart_button\" data-product_id=\"23295\" rel=\"nofollow\">\n\t\t\t\t\t\t\t\t\tS\u00e9lectionner les options\t\t\t\t\t\t\t\t<\/a>\n\t\t\t\t\t\t\t<\/div>\n\t\t\t\t\t\t\t\t\t\t\t<\/div>\n\t\t\t\t\t\t\t<\/div>\n\t\t<\/div>\n\t\t\t\t\t\t<\/div>\n\t\t\t\t<\/div>\n\t\t\t\t<div class=\"elementor-element elementor-element-3eda484 elementor-widget elementor-widget-wd_image_hotspot\" data-id=\"3eda484\" data-element_type=\"widget\" data-widget_type=\"wd_image_hotspot.default\">\n\t\t\t\t<div class=\"elementor-widget-container\">\n\t\t\t\t\t\t\t<div class=\"wd-image-hotspot-wrapper hotspot-action-hover hotspot-icon-default color-scheme- wd-hotspot-static\">\n\t\t\t<div class=\"wd-image-hotspot-hotspots\">\n\t\t\t\t\t\t\t\t\t<img decoding=\"async\" class=\"wd-image-hotspot-img\" src=\"https:\/\/dev.beltafrajumar.com\/wp-content\/uploads\/2024\/03\/mobiliario-habitacion-hotel-hilton-mallorca-galatzo-butacas-kora-sofa-cama-daro-belta-frajumar.jpg\" alt=\"Dise\u00f1o interiores Hotel Hilton Galatzo - Belta Frajumar\" title=\"Dise\u00f1o interiores Hotel Hilton Galatzo &#8211; Belta Frajumar\">\t\t\t\t\n\t\t\t\t\t\t\t\t\t\t\t\t\t\t<div class=\"wd-image-hotspot hotspot-type-product elementor-repeater-item-e92b574\">\n\t\t\t\t\t\t<span class=\"hotspot-sonar\"><\/span>\n\t\t\t\t\t\t<div class=\"hotspot-btn wd-fill\"><\/div>\n\n\t\t\t\t\t\t\t\t\t\t\t\t\t<div class=\"hotspot-product hotspot-content wd-scroll hotspot-dropdown-top\">\n\t\t\t\t\t\t\t\t<div class=\"hotspot-content-image\">\n\t\t\t\t\t\t\t\t\t<a href=\"https:\/\/dev.beltafrajumar.com\/fr\/produit\/kora-fauteuil\/\">\n\t\t\t\t\t\t\t\t\t\t<img fetchpriority=\"high\" decoding=\"async\" width=\"600\" height=\"600\" src=\"https:\/\/dev.beltafrajumar.com\/wp-content\/uploads\/2024\/04\/KORA-butaca-1-600x600.jpg\" class=\"attachment-woocommerce_thumbnail size-woocommerce_thumbnail\" alt=\"Fauteuil KORA - Meubles Belt\u00e1 Frajumar\" srcset=\"https:\/\/dev.beltafrajumar.com\/wp-content\/uploads\/2024\/04\/KORA-butaca-1-600x600.jpg 600w, https:\/\/dev.beltafrajumar.com\/wp-content\/uploads\/2024\/04\/KORA-butaca-1-200x200.jpg 200w, https:\/\/dev.beltafrajumar.com\/wp-content\/uploads\/2024\/04\/KORA-butaca-1-700x700.jpg 700w, https:\/\/dev.beltafrajumar.com\/wp-content\/uploads\/2024\/04\/KORA-butaca-1-300x300.jpg 300w, https:\/\/dev.beltafrajumar.com\/wp-content\/uploads\/2024\/04\/KORA-butaca-1-150x150.jpg 150w, https:\/\/dev.beltafrajumar.com\/wp-content\/uploads\/2024\/04\/KORA-butaca-1-768x768.jpg 768w, https:\/\/dev.beltafrajumar.com\/wp-content\/uploads\/2024\/04\/KORA-butaca-1-1200x1200.jpg 1200w, https:\/\/dev.beltafrajumar.com\/wp-content\/uploads\/2024\/04\/KORA-butaca-1.jpg 1492w\" sizes=\"(max-width: 600px) 100vw, 600px\" \/>\t\t\t\t\t\t\t\t\t<\/a>\n\t\t\t\t\t\t\t\t<\/div>\n\t\t\t\t\t\t\t\t\n\t\t\t\t\t\t\t\t<h4 class=\"wd-entities-title\">\n\t\t\t\t\t\t\t\t\t<a href=\"https:\/\/dev.beltafrajumar.com\/fr\/produit\/kora-fauteuil\/\">\n\t\t\t\t\t\t\t\t\t\tKORA fauteuil\t\t\t\t\t\t\t\t\t<\/a>\n\t\t\t\t\t\t\t\t<\/h4>\n\t\t\t\t\t\t\t\t\n\t\t\t\t\t\t\t\t\t\t\t\t\t\t\t\t\t\t\t\t\t\t\t\t\t\t\t\t\t\t\t\t\t\n\t\t\t\t\t\t\t\t<div class=\"price\">\n\t\t\t\t\t\t\t\t\t<span class=\"woocommerce-Price-amount amount\"><bdi>817.96&nbsp;<span class=\"woocommerce-Price-currencySymbol\">&euro;<\/span><\/bdi><\/span>\t\t\t\t\t\t\t\t<\/div>\n\t\t\t\t\t\t\t\t\n\t\t\t\t\t\t\t\t<div class=\"hotspot-content-text wd-more-desc set-cont-mb-s reset-last-child\">\n\t\t\t\t\t\t\t\t\t<div class=\"wd-more-desc-inner\">\n\t\t\t\t\t\t\t\t\t\tAvec le m\u00eame esprit sophistiqu\u00e9 du fauteuil Arko, le nouveau fauteuil Kora est un design actuel qui int\u00e8gre quelques \u00e9l\u00e9ments significatifs comme les pieds en m\u00e9tal. La modernit\u00e9 de ses lignes fait revivre des pi\u00e8ces traditionnelles au go\u00fbt contemporain dans une proportion \u00e9quilibr\u00e9e de lignes droites et courbes. L'assise refl\u00e8te une l\u00e9g\u00e8ret\u00e9 formelle qui, avec les pieds et la base en fer peint \u00e9poxy, souligne son confort.\n\n\t\t\t\t\t\t\t\t\t<\/div>\n\t\t\t\t\t\t\t\t\t<a href=\"#\" rel=\"nofollow\" class=\"wd-more-desc-btn\"  aria-label=\"Read more description button\"><span><\/span><\/a>\n\t\t\t\t\t\t\t\t<\/div>\n\t\t\t\t\t\t\t\t\n\t\t\t\t\t\t\t\t<a href=\"https:\/\/dev.beltafrajumar.com\/fr\/produit\/kora-fauteuil\/\" class=\"button product_type_simple add_to_cart_button\" data-product_id=\"23868\" rel=\"nofollow\">\n\t\t\t\t\t\t\t\t\tS\u00e9lectionner les options\t\t\t\t\t\t\t\t<\/a>\n\t\t\t\t\t\t\t<\/div>\n\t\t\t\t\t\t\t\t\t\t\t<\/div>\n\t\t\t\t\t\t\t\t\t\t\t\t\t\t<div class=\"wd-image-hotspot hotspot-type-product elementor-repeater-item-da8ea15\">\n\t\t\t\t\t\t<span class=\"hotspot-sonar\"><\/span>\n\t\t\t\t\t\t<div class=\"hotspot-btn wd-fill\"><\/div>\n\n\t\t\t\t\t\t\t\t\t\t\t\t\t<div class=\"hotspot-product hotspot-content wd-scroll hotspot-dropdown-top\">\n\t\t\t\t\t\t\t\t<div class=\"hotspot-content-image\">\n\t\t\t\t\t\t\t\t\t<a href=\"https:\/\/dev.beltafrajumar.com\/fr\/produit\/mesh-pouf\/\">\n\t\t\t\t\t\t\t\t\t\t<img decoding=\"async\" width=\"600\" height=\"600\" src=\"https:\/\/dev.beltafrajumar.com\/wp-content\/uploads\/2024\/04\/MESH-puff-Mobiliario-Belta-Frajumar-600x600.jpg\" class=\"attachment-woocommerce_thumbnail size-woocommerce_thumbnail\" alt=\"Pouf MESH - Meubles Belt\u00e1 Frajumar\" srcset=\"https:\/\/dev.beltafrajumar.com\/wp-content\/uploads\/2024\/04\/MESH-puff-Mobiliario-Belta-Frajumar-600x600.jpg 600w, https:\/\/dev.beltafrajumar.com\/wp-content\/uploads\/2024\/04\/MESH-puff-Mobiliario-Belta-Frajumar-200x200.jpg 200w, https:\/\/dev.beltafrajumar.com\/wp-content\/uploads\/2024\/04\/MESH-puff-Mobiliario-Belta-Frajumar-700x700.jpg 700w, https:\/\/dev.beltafrajumar.com\/wp-content\/uploads\/2024\/04\/MESH-puff-Mobiliario-Belta-Frajumar-300x300.jpg 300w, https:\/\/dev.beltafrajumar.com\/wp-content\/uploads\/2024\/04\/MESH-puff-Mobiliario-Belta-Frajumar-150x150.jpg 150w, https:\/\/dev.beltafrajumar.com\/wp-content\/uploads\/2024\/04\/MESH-puff-Mobiliario-Belta-Frajumar-768x768.jpg 768w, https:\/\/dev.beltafrajumar.com\/wp-content\/uploads\/2024\/04\/MESH-puff-Mobiliario-Belta-Frajumar.jpg 1080w\" sizes=\"(max-width: 600px) 100vw, 600px\" \/>\t\t\t\t\t\t\t\t\t<\/a>\n\t\t\t\t\t\t\t\t<\/div>\n\t\t\t\t\t\t\t\t\n\t\t\t\t\t\t\t\t<h4 class=\"wd-entities-title\">\n\t\t\t\t\t\t\t\t\t<a href=\"https:\/\/dev.beltafrajumar.com\/fr\/produit\/mesh-pouf\/\">\n\t\t\t\t\t\t\t\t\t\tMESH pouf\t\t\t\t\t\t\t\t\t<\/a>\n\t\t\t\t\t\t\t\t<\/h4>\n\t\t\t\t\t\t\t\t\n\t\t\t\t\t\t\t\t\t\t\t\t\t\t\t\t\t\t\t\t\t\t\t\t\t\t\t\t\t\t\t\t\t\n\t\t\t\t\t\t\t\t<div class=\"price\">\n\t\t\t\t\t\t\t\t\t\t\t\t\t\t\t\t\t<\/div>\n\t\t\t\t\t\t\t\t\n\t\t\t\t\t\t\t\t<div class=\"hotspot-content-text wd-more-desc set-cont-mb-s reset-last-child\">\n\t\t\t\t\t\t\t\t\t<div class=\"wd-more-desc-inner\">\n\t\t\t\t\t\t\t\t\t\tLe pouf MESH offre polyvalence et avant-garde en mati\u00e8re de mobilier contractuel pour les h\u00f4tels. Son design fonctionnel et avant-gardiste en fait un compl\u00e9ment indispensable \u00e0 tout espace. Fabriqu\u00e9 avec des mat\u00e9riaux de haute qualit\u00e9, il garantit durabilit\u00e9 et style pour r\u00e9pondre aux besoins de vos invit\u00e9s dans les espaces communs et les chambres.\t\t\t\t\t\t\t\t\t<\/div>\n\t\t\t\t\t\t\t\t\t<a href=\"#\" rel=\"nofollow\" class=\"wd-more-desc-btn\"  aria-label=\"Read more description button\"><span><\/span><\/a>\n\t\t\t\t\t\t\t\t<\/div>\n\t\t\t\t\t\t\t\t\n\t\t\t\t\t\t\t\t<a href=\"https:\/\/dev.beltafrajumar.com\/fr\/produit\/mesh-pouf\/\" class=\"button product_type_simple ajax_add_to_cart\" data-product_id=\"23026\" rel=\"nofollow\">\n\t\t\t\t\t\t\t\t\tLire la suite\t\t\t\t\t\t\t\t<\/a>\n\t\t\t\t\t\t\t<\/div>\n\t\t\t\t\t\t\t\t\t\t\t<\/div>\n\t\t\t\t\t\t\t\t\t\t\t\t\t\t<div class=\"wd-image-hotspot hotspot-type-product elementor-repeater-item-75c794d\">\n\t\t\t\t\t\t<span class=\"hotspot-sonar\"><\/span>\n\t\t\t\t\t\t<div class=\"hotspot-btn wd-fill\"><\/div>\n\n\t\t\t\t\t\t\t\t\t\t\t\t\t<div class=\"hotspot-product hotspot-content wd-scroll hotspot-dropdown-top\">\n\t\t\t\t\t\t\t\t<div class=\"hotspot-content-image\">\n\t\t\t\t\t\t\t\t\t<a href=\"https:\/\/dev.beltafrajumar.com\/fr\/produit\/daro-op-a-canape-lit\/\">\n\t\t\t\t\t\t\t\t\t\t<img loading=\"lazy\" decoding=\"async\" width=\"600\" height=\"600\" src=\"https:\/\/dev.beltafrajumar.com\/wp-content\/uploads\/2024\/04\/Sofa-cama-DARO-OP-A-Muebles-de-diseno-exclusivo-Belta-Frajumar-600x600.jpg\" class=\"attachment-woocommerce_thumbnail size-woocommerce_thumbnail\" alt=\"DARO OP A canap\u00e9-lit - Mobilier design exclusif Belt\u00e1 Frajumar\" srcset=\"https:\/\/dev.beltafrajumar.com\/wp-content\/uploads\/2024\/04\/Sofa-cama-DARO-OP-A-Muebles-de-diseno-exclusivo-Belta-Frajumar-600x600.jpg 600w, https:\/\/dev.beltafrajumar.com\/wp-content\/uploads\/2024\/04\/Sofa-cama-DARO-OP-A-Muebles-de-diseno-exclusivo-Belta-Frajumar-200x200.jpg 200w, https:\/\/dev.beltafrajumar.com\/wp-content\/uploads\/2024\/04\/Sofa-cama-DARO-OP-A-Muebles-de-diseno-exclusivo-Belta-Frajumar-700x700.jpg 700w, https:\/\/dev.beltafrajumar.com\/wp-content\/uploads\/2024\/04\/Sofa-cama-DARO-OP-A-Muebles-de-diseno-exclusivo-Belta-Frajumar-300x300.jpg 300w, https:\/\/dev.beltafrajumar.com\/wp-content\/uploads\/2024\/04\/Sofa-cama-DARO-OP-A-Muebles-de-diseno-exclusivo-Belta-Frajumar-150x150.jpg 150w, https:\/\/dev.beltafrajumar.com\/wp-content\/uploads\/2024\/04\/Sofa-cama-DARO-OP-A-Muebles-de-diseno-exclusivo-Belta-Frajumar-768x768.jpg 768w, https:\/\/dev.beltafrajumar.com\/wp-content\/uploads\/2024\/04\/Sofa-cama-DARO-OP-A-Muebles-de-diseno-exclusivo-Belta-Frajumar.jpg 1000w\" sizes=\"(max-width: 600px) 100vw, 600px\" \/>\t\t\t\t\t\t\t\t\t<\/a>\n\t\t\t\t\t\t\t\t<\/div>\n\t\t\t\t\t\t\t\t\n\t\t\t\t\t\t\t\t<h4 class=\"wd-entities-title\">\n\t\t\t\t\t\t\t\t\t<a href=\"https:\/\/dev.beltafrajumar.com\/fr\/produit\/daro-op-a-canape-lit\/\">\n\t\t\t\t\t\t\t\t\t\tDARO OP. A canap\u00e9 lit\t\t\t\t\t\t\t\t\t<\/a>\n\t\t\t\t\t\t\t\t<\/h4>\n\t\t\t\t\t\t\t\t\n\t\t\t\t\t\t\t\t\t\t\t\t\t\t\t\t\t\t\t\t\t\t\t\t\t\t\t\t\t\t\t\t\t\n\t\t\t\t\t\t\t\t<div class=\"price\">\n\t\t\t\t\t\t\t\t\t<span class=\"woocommerce-Price-amount amount\"><bdi>2,130.81&nbsp;<span class=\"woocommerce-Price-currencySymbol\">&euro;<\/span><\/bdi><\/span>\t\t\t\t\t\t\t\t<\/div>\n\t\t\t\t\t\t\t\t\n\t\t\t\t\t\t\t\t<div class=\"hotspot-content-text wd-more-desc set-cont-mb-s reset-last-child\">\n\t\t\t\t\t\t\t\t\t<div class=\"wd-more-desc-inner\">\n\t\t\t\t\t\t\t\t\t\tLe canap\u00e9-lit Daro a un design avec un syst\u00e8me d'ouverture de type italien, un m\u00e9canisme de mouvement avec ouverture frontale par rotation du dossier en un seul mouvement. Le passage de la position canap\u00e9 \u00e0 la position lit s'effectue sans d\u00e9placer ni retirer aucun des \u00e9l\u00e9ments de rembourrage. Possibilit\u00e9 de ranger les oreillers du lit \u00e0 l'int\u00e9rieur du dossier.\n\n\t\t\t\t\t\t\t\t\t<\/div>\n\t\t\t\t\t\t\t\t\t<a href=\"#\" rel=\"nofollow\" class=\"wd-more-desc-btn\"  aria-label=\"Read more description button\"><span><\/span><\/a>\n\t\t\t\t\t\t\t\t<\/div>\n\t\t\t\t\t\t\t\t\n\t\t\t\t\t\t\t\t<a href=\"https:\/\/dev.beltafrajumar.com\/fr\/produit\/daro-op-a-canape-lit\/\" class=\"button product_type_simple add_to_cart_button\" data-product_id=\"24124\" rel=\"nofollow\">\n\t\t\t\t\t\t\t\t\tS\u00e9lectionner les options\t\t\t\t\t\t\t\t<\/a>\n\t\t\t\t\t\t\t<\/div>\n\t\t\t\t\t\t\t\t\t\t\t<\/div>\n\t\t\t\t\t\t\t\t\t\t\t\t\t\t<div class=\"wd-image-hotspot hotspot-type-product elementor-repeater-item-10826b5\">\n\t\t\t\t\t\t<span class=\"hotspot-sonar\"><\/span>\n\t\t\t\t\t\t<div class=\"hotspot-btn wd-fill\"><\/div>\n\n\t\t\t\t\t\t\t\t\t\t\t\t\t<div class=\"hotspot-product hotspot-content wd-scroll hotspot-dropdown-top\">\n\t\t\t\t\t\t\t\t<div class=\"hotspot-content-image\">\n\t\t\t\t\t\t\t\t\t<a href=\"https:\/\/dev.beltafrajumar.com\/fr\/produit\/stul-table-en-marbre\/\">\n\t\t\t\t\t\t\t\t\t\t<img loading=\"lazy\" decoding=\"async\" width=\"600\" height=\"600\" src=\"https:\/\/dev.beltafrajumar.com\/wp-content\/uploads\/2024\/04\/STUL-mesa-marmol-600x600.jpg\" class=\"attachment-woocommerce_thumbnail size-woocommerce_thumbnail\" alt=\"Table en marbre STUL - Meubles Belt\u00e1 Frajumar\" srcset=\"https:\/\/dev.beltafrajumar.com\/wp-content\/uploads\/2024\/04\/STUL-mesa-marmol-600x600.jpg 600w, https:\/\/dev.beltafrajumar.com\/wp-content\/uploads\/2024\/04\/STUL-mesa-marmol-200x200.jpg 200w, https:\/\/dev.beltafrajumar.com\/wp-content\/uploads\/2024\/04\/STUL-mesa-marmol-700x700.jpg 700w, https:\/\/dev.beltafrajumar.com\/wp-content\/uploads\/2024\/04\/STUL-mesa-marmol-300x300.jpg 300w, https:\/\/dev.beltafrajumar.com\/wp-content\/uploads\/2024\/04\/STUL-mesa-marmol-150x150.jpg 150w, https:\/\/dev.beltafrajumar.com\/wp-content\/uploads\/2024\/04\/STUL-mesa-marmol-768x768.jpg 768w, https:\/\/dev.beltafrajumar.com\/wp-content\/uploads\/2024\/04\/STUL-mesa-marmol-1200x1200.jpg 1200w, https:\/\/dev.beltafrajumar.com\/wp-content\/uploads\/2024\/04\/STUL-mesa-marmol.jpg 1492w\" sizes=\"(max-width: 600px) 100vw, 600px\" \/>\t\t\t\t\t\t\t\t\t<\/a>\n\t\t\t\t\t\t\t\t<\/div>\n\t\t\t\t\t\t\t\t\n\t\t\t\t\t\t\t\t<h4 class=\"wd-entities-title\">\n\t\t\t\t\t\t\t\t\t<a href=\"https:\/\/dev.beltafrajumar.com\/fr\/produit\/stul-table-en-marbre\/\">\n\t\t\t\t\t\t\t\t\t\tSTUL table en marbre\t\t\t\t\t\t\t\t\t<\/a>\n\t\t\t\t\t\t\t\t<\/h4>\n\t\t\t\t\t\t\t\t\n\t\t\t\t\t\t\t\t\t\t\t\t\t\t\t\t\t\t\t\t\t\t\t\t\t\t\t\t\t\t\t\t\t\n\t\t\t\t\t\t\t\t<div class=\"price\">\n\t\t\t\t\t\t\t\t\t<span class=\"woocommerce-Price-amount amount\"><bdi>665.50&nbsp;<span class=\"woocommerce-Price-currencySymbol\">&euro;<\/span><\/bdi><\/span>\t\t\t\t\t\t\t\t<\/div>\n\t\t\t\t\t\t\t\t\n\t\t\t\t\t\t\t\t<div class=\"hotspot-content-text wd-more-desc set-cont-mb-s reset-last-child\">\n\t\t\t\t\t\t\t\t\t<div class=\"wd-more-desc-inner\">\n\t\t\t\t\t\t\t\t\t\tUne petite table d'appoint qui actualise les tendances d\u00e9co. Ses formes sobres et \u00e9lanc\u00e9es, ainsi que son \u00e9l\u00e9gant plateau circulaire en marbre raviront vos invit\u00e9s, donnant un air de distinction in\u00e9gal\u00e9e \u00e0 tout espace dans lequel il se trouve. L'\u00e9quilibre parfait entre fonctionnalit\u00e9, style et design d'avant-garde.\t\t\t\t\t\t\t\t\t<\/div>\n\t\t\t\t\t\t\t\t\t<a href=\"#\" rel=\"nofollow\" class=\"wd-more-desc-btn\"  aria-label=\"Read more description button\"><span><\/span><\/a>\n\t\t\t\t\t\t\t\t<\/div>\n\t\t\t\t\t\t\t\t\n\t\t\t\t\t\t\t\t<a href=\"https:\/\/dev.beltafrajumar.com\/fr\/produit\/stul-table-en-marbre\/\" class=\"button product_type_variable add_to_cart_button\" data-product_id=\"24127\" rel=\"nofollow\">\n\t\t\t\t\t\t\t\t\tChoix des options\t\t\t\t\t\t\t\t<\/a>\n\t\t\t\t\t\t\t<\/div>\n\t\t\t\t\t\t\t\t\t\t\t<\/div>\n\t\t\t\t\t\t\t<\/div>\n\t\t<\/div>\n\t\t\t\t\t\t<\/div>\n\t\t\t\t<\/div>\n\t\t\t\t\t<\/div>\n\t\t\t\t<\/div>\n\t\t\t\t<\/div>\n\t\t","protected":false},"excerpt":{"rendered":"<p>Avec le m\u00eame esprit sophistiqu\u00e9 du fauteuil Arko, le nouveau fauteuil Kora est un design actuel qui int\u00e8gre quelques \u00e9l\u00e9ments significatifs comme les pieds en m\u00e9tal. La modernit\u00e9 de ses lignes fait revivre des pi\u00e8ces traditionnelles au go\u00fbt contemporain dans une proportion \u00e9quilibr\u00e9e de lignes droites et courbes. L&rsquo;assise refl\u00e8te une l\u00e9g\u00e8ret\u00e9 formelle qui, avec les pieds et la base en fer peint \u00e9poxy, souligne son confort. [html_block id=\"5080\"]<\/p>\n","protected":false},"featured_media":14795,"comment_status":"closed","ping_status":"closed","template":"","meta":{"_acf_changed":false},"product_brand":[],"product_cat":[907,925,871,924],"product_tag":[1364,2349,938],"class_list":{"0":"post-23476","1":"product","2":"type-product","3":"status-publish","4":"has-post-thumbnail","6":"product_cat-fauteuils-hotels","7":"product_cat-fauteuils-maison","8":"product_cat-livraison-rapide","9":"product_cat-mobilier-maison","10":"product_tag-dario-gagliardini-fr","11":"product_tag-novembre","12":"product_tag-ventes-en-ligne","13":"wcpa_has_options","15":"first","16":"instock","17":"taxable","18":"shipping-taxable","19":"purchasable","20":"product-type-simple"},"acf":[],"yoast_head":"<!-- This site is optimized with the Yoast SEO Premium plugin v24.2 (Yoast SEO v25.3.1) - https:\/\/yoast.com\/wordpress\/plugins\/seo\/ -->\n<title>KORA Fauteuil avec plinthe | Conception sophistiqu\u00e9e et actuelle | Belt\u00e1 Frajumar<\/title>\n<meta name=\"description\" content=\"Le fauteuil Kora avec socle en bois pr\u00e9sente un design sophistiqu\u00e9 et moderne, dans lequel les pieds en m\u00e9tal apportent une touche de modernit\u00e9 distinctive.\" \/>\n<meta name=\"robots\" content=\"noindex, follow, max-snippet:-1, max-image-preview:large, max-video-preview:-1\" \/>\n<meta property=\"og:locale\" content=\"fr_FR\" \/>\n<meta property=\"og:type\" content=\"article\" \/>\n<meta property=\"og:title\" content=\"KORA Fauteuil avec plinthe\" \/>\n<meta property=\"og:description\" content=\"Le fauteuil Kora avec socle en bois pr\u00e9sente un design sophistiqu\u00e9 et moderne, dans lequel les pieds en m\u00e9tal apportent une touche de modernit\u00e9 distinctive.\" \/>\n<meta property=\"og:url\" content=\"https:\/\/dev.beltafrajumar.com\/fr\/produit\/kora-fauteuil-avec-plinthe\/\" \/>\n<meta property=\"og:site_name\" content=\"Belt\u00e1 Frajumar\" \/>\n<meta property=\"article:modified_time\" content=\"2024-10-01T10:18:16+00:00\" \/>\n<meta property=\"og:image\" content=\"https:\/\/dev.beltafrajumar.com\/wp-content\/uploads\/2024\/04\/KORA-butaca-con-zocalo.png\" \/>\n\t<meta property=\"og:image:width\" content=\"1080\" \/>\n\t<meta property=\"og:image:height\" content=\"1080\" \/>\n\t<meta property=\"og:image:type\" content=\"image\/png\" \/>\n<meta name=\"twitter:card\" content=\"summary_large_image\" \/>\n<meta name=\"twitter:label1\" content=\"Dur\u00e9e de lecture estim\u00e9e\" \/>\n\t<meta name=\"twitter:data1\" content=\"2 minutes\" \/>\n<script type=\"application\/ld+json\" class=\"yoast-schema-graph\">{\"@context\":\"https:\/\/schema.org\",\"@graph\":[{\"@type\":\"WebPage\",\"@id\":\"https:\/\/dev.beltafrajumar.com\/fr\/produit\/kora-fauteuil-avec-plinthe\/\",\"url\":\"https:\/\/dev.beltafrajumar.com\/fr\/produit\/kora-fauteuil-avec-plinthe\/\",\"name\":\"KORA Fauteuil avec plinthe | Conception sophistiqu\u00e9e et actuelle | Belt\u00e1 Frajumar\",\"isPartOf\":{\"@id\":\"https:\/\/dev.beltafrajumar.com\/fr\/#website\"},\"primaryImageOfPage\":{\"@id\":\"https:\/\/dev.beltafrajumar.com\/fr\/produit\/kora-fauteuil-avec-plinthe\/#primaryimage\"},\"image\":{\"@id\":\"https:\/\/dev.beltafrajumar.com\/fr\/produit\/kora-fauteuil-avec-plinthe\/#primaryimage\"},\"thumbnailUrl\":\"https:\/\/dev.beltafrajumar.com\/wp-content\/uploads\/2024\/04\/KORA-butaca-con-zocalo.png\",\"datePublished\":\"2024-04-04T14:49:59+00:00\",\"dateModified\":\"2024-10-01T10:18:16+00:00\",\"description\":\"Le fauteuil Kora avec socle en bois pr\u00e9sente un design sophistiqu\u00e9 et moderne, dans lequel les pieds en m\u00e9tal apportent une touche de modernit\u00e9 distinctive.\",\"breadcrumb\":{\"@id\":\"https:\/\/dev.beltafrajumar.com\/fr\/produit\/kora-fauteuil-avec-plinthe\/#breadcrumb\"},\"inLanguage\":\"fr-FR\",\"potentialAction\":[{\"@type\":\"ReadAction\",\"target\":[\"https:\/\/dev.beltafrajumar.com\/fr\/produit\/kora-fauteuil-avec-plinthe\/\"]}]},{\"@type\":\"ImageObject\",\"inLanguage\":\"fr-FR\",\"@id\":\"https:\/\/dev.beltafrajumar.com\/fr\/produit\/kora-fauteuil-avec-plinthe\/#primaryimage\",\"url\":\"https:\/\/dev.beltafrajumar.com\/wp-content\/uploads\/2024\/04\/KORA-butaca-con-zocalo.png\",\"contentUrl\":\"https:\/\/dev.beltafrajumar.com\/wp-content\/uploads\/2024\/04\/KORA-butaca-con-zocalo.png\",\"width\":1080,\"height\":1080,\"caption\":\"Fauteuil KORA avec plinthe - Mobiliario Belt\u00e1 Frajumar\"},{\"@type\":\"BreadcrumbList\",\"@id\":\"https:\/\/dev.beltafrajumar.com\/fr\/produit\/kora-fauteuil-avec-plinthe\/#breadcrumb\",\"itemListElement\":[{\"@type\":\"ListItem\",\"position\":1,\"name\":\"Portada\",\"item\":\"https:\/\/dev.beltafrajumar.com\/fr\/\"},{\"@type\":\"ListItem\",\"position\":2,\"name\":\"Magasin de meubles sur mesure\",\"item\":\"https:\/\/dev.beltafrajumar.com\/tienda\/\"},{\"@type\":\"ListItem\",\"position\":3,\"name\":\"KORA Fauteuil avec plinthe\"}]},{\"@type\":\"WebSite\",\"@id\":\"https:\/\/dev.beltafrajumar.com\/fr\/#website\",\"url\":\"https:\/\/dev.beltafrajumar.com\/fr\/\",\"name\":\"Belt\u00e1 Frajumar\",\"description\":\"Calidad, Dise\u00f1o y Decoraci\u00f3n de Interiores en Mobiliario Hospitality y Living\",\"publisher\":{\"@id\":\"https:\/\/dev.beltafrajumar.com\/fr\/#organization\"},\"alternateName\":\"Fabricante de mobiliario Hospitality y Living\",\"potentialAction\":[{\"@type\":\"SearchAction\",\"target\":{\"@type\":\"EntryPoint\",\"urlTemplate\":\"https:\/\/dev.beltafrajumar.com\/fr\/?s={search_term_string}\"},\"query-input\":{\"@type\":\"PropertyValueSpecification\",\"valueRequired\":true,\"valueName\":\"search_term_string\"}}],\"inLanguage\":\"fr-FR\"},{\"@type\":\"Organization\",\"@id\":\"https:\/\/dev.beltafrajumar.com\/fr\/#organization\",\"name\":\"Belt\u00e1 Frajumar\",\"alternateName\":\"Fabricant de meubles exclusif Belt\u00e1 Frajumar\",\"url\":\"https:\/\/dev.beltafrajumar.com\/fr\/\",\"logo\":{\"@type\":\"ImageObject\",\"inLanguage\":\"fr-FR\",\"@id\":\"https:\/\/dev.beltafrajumar.com\/fr\/#\/schema\/logo\/image\/\",\"url\":\"https:\/\/dev.beltafrajumar.com\/wp-content\/uploads\/2024\/10\/Logotipo-Belta-Frajumar-patrocinador-de-InterCIDEC-1.jpg\",\"contentUrl\":\"https:\/\/dev.beltafrajumar.com\/wp-content\/uploads\/2024\/10\/Logotipo-Belta-Frajumar-patrocinador-de-InterCIDEC-1.jpg\",\"width\":1080,\"height\":1080,\"caption\":\"Belt\u00e1 Frajumar\"},\"image\":{\"@id\":\"https:\/\/dev.beltafrajumar.com\/fr\/#\/schema\/logo\/image\/\"}}]}<\/script>\n<!-- \/ Yoast SEO Premium plugin. -->","yoast_head_json":{"title":"KORA Fauteuil avec plinthe | Conception sophistiqu\u00e9e et actuelle | Belt\u00e1 Frajumar","description":"Le fauteuil Kora avec socle en bois pr\u00e9sente un design sophistiqu\u00e9 et moderne, dans lequel les pieds en m\u00e9tal apportent une touche de modernit\u00e9 distinctive.","robots":{"index":"noindex","follow":"follow","max-snippet":"max-snippet:-1","max-image-preview":"max-image-preview:large","max-video-preview":"max-video-preview:-1"},"og_locale":"fr_FR","og_type":"article","og_title":"KORA Fauteuil avec plinthe","og_description":"Le fauteuil Kora avec socle en bois pr\u00e9sente un design sophistiqu\u00e9 et moderne, dans lequel les pieds en m\u00e9tal apportent une touche de modernit\u00e9 distinctive.","og_url":"https:\/\/dev.beltafrajumar.com\/fr\/produit\/kora-fauteuil-avec-plinthe\/","og_site_name":"Belt\u00e1 Frajumar","article_modified_time":"2024-10-01T10:18:16+00:00","og_image":[{"width":1080,"height":1080,"url":"https:\/\/dev.beltafrajumar.com\/wp-content\/uploads\/2024\/04\/KORA-butaca-con-zocalo.png","type":"image\/png"}],"twitter_card":"summary_large_image","twitter_misc":{"Dur\u00e9e de lecture estim\u00e9e":"2 minutes"},"schema":{"@context":"https:\/\/schema.org","@graph":[{"@type":"WebPage","@id":"https:\/\/dev.beltafrajumar.com\/fr\/produit\/kora-fauteuil-avec-plinthe\/","url":"https:\/\/dev.beltafrajumar.com\/fr\/produit\/kora-fauteuil-avec-plinthe\/","name":"KORA Fauteuil avec plinthe | Conception sophistiqu\u00e9e et actuelle | Belt\u00e1 Frajumar","isPartOf":{"@id":"https:\/\/dev.beltafrajumar.com\/fr\/#website"},"primaryImageOfPage":{"@id":"https:\/\/dev.beltafrajumar.com\/fr\/produit\/kora-fauteuil-avec-plinthe\/#primaryimage"},"image":{"@id":"https:\/\/dev.beltafrajumar.com\/fr\/produit\/kora-fauteuil-avec-plinthe\/#primaryimage"},"thumbnailUrl":"https:\/\/dev.beltafrajumar.com\/wp-content\/uploads\/2024\/04\/KORA-butaca-con-zocalo.png","datePublished":"2024-04-04T14:49:59+00:00","dateModified":"2024-10-01T10:18:16+00:00","description":"Le fauteuil Kora avec socle en bois pr\u00e9sente un design sophistiqu\u00e9 et moderne, dans lequel les pieds en m\u00e9tal apportent une touche de modernit\u00e9 distinctive.","breadcrumb":{"@id":"https:\/\/dev.beltafrajumar.com\/fr\/produit\/kora-fauteuil-avec-plinthe\/#breadcrumb"},"inLanguage":"fr-FR","potentialAction":[{"@type":"ReadAction","target":["https:\/\/dev.beltafrajumar.com\/fr\/produit\/kora-fauteuil-avec-plinthe\/"]}]},{"@type":"ImageObject","inLanguage":"fr-FR","@id":"https:\/\/dev.beltafrajumar.com\/fr\/produit\/kora-fauteuil-avec-plinthe\/#primaryimage","url":"https:\/\/dev.beltafrajumar.com\/wp-content\/uploads\/2024\/04\/KORA-butaca-con-zocalo.png","contentUrl":"https:\/\/dev.beltafrajumar.com\/wp-content\/uploads\/2024\/04\/KORA-butaca-con-zocalo.png","width":1080,"height":1080,"caption":"Fauteuil KORA avec plinthe - Mobiliario Belt\u00e1 Frajumar"},{"@type":"BreadcrumbList","@id":"https:\/\/dev.beltafrajumar.com\/fr\/produit\/kora-fauteuil-avec-plinthe\/#breadcrumb","itemListElement":[{"@type":"ListItem","position":1,"name":"Portada","item":"https:\/\/dev.beltafrajumar.com\/fr\/"},{"@type":"ListItem","position":2,"name":"Magasin de meubles sur mesure","item":"https:\/\/dev.beltafrajumar.com\/tienda\/"},{"@type":"ListItem","position":3,"name":"KORA Fauteuil avec plinthe"}]},{"@type":"WebSite","@id":"https:\/\/dev.beltafrajumar.com\/fr\/#website","url":"https:\/\/dev.beltafrajumar.com\/fr\/","name":"Belt\u00e1 Frajumar","description":"Calidad, Dise\u00f1o y Decoraci\u00f3n de Interiores en Mobiliario Hospitality y Living","publisher":{"@id":"https:\/\/dev.beltafrajumar.com\/fr\/#organization"},"alternateName":"Fabricante de mobiliario Hospitality y Living","potentialAction":[{"@type":"SearchAction","target":{"@type":"EntryPoint","urlTemplate":"https:\/\/dev.beltafrajumar.com\/fr\/?s={search_term_string}"},"query-input":{"@type":"PropertyValueSpecification","valueRequired":true,"valueName":"search_term_string"}}],"inLanguage":"fr-FR"},{"@type":"Organization","@id":"https:\/\/dev.beltafrajumar.com\/fr\/#organization","name":"Belt\u00e1 Frajumar","alternateName":"Fabricant de meubles exclusif Belt\u00e1 Frajumar","url":"https:\/\/dev.beltafrajumar.com\/fr\/","logo":{"@type":"ImageObject","inLanguage":"fr-FR","@id":"https:\/\/dev.beltafrajumar.com\/fr\/#\/schema\/logo\/image\/","url":"https:\/\/dev.beltafrajumar.com\/wp-content\/uploads\/2024\/10\/Logotipo-Belta-Frajumar-patrocinador-de-InterCIDEC-1.jpg","contentUrl":"https:\/\/dev.beltafrajumar.com\/wp-content\/uploads\/2024\/10\/Logotipo-Belta-Frajumar-patrocinador-de-InterCIDEC-1.jpg","width":1080,"height":1080,"caption":"Belt\u00e1 Frajumar"},"image":{"@id":"https:\/\/dev.beltafrajumar.com\/fr\/#\/schema\/logo\/image\/"}}]}},"wcpa_form_fields":{"wcpaData":{"product":{"product_price":903.87,"price_html":"<span class=\"woocommerce-Price-amount amount\"><bdi>903.87&nbsp;<span class=\"woocommerce-Price-currencySymbol\">&euro;<\/span><\/bdi><\/span>","original_product_price":903.87,"price_including_tax":903.87,"price_excluding_tax":747,"product_id":{"parent":23476,"variation":false},"is_variable":false,"stock_status":"instock","stock_quantity":null,"parent_sku":"234BU-1","product_attributes":{"pa_acabado-en-tela":{"is_variation":false,"values":["2-2397-fr","2-2398-fr","2-2399-fr","2-2400-fr","2-4644-fr","2-4645-fr","3-6740-fr","3-6821-fr","3-6823-fr"]}},"custom_fields":[],"is_taxable":true,"product_name":"KORA Fauteuil avec plinthe","hasImage":false},"fields":{"sec_2672217930b21e":{"extra":{"key":"sec_2672217930b21e","section_id":"sec_2672217930b21e","name":"Opci\u00f3n Tapizado","status":1,"cl_rule":"show","enableCl":false,"relations":[],"toggle":true,"title_tag":"h3","show_title":false,"showPrice":"default","form_id":32000,"form_rules":{"exclude_from_discount":false,"fee_label":"Fee","disp_hide_options_price":true,"disp_show_section_price":false,"disp_show_field_price":false,"layout_option":"standard","pric_use_as_fee":false,"process_fee_as":"woo_fee"},"layout_option":"standard"},"fields":[[{"label":"Elige Tela (Imagen Ampliable)","active":true,"required":true,"elementId":"image-group_1672217930b231","name":"image-group_1672217930b231","label_position":"default","desc_position":"default","enablePrice":true,"className":"","enableCl":false,"relations":false,"layOut":"inline","disp_size_img":{"width":"60","height":"60"},"enable_popup":"all","disp_type":"square","img_selection_type":"outline","multiple":false,"values":[{"label":"Gris S2-2397","value":"S2-2397","selected":false,"image":"https:\/\/dev.beltafrajumar.com\/wp-content\/uploads\/2024\/12\/S2-2397-AC21-Gris.jpg","thumb":"https:\/\/dev.beltafrajumar.com\/wp-content\/uploads\/2024\/12\/S2-2397-AC21-Gris-150x150.jpg","tempId":"aco_635","image_id":34562,"price":"0","thumb_src":"https:\/\/dev.beltafrajumar.com\/wp-content\/uploads\/2024\/12\/S2-2397-AC21-Gris-150x150.jpg","gt_translate_keys":["label"]},{"label":"Gris Plata S2-2398","value":"S2-2398","selected":false,"image":"https:\/\/dev.beltafrajumar.com\/wp-content\/uploads\/2024\/12\/S2-2398-AC112-Gris-Plata-AquaClean-Mystic.jpg","thumb":"https:\/\/dev.beltafrajumar.com\/wp-content\/uploads\/2024\/12\/S2-2398-AC112-Gris-Plata-AquaClean-Mystic-150x150.jpg","tempId":"aco_636","image_id":34565,"price":"0","thumb_src":"https:\/\/dev.beltafrajumar.com\/wp-content\/uploads\/2024\/12\/S2-2398-AC112-Gris-Plata-AquaClean-Mystic-150x150.jpg","gt_translate_keys":["label"]},{"label":"Tierra S2-2399","value":"S2-2399","selected":false,"image":"https:\/\/dev.beltafrajumar.com\/wp-content\/uploads\/2024\/12\/S2-2399-AC250-Tierra-AquaClean-Mystic.jpg","thumb":"https:\/\/dev.beltafrajumar.com\/wp-content\/uploads\/2024\/12\/S2-2399-AC250-Tierra-AquaClean-Mystic-150x150.jpg","tempId":"aco_1143","image_id":34568,"price":"0","thumb_src":"https:\/\/dev.beltafrajumar.com\/wp-content\/uploads\/2024\/12\/S2-2399-AC250-Tierra-AquaClean-Mystic-150x150.jpg","gt_translate_keys":["label"]},{"label":"Crudo S2-2400","value":"S2-2400","selected":false,"image":"https:\/\/dev.beltafrajumar.com\/wp-content\/uploads\/2024\/12\/S2-2440-AC324-Crudo-AquaClean-Mystic.jpg","thumb":"https:\/\/dev.beltafrajumar.com\/wp-content\/uploads\/2024\/12\/S2-2440-AC324-Crudo-AquaClean-Mystic-150x150.jpg","tempId":"aco_1156","image_id":34571,"price":"0","thumb_src":"https:\/\/dev.beltafrajumar.com\/wp-content\/uploads\/2024\/12\/S2-2440-AC324-Crudo-AquaClean-Mystic-150x150.jpg","gt_translate_keys":["label"]},{"label":"Blanco S2-4644","value":"S2-4644","selected":false,"image":"https:\/\/dev.beltafrajumar.com\/wp-content\/uploads\/2024\/12\/S2-4644-AC01-Blanco-AquaClean-Mystic.jpg","thumb":"https:\/\/dev.beltafrajumar.com\/wp-content\/uploads\/2024\/12\/S2-4644-AC01-Blanco-AquaClean-Mystic-150x150.jpg","tempId":"aco_1940","image_id":34574,"price":"0","thumb_src":"https:\/\/dev.beltafrajumar.com\/wp-content\/uploads\/2024\/12\/S2-4644-AC01-Blanco-AquaClean-Mystic-150x150.jpg","gt_translate_keys":["label"]},{"label":"Crema S2-4645","value":"S2-4645","selected":false,"image":"https:\/\/dev.beltafrajumar.com\/wp-content\/uploads\/2024\/12\/S2-4644-AC50-Crema-AquaClean-Mystic.jpg","thumb":"https:\/\/dev.beltafrajumar.com\/wp-content\/uploads\/2024\/12\/S2-4644-AC50-Crema-AquaClean-Mystic-150x150.jpg","tempId":"aco_1953","image_id":34577,"price":"0","thumb_src":"https:\/\/dev.beltafrajumar.com\/wp-content\/uploads\/2024\/12\/S2-4644-AC50-Crema-AquaClean-Mystic-150x150.jpg","gt_translate_keys":["label"]},{"label":"Natural S3-6740","value":"S3-6740","selected":false,"image":"https:\/\/dev.beltafrajumar.com\/wp-content\/uploads\/2024\/12\/S3-6740-Natural-DESERT-9700-.jpg","thumb":"https:\/\/dev.beltafrajumar.com\/wp-content\/uploads\/2024\/12\/S3-6740-Natural-DESERT-9700--150x150.jpg","tempId":"aco_1966","image_id":34580,"price":"45","thumb_src":"https:\/\/dev.beltafrajumar.com\/wp-content\/uploads\/2024\/12\/S3-6740-Natural-DESERT-9700--150x150.jpg","gt_translate_keys":["label"]},{"label":"Beige S3-6821","value":"S3-6821","selected":false,"image":"https:\/\/dev.beltafrajumar.com\/wp-content\/uploads\/2024\/12\/S3-6821-Beige-NOAH-05-CREVIN.jpg","thumb":"https:\/\/dev.beltafrajumar.com\/wp-content\/uploads\/2024\/12\/S3-6821-Beige-NOAH-05-CREVIN-150x150.jpg","tempId":"aco_2015","image_id":34583,"price":"95","thumb_src":"https:\/\/dev.beltafrajumar.com\/wp-content\/uploads\/2024\/12\/S3-6821-Beige-NOAH-05-CREVIN-150x150.jpg","gt_translate_keys":["label"]},{"label":"Tostado S3-6823","value":"S3-6823","selected":false,"image":"https:\/\/dev.beltafrajumar.com\/wp-content\/uploads\/2024\/12\/S3-6823-Tostado-NOAH-08-CREVIN.jpg","thumb":"https:\/\/dev.beltafrajumar.com\/wp-content\/uploads\/2024\/12\/S3-6823-Tostado-NOAH-08-CREVIN-150x150.jpg","tempId":"aco_2028","image_id":34586,"price":"95","thumb_src":"https:\/\/dev.beltafrajumar.com\/wp-content\/uploads\/2024\/12\/S3-6823-Tostado-NOAH-08-CREVIN-150x150.jpg","gt_translate_keys":["label"]}],"priceOptions":"different_for_all","pricingType":"fixed","price":"","cl_rule":"show","col":6,"type":"image-group","error":false,"img_preview":true,"img_preview_disable_mobile":false,"scrollBar":false,"other":false,"description":"","tooltip":"","gt_translate_keys":["label","description","tooltip"],"price_dependency":false,"cl_dependency":false,"value":""}]]}},"config":{"price_override":"","enable_recaptcha":false,"bind_quantity":false,"quantity_bind_formula":false,"disp_summ_show_option_price":true,"disp_summ_show_product_price":true,"disp_summ_show_total_price":true,"disp_summ_show_fee":false,"disp_summ_show_discount":false,"summary_title":"","options_total_label":"Opciones","total_label":"Total","options_product_label":"Precio","fee_label":"Fee","discount_label":"Discount","has_price":true,"has_quantity_formula":false},"mc_unit":1,"tax_rate":1.21,"tax_rate_real":0.21,"discount":{"percentage":0,"fixed":0},"design":{"conf":{"LabelPosition":"above","DescPosition":"above","UploadField":"custom_1","QuantityFieldStyle":"default"},"css":{"LeftLabelWidth":"120px"}},"formulas":[],"clones":false,"cartKey":false}},"_links":{"self":[{"href":"https:\/\/dev.beltafrajumar.com\/fr\/wp-json\/wp\/v2\/product\/23476","targetHints":{"allow":["GET"]}}],"collection":[{"href":"https:\/\/dev.beltafrajumar.com\/fr\/wp-json\/wp\/v2\/product"}],"about":[{"href":"https:\/\/dev.beltafrajumar.com\/fr\/wp-json\/wp\/v2\/types\/product"}],"replies":[{"embeddable":true,"href":"https:\/\/dev.beltafrajumar.com\/fr\/wp-json\/wp\/v2\/comments?post=23476"}],"version-history":[{"count":0,"href":"https:\/\/dev.beltafrajumar.com\/fr\/wp-json\/wp\/v2\/product\/23476\/revisions"}],"wp:featuredmedia":[{"embeddable":true,"href":"https:\/\/dev.beltafrajumar.com\/fr\/wp-json\/wp\/v2\/media\/14795"}],"wp:attachment":[{"href":"https:\/\/dev.beltafrajumar.com\/fr\/wp-json\/wp\/v2\/media?parent=23476"}],"wp:term":[{"taxonomy":"product_brand","embeddable":true,"href":"https:\/\/dev.beltafrajumar.com\/fr\/wp-json\/wp\/v2\/product_brand?post=23476"},{"taxonomy":"product_cat","embeddable":true,"href":"https:\/\/dev.beltafrajumar.com\/fr\/wp-json\/wp\/v2\/product_cat?post=23476"},{"taxonomy":"product_tag","embeddable":true,"href":"https:\/\/dev.beltafrajumar.com\/fr\/wp-json\/wp\/v2\/product_tag?post=23476"}],"curies":[{"name":"wp","href":"https:\/\/api.w.org\/{rel}","templated":true}]}}