{"id":24753,"date":"2021-03-11T11:30:42","date_gmt":"2021-03-11T10:30:42","guid":{"rendered":"https:\/\/dev.beltafrajumar.com\/contract-porfolio\/beau-soleil-saint-tropez-france\/"},"modified":"2024-07-17T13:53:32","modified_gmt":"2024-07-17T11:53:32","slug":"beau-soleil-saint-tropez-france","status":"publish","type":"portfolio","link":"https:\/\/dev.beltafrajumar.com\/fr\/contract-porfolio\/beau-soleil-saint-tropez-france\/","title":{"rendered":"Beau Soleil, Saint Tropez, France"},"content":{"rendered":"\t\t<div data-elementor-type=\"page\" data-elementor-id=\"16713\" class=\"elementor elementor-16713 elementor-95\" data-elementor-post-type=\"elementor_library\">\n\t\t\t\t<div data-particle_enable=\"false\" data-particle-mobile-disabled=\"false\" class=\"elementor-element elementor-element-e264472 e-flex e-con-boxed wd-section-disabled e-con e-parent\" data-id=\"e264472\" data-element_type=\"container\">\n\t\t\t\t\t<div class=\"e-con-inner\">\n\t\t\t\t<div class=\"elementor-element elementor-element-684d492d wd-single-breadcrumbs wd-breadcrumbs text-left elementor-widget elementor-widget-wd_wc_breadcrumb\" data-id=\"684d492d\" data-element_type=\"widget\" data-widget_type=\"wd_wc_breadcrumb.default\">\n\t\t\t\t<div class=\"elementor-widget-container\">\n\t\t\t\t\t<nav class=\"woocommerce-breadcrumb\" aria-label=\"Breadcrumb\">\t\t\t\t<span class=\"breadcrumb-last\">\n\t\t\t\t\tAccueil\t\t\t\t<\/span>\n\t\t\t<\/nav>\t\t\t\t<\/div>\n\t\t\t\t<\/div>\n\t\t\t\t\t<\/div>\n\t\t\t\t<\/div>\n\t\t<div data-particle_enable=\"false\" data-particle-mobile-disabled=\"false\" class=\"elementor-element elementor-element-4cc0e0f1 e-flex e-con-boxed wd-section-disabled e-con e-parent\" data-id=\"4cc0e0f1\" data-element_type=\"container\">\n\t\t\t\t\t<div class=\"e-con-inner\">\n\t\t\t\t<div class=\"elementor-element elementor-element-5edf21d8 elementor-widget elementor-widget-heading\" data-id=\"5edf21d8\" data-element_type=\"widget\" data-widget_type=\"heading.default\">\n\t\t\t\t<div class=\"elementor-widget-container\">\n\t\t\t\t\t<h1 class=\"elementor-heading-title elementor-size-default\">Beau Soleil, Saint Tropez, France<\/h1>\t\t\t\t<\/div>\n\t\t\t\t<\/div>\n\t\t\t\t\t<\/div>\n\t\t\t\t<\/div>\n\t\t<div data-particle_enable=\"false\" data-particle-mobile-disabled=\"false\" class=\"elementor-element elementor-element-782c22e0 e-flex e-con-boxed wd-section-disabled e-con e-parent\" data-id=\"782c22e0\" data-element_type=\"container\">\n\t\t\t\t\t<div class=\"e-con-inner\">\n\t\t\t\t<div class=\"elementor-element elementor-element-40fa6c69 elementor-widget elementor-widget-image\" data-id=\"40fa6c69\" data-element_type=\"widget\" data-widget_type=\"image.default\">\n\t\t\t\t<div class=\"elementor-widget-container\">\n\t\t\t\t\t\t\t\t\t\t\t\t\t\t\t<img fetchpriority=\"high\" decoding=\"async\" width=\"1280\" height=\"720\" src=\"https:\/\/dev.beltafrajumar.com\/wp-content\/uploads\/2021\/03\/Diseno-de-interiorismo-Casa-Beau-Soleil-Mobiliario-Belta-Frajumar-Cabecera.jpg\" class=\"attachment-large size-large wp-image-11229\" alt=\"\" srcset=\"https:\/\/dev.beltafrajumar.com\/wp-content\/uploads\/2021\/03\/Diseno-de-interiorismo-Casa-Beau-Soleil-Mobiliario-Belta-Frajumar-Cabecera.jpg 1280w, https:\/\/dev.beltafrajumar.com\/wp-content\/uploads\/2021\/03\/Diseno-de-interiorismo-Casa-Beau-Soleil-Mobiliario-Belta-Frajumar-Cabecera-200x113.jpg 200w, https:\/\/dev.beltafrajumar.com\/wp-content\/uploads\/2021\/03\/Diseno-de-interiorismo-Casa-Beau-Soleil-Mobiliario-Belta-Frajumar-Cabecera-700x394.jpg 700w, https:\/\/dev.beltafrajumar.com\/wp-content\/uploads\/2021\/03\/Diseno-de-interiorismo-Casa-Beau-Soleil-Mobiliario-Belta-Frajumar-Cabecera-300x169.jpg 300w, https:\/\/dev.beltafrajumar.com\/wp-content\/uploads\/2021\/03\/Diseno-de-interiorismo-Casa-Beau-Soleil-Mobiliario-Belta-Frajumar-Cabecera-768x432.jpg 768w\" sizes=\"(max-width: 1280px) 100vw, 1280px\" \/>\t\t\t\t\t\t\t\t\t\t\t\t\t\t\t<\/div>\n\t\t\t\t<\/div>\n\t\t\t\t\t<\/div>\n\t\t\t\t<\/div>\n\t\t<div data-particle_enable=\"false\" data-particle-mobile-disabled=\"false\" class=\"elementor-element elementor-element-4a8719b3 e-flex e-con-boxed wd-section-disabled e-con e-parent\" data-id=\"4a8719b3\" data-element_type=\"container\">\n\t\t\t\t\t<div class=\"e-con-inner\">\n\t\t<div data-particle_enable=\"false\" data-particle-mobile-disabled=\"false\" class=\"elementor-element elementor-element-4b07120b e-con-full e-flex wd-section-disabled e-con e-child\" data-id=\"4b07120b\" data-element_type=\"container\">\n\t\t\t\t<div class=\"elementor-element elementor-element-66afb1dc color-scheme-inherit text-left elementor-widget elementor-widget-text-editor\" data-id=\"66afb1dc\" data-element_type=\"widget\" data-widget_type=\"text-editor.default\">\n\t\t\t\t<div class=\"elementor-widget-container\">\n\t\t\t\t\t\t\t\t\t<p>NOM DU PROJET<\/p>\n\t\t\t\t\t\t\t\t<\/div>\n\t\t\t\t<\/div>\n\t\t\t\t<div class=\"elementor-element elementor-element-5aa58c50 color-scheme-inherit text-left elementor-widget elementor-widget-text-editor\" data-id=\"5aa58c50\" data-element_type=\"widget\" data-widget_type=\"text-editor.default\">\n\t\t\t\t<div class=\"elementor-widget-container\">\n\t\t\t\t\t\t\t\t\tBeau Soleil, Sain Tropez, Francia\t\t\t\t\t\t\t\t<\/div>\n\t\t\t\t<\/div>\n\t\t\t\t<\/div>\n\t\t<div data-particle_enable=\"false\" data-particle-mobile-disabled=\"false\" class=\"elementor-element elementor-element-748d3b0c e-con-full e-flex wd-section-disabled e-con e-child\" data-id=\"748d3b0c\" data-element_type=\"container\">\n\t\t\t\t<div class=\"elementor-element elementor-element-69bc5646 color-scheme-inherit text-left elementor-widget elementor-widget-text-editor\" data-id=\"69bc5646\" data-element_type=\"widget\" data-widget_type=\"text-editor.default\">\n\t\t\t\t<div class=\"elementor-widget-container\">\n\t\t\t\t\t\t\t\t\t<p>\u00c0 PROPOS DU PROJET<\/p>\n\t\t\t\t\t\t\t\t<\/div>\n\t\t\t\t<\/div>\n\t\t\t\t<div class=\"elementor-element elementor-element-1c1ee4c6 color-scheme-inherit text-left elementor-widget elementor-widget-text-editor\" data-id=\"1c1ee4c6\" data-element_type=\"widget\" data-widget_type=\"text-editor.default\">\n\t\t\t\t<div class=\"elementor-widget-container\">\n\t\t\t\t\t\t\t\t\tCette Villa \u00e0 Saint Tropez, en France, se distingue par sa situation face \u00e0 la mer M\u00e9diterran\u00e9e. A l&rsquo;int\u00e9rieur, on retrouve le pouf CUBE et le canap\u00e9 GUES, au design intemporel qui s&rsquo;adapte \u00e0 l&rsquo;environnement naturel. Le canap\u00e9 GUES, recouvert de velours et dot\u00e9 de pieds en bois massif, est le protagoniste des salons. Les chambres sup\u00e9rieures disposent de si\u00e8ges DELTA et LASE, tous deux avec bases pivotantes et recouverts de tissu personnalis\u00e9.\t\t\t\t\t\t\t\t<\/div>\n\t\t\t\t<\/div>\n\t\t\t\t<\/div>\n\t\t\t\t\t<\/div>\n\t\t\t\t<\/div>\n\t\t<div data-particle_enable=\"false\" data-particle-mobile-disabled=\"false\" class=\"elementor-element elementor-element-444131a5 e-flex e-con-boxed wd-section-disabled e-con e-parent\" data-id=\"444131a5\" data-element_type=\"container\">\n\t\t\t\t\t<div class=\"e-con-inner\">\n\t\t\t\t<div class=\"elementor-element elementor-element-38e899c1 gallery-spacing-custom elementor-widget elementor-widget-image-gallery\" data-id=\"38e899c1\" data-element_type=\"widget\" data-widget_type=\"image-gallery.default\">\n\t\t\t\t<div class=\"elementor-widget-container\">\n\t\t\t\t\t\t\t<div class=\"elementor-image-gallery\">\n\t\t\t\n\t\t<style type=\"text\/css\">\n\t\t\t#gallery-1 {\n\t\t\t\tmargin: auto;\n\t\t\t}\n\t\t\t#gallery-1 .gallery-item {\n\t\t\t\tfloat: left;\n\t\t\t\tmargin-top: 10px;\n\t\t\t\ttext-align: center;\n\t\t\t\twidth: 50%;\n\t\t\t}\n\t\t\t#gallery-1 img {\n\t\t\t\tborder: 2px solid #cfcfcf;\n\t\t\t}\n\t\t\t#gallery-1 .gallery-caption {\n\t\t\t\tmargin-left: 0;\n\t\t\t}\n\t\t\t\/* see gallery_shortcode() in wp-includes\/media.php *\/\n\t\t<\/style>\n\t\t<div id='gallery-1' class='gallery galleryid-24753 gallery-columns-2 gallery-size-full'><dl class='gallery-item'>\n\t\t\t<dt class='gallery-icon landscape'>\n\t\t\t\t<a data-elementor-open-lightbox=\"yes\" data-elementor-lightbox-slideshow=\"38e899c1\" data-elementor-lightbox-title=\"Dise\u00f1o de interiorismo Casa Beau Soleil - Mobiliario Belt\u00e1 Frajumar\" data-e-action-hash=\"#elementor-action%3Aaction%3Dlightbox%26settings%3DeyJpZCI6MTEyNDEsInVybCI6Imh0dHBzOlwvXC9kZXYuYmVsdGFmcmFqdW1hci5jb21cL3dwLWNvbnRlbnRcL3VwbG9hZHNcLzIwMjFcLzAzXC9EaXNlbm8tZGUtaW50ZXJpb3Jpc21vLUNhc2EtQmVhdS1Tb2xlaWwtTW9iaWxpYXJpby1CZWx0YS1GcmFqdW1hci01LmpwZyIsInNsaWRlc2hvdyI6IjM4ZTg5OWMxIn0%3D\" href='https:\/\/dev.beltafrajumar.com\/wp-content\/uploads\/2021\/03\/Diseno-de-interiorismo-Casa-Beau-Soleil-Mobiliario-Belta-Frajumar-5.jpg'><img decoding=\"async\" width=\"1024\" height=\"768\" src=\"https:\/\/dev.beltafrajumar.com\/wp-content\/uploads\/2021\/03\/Diseno-de-interiorismo-Casa-Beau-Soleil-Mobiliario-Belta-Frajumar-5.jpg\" class=\"attachment-full size-full\" alt=\"\" srcset=\"https:\/\/dev.beltafrajumar.com\/wp-content\/uploads\/2021\/03\/Diseno-de-interiorismo-Casa-Beau-Soleil-Mobiliario-Belta-Frajumar-5.jpg 1024w, https:\/\/dev.beltafrajumar.com\/wp-content\/uploads\/2021\/03\/Diseno-de-interiorismo-Casa-Beau-Soleil-Mobiliario-Belta-Frajumar-5-200x150.jpg 200w, https:\/\/dev.beltafrajumar.com\/wp-content\/uploads\/2021\/03\/Diseno-de-interiorismo-Casa-Beau-Soleil-Mobiliario-Belta-Frajumar-5-700x525.jpg 700w, https:\/\/dev.beltafrajumar.com\/wp-content\/uploads\/2021\/03\/Diseno-de-interiorismo-Casa-Beau-Soleil-Mobiliario-Belta-Frajumar-5-300x225.jpg 300w, https:\/\/dev.beltafrajumar.com\/wp-content\/uploads\/2021\/03\/Diseno-de-interiorismo-Casa-Beau-Soleil-Mobiliario-Belta-Frajumar-5-768x576.jpg 768w\" sizes=\"(max-width: 1024px) 100vw, 1024px\" \/><\/a>\n\t\t\t<\/dt><\/dl><dl class='gallery-item'>\n\t\t\t<dt class='gallery-icon landscape'>\n\t\t\t\t<a data-elementor-open-lightbox=\"yes\" data-elementor-lightbox-slideshow=\"38e899c1\" data-elementor-lightbox-title=\"Dise\u00f1o de interiorismo Casa Beau Soleil - Mobiliario Belt\u00e1 Frajumar\" data-e-action-hash=\"#elementor-action%3Aaction%3Dlightbox%26settings%3DeyJpZCI6MTEyMzUsInVybCI6Imh0dHBzOlwvXC9kZXYuYmVsdGFmcmFqdW1hci5jb21cL3dwLWNvbnRlbnRcL3VwbG9hZHNcLzIwMjFcLzAzXC9EaXNlbm8tZGUtaW50ZXJpb3Jpc21vLUNhc2EtQmVhdS1Tb2xlaWwtTW9iaWxpYXJpby1CZWx0YS1GcmFqdW1hci0yLmpwZyIsInNsaWRlc2hvdyI6IjM4ZTg5OWMxIn0%3D\" href='https:\/\/dev.beltafrajumar.com\/wp-content\/uploads\/2021\/03\/Diseno-de-interiorismo-Casa-Beau-Soleil-Mobiliario-Belta-Frajumar-2.jpg'><img decoding=\"async\" width=\"1024\" height=\"768\" src=\"https:\/\/dev.beltafrajumar.com\/wp-content\/uploads\/2021\/03\/Diseno-de-interiorismo-Casa-Beau-Soleil-Mobiliario-Belta-Frajumar-2.jpg\" class=\"attachment-full size-full\" alt=\"\" srcset=\"https:\/\/dev.beltafrajumar.com\/wp-content\/uploads\/2021\/03\/Diseno-de-interiorismo-Casa-Beau-Soleil-Mobiliario-Belta-Frajumar-2.jpg 1024w, https:\/\/dev.beltafrajumar.com\/wp-content\/uploads\/2021\/03\/Diseno-de-interiorismo-Casa-Beau-Soleil-Mobiliario-Belta-Frajumar-2-200x150.jpg 200w, https:\/\/dev.beltafrajumar.com\/wp-content\/uploads\/2021\/03\/Diseno-de-interiorismo-Casa-Beau-Soleil-Mobiliario-Belta-Frajumar-2-700x525.jpg 700w, https:\/\/dev.beltafrajumar.com\/wp-content\/uploads\/2021\/03\/Diseno-de-interiorismo-Casa-Beau-Soleil-Mobiliario-Belta-Frajumar-2-300x225.jpg 300w, https:\/\/dev.beltafrajumar.com\/wp-content\/uploads\/2021\/03\/Diseno-de-interiorismo-Casa-Beau-Soleil-Mobiliario-Belta-Frajumar-2-768x576.jpg 768w\" sizes=\"(max-width: 1024px) 100vw, 1024px\" \/><\/a>\n\t\t\t<\/dt><\/dl><br style=\"clear: both\" \/><dl class='gallery-item'>\n\t\t\t<dt class='gallery-icon landscape'>\n\t\t\t\t<a data-elementor-open-lightbox=\"yes\" data-elementor-lightbox-slideshow=\"38e899c1\" data-elementor-lightbox-title=\"Dise\u00f1o de interiorismo Casa Beau Soleil - Mobiliario Belt\u00e1 Frajumar\" data-e-action-hash=\"#elementor-action%3Aaction%3Dlightbox%26settings%3DeyJpZCI6MTEyMzksInVybCI6Imh0dHBzOlwvXC9kZXYuYmVsdGFmcmFqdW1hci5jb21cL3dwLWNvbnRlbnRcL3VwbG9hZHNcLzIwMjFcLzAzXC9EaXNlbm8tZGUtaW50ZXJpb3Jpc21vLUNhc2EtQmVhdS1Tb2xlaWwtTW9iaWxpYXJpby1CZWx0YS1GcmFqdW1hci00LmpwZyIsInNsaWRlc2hvdyI6IjM4ZTg5OWMxIn0%3D\" href='https:\/\/dev.beltafrajumar.com\/wp-content\/uploads\/2021\/03\/Diseno-de-interiorismo-Casa-Beau-Soleil-Mobiliario-Belta-Frajumar-4.jpg'><img loading=\"lazy\" decoding=\"async\" width=\"1024\" height=\"768\" src=\"https:\/\/dev.beltafrajumar.com\/wp-content\/uploads\/2021\/03\/Diseno-de-interiorismo-Casa-Beau-Soleil-Mobiliario-Belta-Frajumar-4.jpg\" class=\"attachment-full size-full\" alt=\"\" srcset=\"https:\/\/dev.beltafrajumar.com\/wp-content\/uploads\/2021\/03\/Diseno-de-interiorismo-Casa-Beau-Soleil-Mobiliario-Belta-Frajumar-4.jpg 1024w, https:\/\/dev.beltafrajumar.com\/wp-content\/uploads\/2021\/03\/Diseno-de-interiorismo-Casa-Beau-Soleil-Mobiliario-Belta-Frajumar-4-200x150.jpg 200w, https:\/\/dev.beltafrajumar.com\/wp-content\/uploads\/2021\/03\/Diseno-de-interiorismo-Casa-Beau-Soleil-Mobiliario-Belta-Frajumar-4-700x525.jpg 700w, https:\/\/dev.beltafrajumar.com\/wp-content\/uploads\/2021\/03\/Diseno-de-interiorismo-Casa-Beau-Soleil-Mobiliario-Belta-Frajumar-4-300x225.jpg 300w, https:\/\/dev.beltafrajumar.com\/wp-content\/uploads\/2021\/03\/Diseno-de-interiorismo-Casa-Beau-Soleil-Mobiliario-Belta-Frajumar-4-768x576.jpg 768w\" sizes=\"(max-width: 1024px) 100vw, 1024px\" \/><\/a>\n\t\t\t<\/dt><\/dl><dl class='gallery-item'>\n\t\t\t<dt class='gallery-icon landscape'>\n\t\t\t\t<a data-elementor-open-lightbox=\"yes\" data-elementor-lightbox-slideshow=\"38e899c1\" data-elementor-lightbox-title=\"Dise\u00f1o de interiorismo Casa Beau Soleil - Mobiliario Belt\u00e1 Frajumar\" data-e-action-hash=\"#elementor-action%3Aaction%3Dlightbox%26settings%3DeyJpZCI6MTEyMzcsInVybCI6Imh0dHBzOlwvXC9kZXYuYmVsdGFmcmFqdW1hci5jb21cL3dwLWNvbnRlbnRcL3VwbG9hZHNcLzIwMjFcLzAzXC9EaXNlbm8tZGUtaW50ZXJpb3Jpc21vLUNhc2EtQmVhdS1Tb2xlaWwtTW9iaWxpYXJpby1CZWx0YS1GcmFqdW1hci0zLmpwZyIsInNsaWRlc2hvdyI6IjM4ZTg5OWMxIn0%3D\" href='https:\/\/dev.beltafrajumar.com\/wp-content\/uploads\/2021\/03\/Diseno-de-interiorismo-Casa-Beau-Soleil-Mobiliario-Belta-Frajumar-3.jpg'><img loading=\"lazy\" decoding=\"async\" width=\"1024\" height=\"768\" src=\"https:\/\/dev.beltafrajumar.com\/wp-content\/uploads\/2021\/03\/Diseno-de-interiorismo-Casa-Beau-Soleil-Mobiliario-Belta-Frajumar-3.jpg\" class=\"attachment-full size-full\" alt=\"\" srcset=\"https:\/\/dev.beltafrajumar.com\/wp-content\/uploads\/2021\/03\/Diseno-de-interiorismo-Casa-Beau-Soleil-Mobiliario-Belta-Frajumar-3.jpg 1024w, https:\/\/dev.beltafrajumar.com\/wp-content\/uploads\/2021\/03\/Diseno-de-interiorismo-Casa-Beau-Soleil-Mobiliario-Belta-Frajumar-3-200x150.jpg 200w, https:\/\/dev.beltafrajumar.com\/wp-content\/uploads\/2021\/03\/Diseno-de-interiorismo-Casa-Beau-Soleil-Mobiliario-Belta-Frajumar-3-700x525.jpg 700w, https:\/\/dev.beltafrajumar.com\/wp-content\/uploads\/2021\/03\/Diseno-de-interiorismo-Casa-Beau-Soleil-Mobiliario-Belta-Frajumar-3-300x225.jpg 300w, https:\/\/dev.beltafrajumar.com\/wp-content\/uploads\/2021\/03\/Diseno-de-interiorismo-Casa-Beau-Soleil-Mobiliario-Belta-Frajumar-3-768x576.jpg 768w\" sizes=\"(max-width: 1024px) 100vw, 1024px\" \/><\/a>\n\t\t\t<\/dt><\/dl><br style=\"clear: both\" \/><dl class='gallery-item'>\n\t\t\t<dt class='gallery-icon landscape'>\n\t\t\t\t<a data-elementor-open-lightbox=\"yes\" data-elementor-lightbox-slideshow=\"38e899c1\" data-elementor-lightbox-title=\"Dise\u00f1o de interiorismo Casa Beau Soleil - Mobiliario Belt\u00e1 Frajumar\" data-e-action-hash=\"#elementor-action%3Aaction%3Dlightbox%26settings%3DeyJpZCI6MTEyMzMsInVybCI6Imh0dHBzOlwvXC9kZXYuYmVsdGFmcmFqdW1hci5jb21cL3dwLWNvbnRlbnRcL3VwbG9hZHNcLzIwMjFcLzAzXC9EaXNlbm8tZGUtaW50ZXJpb3Jpc21vLUNhc2EtQmVhdS1Tb2xlaWwtTW9iaWxpYXJpby1CZWx0YS1GcmFqdW1hci0xLmpwZyIsInNsaWRlc2hvdyI6IjM4ZTg5OWMxIn0%3D\" href='https:\/\/dev.beltafrajumar.com\/wp-content\/uploads\/2021\/03\/Diseno-de-interiorismo-Casa-Beau-Soleil-Mobiliario-Belta-Frajumar-1.jpg'><img loading=\"lazy\" decoding=\"async\" width=\"1024\" height=\"768\" src=\"https:\/\/dev.beltafrajumar.com\/wp-content\/uploads\/2021\/03\/Diseno-de-interiorismo-Casa-Beau-Soleil-Mobiliario-Belta-Frajumar-1.jpg\" class=\"attachment-full size-full\" alt=\"\" srcset=\"https:\/\/dev.beltafrajumar.com\/wp-content\/uploads\/2021\/03\/Diseno-de-interiorismo-Casa-Beau-Soleil-Mobiliario-Belta-Frajumar-1.jpg 1024w, https:\/\/dev.beltafrajumar.com\/wp-content\/uploads\/2021\/03\/Diseno-de-interiorismo-Casa-Beau-Soleil-Mobiliario-Belta-Frajumar-1-200x150.jpg 200w, https:\/\/dev.beltafrajumar.com\/wp-content\/uploads\/2021\/03\/Diseno-de-interiorismo-Casa-Beau-Soleil-Mobiliario-Belta-Frajumar-1-700x525.jpg 700w, https:\/\/dev.beltafrajumar.com\/wp-content\/uploads\/2021\/03\/Diseno-de-interiorismo-Casa-Beau-Soleil-Mobiliario-Belta-Frajumar-1-300x225.jpg 300w, https:\/\/dev.beltafrajumar.com\/wp-content\/uploads\/2021\/03\/Diseno-de-interiorismo-Casa-Beau-Soleil-Mobiliario-Belta-Frajumar-1-768x576.jpg 768w\" sizes=\"(max-width: 1024px) 100vw, 1024px\" \/><\/a>\n\t\t\t<\/dt><\/dl><dl class='gallery-item'>\n\t\t\t<dt class='gallery-icon landscape'>\n\t\t\t\t<a data-elementor-open-lightbox=\"yes\" data-elementor-lightbox-slideshow=\"38e899c1\" data-elementor-lightbox-title=\"Dise\u00f1o de interiorismo Casa Beau Soleil - Mobiliario Belt\u00e1 Frajumar\" data-e-action-hash=\"#elementor-action%3Aaction%3Dlightbox%26settings%3DeyJpZCI6MTEyMzEsInVybCI6Imh0dHBzOlwvXC9kZXYuYmVsdGFmcmFqdW1hci5jb21cL3dwLWNvbnRlbnRcL3VwbG9hZHNcLzIwMjFcLzAzXC9EaXNlbm8tZGUtaW50ZXJpb3Jpc21vLUNhc2EtQmVhdS1Tb2xlaWwtTW9iaWxpYXJpby1CZWx0YS1GcmFqdW1hci02LmpwZyIsInNsaWRlc2hvdyI6IjM4ZTg5OWMxIn0%3D\" href='https:\/\/dev.beltafrajumar.com\/wp-content\/uploads\/2021\/03\/Diseno-de-interiorismo-Casa-Beau-Soleil-Mobiliario-Belta-Frajumar-6.jpg'><img loading=\"lazy\" decoding=\"async\" width=\"1024\" height=\"768\" src=\"https:\/\/dev.beltafrajumar.com\/wp-content\/uploads\/2021\/03\/Diseno-de-interiorismo-Casa-Beau-Soleil-Mobiliario-Belta-Frajumar-6.jpg\" class=\"attachment-full size-full\" alt=\"\" srcset=\"https:\/\/dev.beltafrajumar.com\/wp-content\/uploads\/2021\/03\/Diseno-de-interiorismo-Casa-Beau-Soleil-Mobiliario-Belta-Frajumar-6.jpg 1024w, https:\/\/dev.beltafrajumar.com\/wp-content\/uploads\/2021\/03\/Diseno-de-interiorismo-Casa-Beau-Soleil-Mobiliario-Belta-Frajumar-6-200x150.jpg 200w, https:\/\/dev.beltafrajumar.com\/wp-content\/uploads\/2021\/03\/Diseno-de-interiorismo-Casa-Beau-Soleil-Mobiliario-Belta-Frajumar-6-700x525.jpg 700w, https:\/\/dev.beltafrajumar.com\/wp-content\/uploads\/2021\/03\/Diseno-de-interiorismo-Casa-Beau-Soleil-Mobiliario-Belta-Frajumar-6-300x225.jpg 300w, https:\/\/dev.beltafrajumar.com\/wp-content\/uploads\/2021\/03\/Diseno-de-interiorismo-Casa-Beau-Soleil-Mobiliario-Belta-Frajumar-6-768x576.jpg 768w\" sizes=\"(max-width: 1024px) 100vw, 1024px\" \/><\/a>\n\t\t\t<\/dt><\/dl><br style=\"clear: both\" \/>\n\t\t<\/div>\n\t\t<\/div>\n\t\t\t\t\t\t<\/div>\n\t\t\t\t<\/div>\n\t\t\t\t\t<\/div>\n\t\t\t\t<\/div>\n\t\t<div data-particle_enable=\"false\" data-particle-mobile-disabled=\"false\" class=\"elementor-element elementor-element-df69e59 e-flex e-con-boxed wd-section-disabled e-con e-parent\" data-id=\"df69e59\" data-element_type=\"container\">\n\t\t\t\t\t<div class=\"e-con-inner\">\n\t\t\t\t<div class=\"elementor-element elementor-element-26ce0d2 elementor-widget elementor-widget-heading\" data-id=\"26ce0d2\" data-element_type=\"widget\" data-widget_type=\"heading.default\">\n\t\t\t\t<div class=\"elementor-widget-container\">\n\t\t\t\t\t<h2 class=\"elementor-heading-title elementor-size-default\">Produits apparent\u00e9s<\/h2>\t\t\t\t<\/div>\n\t\t\t\t<\/div>\n\t\t\t\t<div class=\"elementor-element elementor-element-ac40e2d elementor-widget elementor-widget-shortcode\" data-id=\"ac40e2d\" data-element_type=\"widget\" data-widget_type=\"shortcode.default\">\n\t\t\t\t<div class=\"elementor-widget-container\">\n\t\t\t\t\t\t\t<div class=\"elementor-shortcode\"><div class=\"woocommerce columns-4 \">\n<div class=\"products elements-grid wd-products-holder  wd-spacing-20 grid-columns-3 pagination-infinit wd-stretch-cont-lg wd-stretch-cont-md wd-stretch-cont-sm align-items-start row\" data-source=\"main_loop\" data-min_price=\"\" data-max_price=\"\" data-columns=\"3\">\n<div class=\"product-grid-item product wd-hover-buttons-on-hover  col-lg-4 col-md-4 col-12 first  wcpa_has_options type-product post-24202 status-publish instock product_cat-fauteuils-hotels product_cat-fauteuils-maison product_cat-mobilier-hotel product_cat-mobilier-maison product_tag-javier-herrero-fr product_tag-novembre product_tag-ventes-en-ligne has-post-thumbnail taxable shipping-taxable purchasable product-type-simple\" data-loop=\"1\" data-id=\"24202\">\n\t\n\t\n<div class=\"product-wrapper\">\n\t<div class=\"product-element-top wd-quick-shop\">\n\t\t<a href=\"https:\/\/dev.beltafrajumar.com\/fr\/produit\/delta-fauteuil-pivotant\/\" class=\"product-image-link\">\n\t\t\t<img loading=\"lazy\" decoding=\"async\" width=\"600\" height=\"600\" src=\"https:\/\/dev.beltafrajumar.com\/wp-content\/uploads\/2024\/04\/DELTA-butaca-giratoria-Mobiliario-Belta-Frajumar-600x600.jpg\" class=\"attachment-woocommerce_thumbnail size-woocommerce_thumbnail\" alt=\"Fauteuil pivotant DELTA - Mobilier Belt\u00e1 Frajumar\" srcset=\"https:\/\/dev.beltafrajumar.com\/wp-content\/uploads\/2024\/04\/DELTA-butaca-giratoria-Mobiliario-Belta-Frajumar-600x600.jpg 600w, https:\/\/dev.beltafrajumar.com\/wp-content\/uploads\/2024\/04\/DELTA-butaca-giratoria-Mobiliario-Belta-Frajumar-200x200.jpg 200w, https:\/\/dev.beltafrajumar.com\/wp-content\/uploads\/2024\/04\/DELTA-butaca-giratoria-Mobiliario-Belta-Frajumar-700x700.jpg 700w, https:\/\/dev.beltafrajumar.com\/wp-content\/uploads\/2024\/04\/DELTA-butaca-giratoria-Mobiliario-Belta-Frajumar-300x300.jpg 300w, https:\/\/dev.beltafrajumar.com\/wp-content\/uploads\/2024\/04\/DELTA-butaca-giratoria-Mobiliario-Belta-Frajumar-150x150.jpg 150w, https:\/\/dev.beltafrajumar.com\/wp-content\/uploads\/2024\/04\/DELTA-butaca-giratoria-Mobiliario-Belta-Frajumar-768x768.jpg 768w, https:\/\/dev.beltafrajumar.com\/wp-content\/uploads\/2024\/04\/DELTA-butaca-giratoria-Mobiliario-Belta-Frajumar-1200x1200.jpg 1200w, https:\/\/dev.beltafrajumar.com\/wp-content\/uploads\/2024\/04\/DELTA-butaca-giratoria-Mobiliario-Belta-Frajumar.jpg 1492w\" sizes=\"(max-width: 600px) 100vw, 600px\" \/>\t\t<\/a>\n\n\t\t\t\t\t<div class=\"hover-img\">\n\t\t\t\t<a href=\"https:\/\/dev.beltafrajumar.com\/fr\/produit\/delta-fauteuil-pivotant\/\">\n\t\t\t\t\t<img loading=\"lazy\" decoding=\"async\" width=\"600\" height=\"600\" src=\"https:\/\/dev.beltafrajumar.com\/wp-content\/uploads\/2024\/04\/DELTA-butaca-giratoria-600x600.jpg\" class=\"attachment-woocommerce_thumbnail size-woocommerce_thumbnail\" alt=\"Fauteuil pivotant DELTA - Mobilier design exclusif Belt\u00e1 Frajumar\" srcset=\"https:\/\/dev.beltafrajumar.com\/wp-content\/uploads\/2024\/04\/DELTA-butaca-giratoria-600x600.jpg 600w, https:\/\/dev.beltafrajumar.com\/wp-content\/uploads\/2024\/04\/DELTA-butaca-giratoria-150x150.jpg 150w\" sizes=\"(max-width: 600px) 100vw, 600px\" \/>\t\t\t\t<\/a>\n\t\t\t<\/div>\n\t\t\t\n\t\t<div class=\"wd-buttons wd-pos-r-t\">\n\t\t\t\t\t\t<div class=\"wd-wishlist-btn wd-action-btn wd-style-icon wd-wishlist-icon\">\n\t\t\t\t<a class=\"\" href=\"https:\/\/dev.beltafrajumar.com\/fr\/wishlist\/\" data-key=\"961e6cadd7\" data-product-id=\"2355\" rel=\"nofollow\" data-added-text=\"Browse Wishlist\">\n\t\t\t\t\t<span>Add to wishlist<\/span>\n\t\t\t\t<\/a>\n\t\t\t<\/div>\n\t\t\t\t<\/div>\n\t<\/div>\n\n\t<div class=\"product-element-bottom\">\n\n\t\t<div class=\"wd-product-header\">\n\t\t\t<h3 class=\"wd-entities-title\"><a href=\"https:\/\/dev.beltafrajumar.com\/fr\/produit\/delta-fauteuil-pivotant\/\">DELTA fauteuil pivotant<\/a><\/h3>\n\t\t\t\t\t<\/div>\n\n\t\t\n\t\t\n\t\t\n\t\t<div class=\"wrap-price\">\n\t\t\t\n\t<span class=\"price\"><span class=\"woocommerce-Price-amount amount\"><bdi>1,262.03&nbsp;<span class=\"woocommerce-Price-currencySymbol\">&euro;<\/span><\/bdi><\/span><\/span>\n      \n\t\t\t\t\t<\/div>\n\n\t\t\n\t\t\n\t\t\n\t\t\n\t\t<div class=\"wd-product-footer\">\n\t\t\t<div class=\"wd-add-btn wd-add-btn-replace\">\n\t\t\t\t<a href=\"https:\/\/dev.beltafrajumar.com\/fr\/produit\/delta-fauteuil-pivotant\/\" data-quantity=\"1\" class=\"button product_type_simple add_to_cart_button wcpa_add_to_cart_button add-to-cart-loop\" data-product_id=\"24202\" data-product_sku=\"224BG\" aria-label=\"Ajouter au panier\u00a0: &ldquo;DELTA fauteuil pivotant&rdquo;\" rel=\"nofollow\" data-success_message=\"\u00ab\u00a0DELTA fauteuil pivotant\u00a0\u00bb a \u00e9t\u00e9 ajout\u00e9 \u00e0 votre panier\"><span>S\u00e9lectionner les options<\/span><\/a>\t\t\t<\/div>\n\t\t\t<div class=\"wd-action-buttons\">\n\t\t\t\t\t\t\t\t\t\t\t<\/div>\n\t\t<\/div>\n\t<\/div>\n<\/div>\n<\/div>\n<div class=\"product-grid-item product wd-hover-buttons-on-hover  col-lg-4 col-md-4 col-12 type-product post-23096 status-publish instock product_cat-fauteuils-hotels product_cat-mobilier-hotel product_tag-pas-de-vente-en-ligne product_tag-robert-ortega-fr has-post-thumbnail taxable shipping-taxable purchasable product-type-simple\" data-loop=\"2\" data-id=\"23096\">\n\t\n\t\n<div class=\"product-wrapper\">\n\t<div class=\"product-element-top wd-quick-shop\">\n\t\t<a href=\"https:\/\/dev.beltafrajumar.com\/fr\/produit\/erto-fauteuil\/\" class=\"product-image-link\">\n\t\t\t<img loading=\"lazy\" decoding=\"async\" width=\"600\" height=\"600\" src=\"https:\/\/dev.beltafrajumar.com\/wp-content\/uploads\/2024\/04\/ERTO-butaca-600x600.jpg\" class=\"attachment-woocommerce_thumbnail size-woocommerce_thumbnail\" alt=\"Fauteuil ERTO pour h\u00f4tel - Meubles exclusifs pour le secteur de l&#039;hospitalit\u00e9 Belt\u00e1 Frajumar\" srcset=\"https:\/\/dev.beltafrajumar.com\/wp-content\/uploads\/2024\/04\/ERTO-butaca-600x600.jpg 600w, https:\/\/dev.beltafrajumar.com\/wp-content\/uploads\/2024\/04\/ERTO-butaca-200x200.jpg 200w, https:\/\/dev.beltafrajumar.com\/wp-content\/uploads\/2024\/04\/ERTO-butaca-700x700.jpg 700w, https:\/\/dev.beltafrajumar.com\/wp-content\/uploads\/2024\/04\/ERTO-butaca-300x300.jpg 300w, https:\/\/dev.beltafrajumar.com\/wp-content\/uploads\/2024\/04\/ERTO-butaca-150x150.jpg 150w, https:\/\/dev.beltafrajumar.com\/wp-content\/uploads\/2024\/04\/ERTO-butaca-768x768.jpg 768w, https:\/\/dev.beltafrajumar.com\/wp-content\/uploads\/2024\/04\/ERTO-butaca-1200x1200.jpg 1200w, https:\/\/dev.beltafrajumar.com\/wp-content\/uploads\/2024\/04\/ERTO-butaca.jpg 1492w\" sizes=\"(max-width: 600px) 100vw, 600px\" \/>\t\t<\/a>\n\n\t\t\t\t\t<div class=\"hover-img\">\n\t\t\t\t<a href=\"https:\/\/dev.beltafrajumar.com\/fr\/produit\/erto-fauteuil\/\">\n\t\t\t\t\t<img loading=\"lazy\" decoding=\"async\" width=\"600\" height=\"600\" src=\"https:\/\/dev.beltafrajumar.com\/wp-content\/uploads\/2024\/04\/ERTO-Butaca-para-hotel-Mobiliario-Hospitality-Contract-exclusivo-Belta-Frajumar-600x600.jpg\" class=\"attachment-woocommerce_thumbnail size-woocommerce_thumbnail\" alt=\"Fauteuil ERTO pour h\u00f4tel - Meubles exclusifs pour le secteur de l&#039;hospitalit\u00e9 Belt\u00e1 Frajumar\" srcset=\"https:\/\/dev.beltafrajumar.com\/wp-content\/uploads\/2024\/04\/ERTO-Butaca-para-hotel-Mobiliario-Hospitality-Contract-exclusivo-Belta-Frajumar-600x600.jpg 600w, https:\/\/dev.beltafrajumar.com\/wp-content\/uploads\/2024\/04\/ERTO-Butaca-para-hotel-Mobiliario-Hospitality-Contract-exclusivo-Belta-Frajumar-150x150.jpg 150w\" sizes=\"(max-width: 600px) 100vw, 600px\" \/>\t\t\t\t<\/a>\n\t\t\t<\/div>\n\t\t\t\n\t\t<div class=\"wd-buttons wd-pos-r-t\">\n\t\t\t\t\t\t<div class=\"wd-wishlist-btn wd-action-btn wd-style-icon wd-wishlist-icon\">\n\t\t\t\t<a class=\"\" href=\"https:\/\/dev.beltafrajumar.com\/fr\/wishlist\/\" data-key=\"961e6cadd7\" data-product-id=\"3854\" rel=\"nofollow\" data-added-text=\"Browse Wishlist\">\n\t\t\t\t\t<span>Add to wishlist<\/span>\n\t\t\t\t<\/a>\n\t\t\t<\/div>\n\t\t\t\t<\/div>\n\t<\/div>\n\n\t<div class=\"product-element-bottom\">\n\n\t\t<div class=\"wd-product-header\">\n\t\t\t<h3 class=\"wd-entities-title\"><a href=\"https:\/\/dev.beltafrajumar.com\/fr\/produit\/erto-fauteuil\/\">ERTO Fauteuil<\/a><\/h3>\n\t\t\t\t\t<\/div>\n\n\t\t\n\t\t\n\t\t\n\t\t<div class=\"wrap-price\">\n\t\t\t\n\t<span class=\"price\"><span class=\"woocommerce-Price-amount amount\"><bdi>1,062.38&nbsp;<span class=\"woocommerce-Price-currencySymbol\">&euro;<\/span><\/bdi><\/span><\/span>\n      \n\t\t\t\t\t<\/div>\n\n\t\t\n\t\t\n\t\t\n\t\t\n\t\t<div class=\"wd-product-footer\">\n\t\t\t<div class=\"wd-add-btn wd-add-btn-replace\">\n\t\t\t\t<a href=\"?add-to-cart=23096\" data-quantity=\"1\" class=\"button product_type_simple add_to_cart_button ajax_add_to_cart add-to-cart-loop\" data-product_id=\"23096\" data-product_sku=\"209BQ\" aria-label=\"Ajouter au panier\u00a0: &ldquo;ERTO Fauteuil&rdquo;\" rel=\"nofollow\" data-success_message=\"\u00ab\u00a0ERTO Fauteuil\u00a0\u00bb a \u00e9t\u00e9 ajout\u00e9 \u00e0 votre panier\"><span>Ajouter au panier<\/span><\/a>\t\t\t<\/div>\n\t\t\t<div class=\"wd-action-buttons\">\n\t\t\t\t\t\t\t\t\t\t\t<\/div>\n\t\t<\/div>\n\t<\/div>\n<\/div>\n<\/div>\n<div class=\"product-grid-item product wd-hover-buttons-on-hover  col-lg-4 col-md-4 col-12 last  wcpa_has_options type-product post-24238 status-publish last instock product_cat-canapes-maison product_cat-canapes-maison-fr product_tag-arbel-fr product_tag-ventes-en-ligne has-post-thumbnail taxable shipping-taxable purchasable product-type-simple\" data-loop=\"3\" data-id=\"24238\">\n\t\n\t\n<div class=\"product-wrapper\">\n\t<div class=\"product-element-top wd-quick-shop\">\n\t\t<a href=\"https:\/\/dev.beltafrajumar.com\/fr\/produit\/gues-canape\/\" class=\"product-image-link\">\n\t\t\t<img loading=\"lazy\" decoding=\"async\" width=\"600\" height=\"600\" src=\"https:\/\/dev.beltafrajumar.com\/wp-content\/uploads\/2024\/04\/GUES-Sofa-600x600.jpg\" class=\"attachment-woocommerce_thumbnail size-woocommerce_thumbnail\" alt=\"Canap\u00e9 GUES - Meubles Belt\u00e1 Frajumar\" srcset=\"https:\/\/dev.beltafrajumar.com\/wp-content\/uploads\/2024\/04\/GUES-Sofa-600x600.jpg 600w, https:\/\/dev.beltafrajumar.com\/wp-content\/uploads\/2024\/04\/GUES-Sofa-200x200.jpg 200w, https:\/\/dev.beltafrajumar.com\/wp-content\/uploads\/2024\/04\/GUES-Sofa-700x700.jpg 700w, https:\/\/dev.beltafrajumar.com\/wp-content\/uploads\/2024\/04\/GUES-Sofa-300x300.jpg 300w, https:\/\/dev.beltafrajumar.com\/wp-content\/uploads\/2024\/04\/GUES-Sofa-150x150.jpg 150w, https:\/\/dev.beltafrajumar.com\/wp-content\/uploads\/2024\/04\/GUES-Sofa-768x768.jpg 768w, https:\/\/dev.beltafrajumar.com\/wp-content\/uploads\/2024\/04\/GUES-Sofa.jpg 1119w\" sizes=\"(max-width: 600px) 100vw, 600px\" \/>\t\t<\/a>\n\n\t\t\t\t\t<div class=\"hover-img\">\n\t\t\t\t<a href=\"https:\/\/dev.beltafrajumar.com\/fr\/produit\/gues-canape\/\">\n\t\t\t\t\t<img loading=\"lazy\" decoding=\"async\" width=\"600\" height=\"600\" src=\"https:\/\/dev.beltafrajumar.com\/wp-content\/uploads\/2024\/04\/Sofa-GUES-Mobiliario-Living-Belta-Frajumar-1-600x600.jpg\" class=\"attachment-woocommerce_thumbnail size-woocommerce_thumbnail\" alt=\"\" srcset=\"https:\/\/dev.beltafrajumar.com\/wp-content\/uploads\/2024\/04\/Sofa-GUES-Mobiliario-Living-Belta-Frajumar-1-600x600.jpg 600w, https:\/\/dev.beltafrajumar.com\/wp-content\/uploads\/2024\/04\/Sofa-GUES-Mobiliario-Living-Belta-Frajumar-1-150x150.jpg 150w, https:\/\/dev.beltafrajumar.com\/wp-content\/uploads\/2024\/04\/Sofa-GUES-Mobiliario-Living-Belta-Frajumar-1-1200x1200.jpg 1200w\" sizes=\"(max-width: 600px) 100vw, 600px\" \/>\t\t\t\t<\/a>\n\t\t\t<\/div>\n\t\t\t\n\t\t<div class=\"wd-buttons wd-pos-r-t\">\n\t\t\t\t\t\t<div class=\"wd-wishlist-btn wd-action-btn wd-style-icon wd-wishlist-icon\">\n\t\t\t\t<a class=\"\" href=\"https:\/\/dev.beltafrajumar.com\/fr\/wishlist\/\" data-key=\"961e6cadd7\" data-product-id=\"2320\" rel=\"nofollow\" data-added-text=\"Browse Wishlist\">\n\t\t\t\t\t<span>Add to wishlist<\/span>\n\t\t\t\t<\/a>\n\t\t\t<\/div>\n\t\t\t\t<\/div>\n\t<\/div>\n\n\t<div class=\"product-element-bottom\">\n\n\t\t<div class=\"wd-product-header\">\n\t\t\t<h3 class=\"wd-entities-title\"><a href=\"https:\/\/dev.beltafrajumar.com\/fr\/produit\/gues-canape\/\">GUES canap\u00e9<\/a><\/h3>\n\t\t\t\t\t<\/div>\n\n\t\t\n\t\t\n\t\t\n\t\t<div class=\"wrap-price\">\n\t\t\t\n\t<span class=\"price\"><span class=\"woocommerce-Price-amount amount\"><bdi>2,139.28&nbsp;<span class=\"woocommerce-Price-currencySymbol\">&euro;<\/span><\/bdi><\/span><\/span>\n      \n\t\t\t\t\t<\/div>\n\n\t\t\n\t\t\n\t\t\n\t\t\n\t\t<div class=\"wd-product-footer\">\n\t\t\t<div class=\"wd-add-btn wd-add-btn-replace\">\n\t\t\t\t<a href=\"https:\/\/dev.beltafrajumar.com\/fr\/produit\/gues-canape\/\" data-quantity=\"1\" class=\"button product_type_simple add_to_cart_button wcpa_add_to_cart_button add-to-cart-loop\" data-product_id=\"24238\" data-product_sku=\"BE9964PSTP2T1\" aria-label=\"Ajouter au panier\u00a0: &ldquo;GUES canap\u00e9&rdquo;\" rel=\"nofollow\" data-success_message=\"\u00ab\u00a0GUES canap\u00e9\u00a0\u00bb a \u00e9t\u00e9 ajout\u00e9 \u00e0 votre panier\"><span>S\u00e9lectionner les options<\/span><\/a>\t\t\t<\/div>\n\t\t\t<div class=\"wd-action-buttons\">\n\t\t\t\t\t\t\t\t\t\t\t<\/div>\n\t\t<\/div>\n\t<\/div>\n<\/div>\n<\/div>\n<div class=\"product-grid-item product wd-hover-buttons-on-hover  col-lg-4 col-md-4 col-12 first  wcpa_has_options type-product post-23465 status-publish first instock product_cat-fauteuils-maison product_cat-miroirs-hotel product_cat-mobilier-maison product_cat-nouveautes product_cat-offre product_tag-arbel-fr product_tag-novembre product_tag-ventes-en-ligne has-post-thumbnail taxable shipping-taxable purchasable product-type-simple\" data-loop=\"4\" data-id=\"23465\">\n\t\n\t\n<div class=\"product-wrapper\">\n\t<div class=\"product-element-top wd-quick-shop\">\n\t\t<a href=\"https:\/\/dev.beltafrajumar.com\/fr\/produit\/lase-fauteuil-pietement-metal\/\" class=\"product-image-link\">\n\t\t\t<img loading=\"lazy\" decoding=\"async\" width=\"600\" height=\"600\" src=\"https:\/\/dev.beltafrajumar.com\/wp-content\/uploads\/2024\/04\/LASE-butaca-base-metal-600x600.jpg\" class=\"attachment-woocommerce_thumbnail size-woocommerce_thumbnail\" alt=\"Fauteuil LASE avec base en m\u00e9tal - Mobiliario Belt\u00e1 Frajumar\" srcset=\"https:\/\/dev.beltafrajumar.com\/wp-content\/uploads\/2024\/04\/LASE-butaca-base-metal-600x600.jpg 600w, https:\/\/dev.beltafrajumar.com\/wp-content\/uploads\/2024\/04\/LASE-butaca-base-metal-200x200.jpg 200w, https:\/\/dev.beltafrajumar.com\/wp-content\/uploads\/2024\/04\/LASE-butaca-base-metal-700x700.jpg 700w, https:\/\/dev.beltafrajumar.com\/wp-content\/uploads\/2024\/04\/LASE-butaca-base-metal-300x300.jpg 300w, https:\/\/dev.beltafrajumar.com\/wp-content\/uploads\/2024\/04\/LASE-butaca-base-metal-150x150.jpg 150w, https:\/\/dev.beltafrajumar.com\/wp-content\/uploads\/2024\/04\/LASE-butaca-base-metal-768x768.jpg 768w, https:\/\/dev.beltafrajumar.com\/wp-content\/uploads\/2024\/04\/LASE-butaca-base-metal-1200x1200.jpg 1200w, https:\/\/dev.beltafrajumar.com\/wp-content\/uploads\/2024\/04\/LASE-butaca-base-metal.jpg 1492w\" sizes=\"(max-width: 600px) 100vw, 600px\" \/>\t\t<\/a>\n\n\t\t\t\t\t<div class=\"hover-img\">\n\t\t\t\t<a href=\"https:\/\/dev.beltafrajumar.com\/fr\/produit\/lase-fauteuil-pietement-metal\/\">\n\t\t\t\t\t<img loading=\"lazy\" decoding=\"async\" width=\"600\" height=\"600\" src=\"https:\/\/dev.beltafrajumar.com\/wp-content\/uploads\/2024\/04\/LASE-butaca-base-metalica-600x600.jpg\" class=\"attachment-woocommerce_thumbnail size-woocommerce_thumbnail\" alt=\"Fauteuil LASE pi\u00e8tement m\u00e9tal\" srcset=\"https:\/\/dev.beltafrajumar.com\/wp-content\/uploads\/2024\/04\/LASE-butaca-base-metalica-600x600.jpg 600w, https:\/\/dev.beltafrajumar.com\/wp-content\/uploads\/2024\/04\/LASE-butaca-base-metalica-150x150.jpg 150w\" sizes=\"(max-width: 600px) 100vw, 600px\" \/>\t\t\t\t<\/a>\n\t\t\t<\/div>\n\t\t\t\n\t\t<div class=\"wd-buttons wd-pos-r-t\">\n\t\t\t\t\t\t<div class=\"wd-wishlist-btn wd-action-btn wd-style-icon wd-wishlist-icon\">\n\t\t\t\t<a class=\"\" href=\"https:\/\/dev.beltafrajumar.com\/fr\/wishlist\/\" data-key=\"961e6cadd7\" data-product-id=\"3128\" rel=\"nofollow\" data-added-text=\"Browse Wishlist\">\n\t\t\t\t\t<span>Add to wishlist<\/span>\n\t\t\t\t<\/a>\n\t\t\t<\/div>\n\t\t\t\t<\/div>\n\t<\/div>\n\n\t<div class=\"product-element-bottom\">\n\n\t\t<div class=\"wd-product-header\">\n\t\t\t<h3 class=\"wd-entities-title\"><a href=\"https:\/\/dev.beltafrajumar.com\/fr\/produit\/lase-fauteuil-pietement-metal\/\">LASE fauteuil avec base pivotante m\u00e9tallique<\/a><\/h3>\n\t\t\t\t\t<\/div>\n\n\t\t\n\t\t\n\t\t\n\t\t<div class=\"wrap-price\">\n\t\t\t\n\t<span class=\"price\"><span class=\"woocommerce-Price-amount amount\"><bdi>1,110.78&nbsp;<span class=\"woocommerce-Price-currencySymbol\">&euro;<\/span><\/bdi><\/span><\/span>\n      \n\t\t\t\t\t<\/div>\n\n\t\t\n\t\t\n\t\t\n\t\t\n\t\t<div class=\"wd-product-footer\">\n\t\t\t<div class=\"wd-add-btn wd-add-btn-replace\">\n\t\t\t\t<a href=\"https:\/\/dev.beltafrajumar.com\/fr\/produit\/lase-fauteuil-pietement-metal\/\" data-quantity=\"1\" class=\"button product_type_simple add_to_cart_button wcpa_add_to_cart_button add-to-cart-loop\" data-product_id=\"23465\" data-product_sku=\"328BC\" aria-label=\"Ajouter au panier\u00a0: &ldquo;LASE fauteuil avec base pivotante m\u00e9tallique&rdquo;\" rel=\"nofollow\" data-success_message=\"\u00ab\u00a0LASE fauteuil avec base pivotante m\u00e9tallique\u00a0\u00bb a \u00e9t\u00e9 ajout\u00e9 \u00e0 votre panier\"><span>S\u00e9lectionner les options<\/span><\/a>\t\t\t<\/div>\n\t\t\t<div class=\"wd-action-buttons\">\n\t\t\t\t\t\t\t\t\t\t\t<\/div>\n\t\t<\/div>\n\t<\/div>\n<\/div>\n<\/div>\n<div class=\"product-grid-item product wd-hover-buttons-on-hover  col-lg-4 col-md-4 col-12 type-product post-24052 status-publish instock product_cat-mobilier-hotel product_cat-tables-dappoint-hotel product_tag-novembre product_tag-pas-de-vente-en-ligne has-post-thumbnail taxable shipping-taxable purchasable product-type-simple\" data-loop=\"5\" data-id=\"24052\">\n\t\n\t\n<div class=\"product-wrapper\">\n\t<div class=\"product-element-top wd-quick-shop\">\n\t\t<a href=\"https:\/\/dev.beltafrajumar.com\/fr\/produit\/open-table\/\" class=\"product-image-link\">\n\t\t\t<img loading=\"lazy\" decoding=\"async\" width=\"600\" height=\"600\" src=\"https:\/\/dev.beltafrajumar.com\/wp-content\/uploads\/2024\/04\/OPEN-mesa-600x600.jpg\" class=\"attachment-woocommerce_thumbnail size-woocommerce_thumbnail\" alt=\"Table OPEN - Meubles Belt\u00e1 Frajumar\" srcset=\"https:\/\/dev.beltafrajumar.com\/wp-content\/uploads\/2024\/04\/OPEN-mesa-600x600.jpg 600w, https:\/\/dev.beltafrajumar.com\/wp-content\/uploads\/2024\/04\/OPEN-mesa-200x200.jpg 200w, https:\/\/dev.beltafrajumar.com\/wp-content\/uploads\/2024\/04\/OPEN-mesa-700x700.jpg 700w, https:\/\/dev.beltafrajumar.com\/wp-content\/uploads\/2024\/04\/OPEN-mesa-300x300.jpg 300w, https:\/\/dev.beltafrajumar.com\/wp-content\/uploads\/2024\/04\/OPEN-mesa-150x150.jpg 150w, https:\/\/dev.beltafrajumar.com\/wp-content\/uploads\/2024\/04\/OPEN-mesa-768x768.jpg 768w, https:\/\/dev.beltafrajumar.com\/wp-content\/uploads\/2024\/04\/OPEN-mesa-1200x1200.jpg 1200w, https:\/\/dev.beltafrajumar.com\/wp-content\/uploads\/2024\/04\/OPEN-mesa.jpg 1492w\" sizes=\"(max-width: 600px) 100vw, 600px\" \/>\t\t<\/a>\n\n\t\t\t\t\t<div class=\"hover-img\">\n\t\t\t\t<a href=\"https:\/\/dev.beltafrajumar.com\/fr\/produit\/open-table\/\">\n\t\t\t\t\t<img loading=\"lazy\" decoding=\"async\" width=\"600\" height=\"600\" src=\"https:\/\/dev.beltafrajumar.com\/wp-content\/uploads\/2024\/04\/OPEN-mesa-1-600x600.jpg\" class=\"attachment-woocommerce_thumbnail size-woocommerce_thumbnail\" alt=\"Table OPEN - Meubles Belt\u00e1 Frajumar\" srcset=\"https:\/\/dev.beltafrajumar.com\/wp-content\/uploads\/2024\/04\/OPEN-mesa-1-600x600.jpg 600w, https:\/\/dev.beltafrajumar.com\/wp-content\/uploads\/2024\/04\/OPEN-mesa-1-150x150.jpg 150w\" sizes=\"(max-width: 600px) 100vw, 600px\" \/>\t\t\t\t<\/a>\n\t\t\t<\/div>\n\t\t\t\n\t\t<div class=\"wd-buttons wd-pos-r-t\">\n\t\t\t\t\t\t<div class=\"wd-wishlist-btn wd-action-btn wd-style-icon wd-wishlist-icon\">\n\t\t\t\t<a class=\"\" href=\"https:\/\/dev.beltafrajumar.com\/fr\/wishlist\/\" data-key=\"961e6cadd7\" data-product-id=\"2422\" rel=\"nofollow\" data-added-text=\"Browse Wishlist\">\n\t\t\t\t\t<span>Add to wishlist<\/span>\n\t\t\t\t<\/a>\n\t\t\t<\/div>\n\t\t\t\t<\/div>\n\t<\/div>\n\n\t<div class=\"product-element-bottom\">\n\n\t\t<div class=\"wd-product-header\">\n\t\t\t<h3 class=\"wd-entities-title\"><a href=\"https:\/\/dev.beltafrajumar.com\/fr\/produit\/open-table\/\">OPEN table<\/a><\/h3>\n\t\t\t\t\t<\/div>\n\n\t\t\n\t\t\n\t\t\n\t\t<div class=\"wrap-price\">\n\t\t\t\n\t<span class=\"price\"><span class=\"woocommerce-Price-amount amount\"><bdi>640.09&nbsp;<span class=\"woocommerce-Price-currencySymbol\">&euro;<\/span><\/bdi><\/span><\/span>\n      \n\t\t\t\t\t<\/div>\n\n\t\t\n\t\t\n\t\t\n\t\t\n\t\t<div class=\"wd-product-footer\">\n\t\t\t<div class=\"wd-add-btn wd-add-btn-replace\">\n\t\t\t\t<a href=\"?add-to-cart=24052\" data-quantity=\"1\" class=\"button product_type_simple add_to_cart_button ajax_add_to_cart add-to-cart-loop\" data-product_id=\"24052\" data-product_sku=\"84160\" aria-label=\"Ajouter au panier\u00a0: &ldquo;OPEN table&rdquo;\" rel=\"nofollow\" data-success_message=\"\u00ab\u00a0OPEN table\u00a0\u00bb a \u00e9t\u00e9 ajout\u00e9 \u00e0 votre panier\"><span>Ajouter au panier<\/span><\/a>\t\t\t<\/div>\n\t\t\t<div class=\"wd-action-buttons\">\n\t\t\t\t\t\t\t\t\t\t\t<\/div>\n\t\t<\/div>\n\t<\/div>\n<\/div>\n<\/div>\n<\/div><\/div><\/div>\n\t\t\t\t\t\t<\/div>\n\t\t\t\t<\/div>\n\t\t\t\t\t<\/div>\n\t\t\t\t<\/div>\n\t\t<div data-particle_enable=\"false\" data-particle-mobile-disabled=\"false\" class=\"elementor-element elementor-element-2903bee6 e-flex e-con-boxed wd-section-disabled e-con e-parent\" data-id=\"2903bee6\" data-element_type=\"container\">\n\t\t\t\t\t<div class=\"e-con-inner\">\n\t\t\t\t<div class=\"elementor-element elementor-element-257cfb3a elementor-widget elementor-widget-heading\" data-id=\"257cfb3a\" data-element_type=\"widget\" data-widget_type=\"heading.default\">\n\t\t\t\t<div class=\"elementor-widget-container\">\n\t\t\t\t\t<h2 class=\"elementor-heading-title elementor-size-default\">Projets connexes<\/h2>\t\t\t\t<\/div>\n\t\t\t\t<\/div>\n\t\t\t\t<div class=\"elementor-element elementor-element-5eafcdd1 elementor-widget elementor-widget-eael-post-carousel\" data-id=\"5eafcdd1\" data-element_type=\"widget\" data-settings=\"{&quot;items&quot;:{&quot;unit&quot;:&quot;px&quot;,&quot;size&quot;:3,&quot;sizes&quot;:[]},&quot;items_tablet&quot;:{&quot;unit&quot;:&quot;px&quot;,&quot;size&quot;:2,&quot;sizes&quot;:[]},&quot;items_mobile&quot;:{&quot;unit&quot;:&quot;px&quot;,&quot;size&quot;:1,&quot;sizes&quot;:[]}}\" data-widget_type=\"eael-post-carousel.default\">\n\t\t\t\t<div class=\"elementor-widget-container\">\n\t\t\t\t\t        <div class=\"swiper-container-wrap eael-post-grid-container eael-post-carousel-wrap eael-post-carousel-style-one\" id=\"eael-post-grid-5eafcdd1\">\n            <div class=\"swiper-container swiper-8-lower eael-post-carousel eael-post-grid swiper-container-5eafcdd1 eael-post-appender-5eafcdd1\" data-pagination=\".swiper-pagination-5eafcdd1\" data-arrow-next=\".swiper-button-next-5eafcdd1\" data-arrow-prev=\".swiper-button-prev-5eafcdd1\" data-items-mobile=\"1\" data-items-tablet=\"2\" data-items=\"3\" data-margin=\"10\" data-effect=\"slide\" data-speed=\"400\" data-autoplay=\"0\">\n                <div class=\"swiper-wrapper\">\n\t\t\t\t\t<div class=\"swiper-slide\"><article class=\"eael-grid-post eael-post-grid-column\">\n    <div class=\"eael-grid-post-holder\">\n        <div class=\"eael-grid-post-holder-inner\"><div class=\"eael-entry-media eael-entry-medianone\"><div class=\"eael-entry-overlay fade-in\"><a href=\"https:\/\/dev.beltafrajumar.com\/fr\/contract-porfolio\/serawa-alicante\/\"><\/a><\/div><div class=\"eael-entry-thumbnail \">\n                    <img decoding=\"async\" src=\"https:\/\/dev.beltafrajumar.com\/wp-content\/uploads\/2024\/03\/Diseno-interiores-Hotel-Serawa-Alicante-Mobiliario-Belta-Frajumar-Destacada.jpg\" alt=\"\">\n                    <a href=\"https:\/\/dev.beltafrajumar.com\/fr\/contract-porfolio\/serawa-alicante\/\"><\/a>\n                <\/div><\/div><div class=\"eael-entry-wrapper\"><header class=\"eael-entry-header\"><a class=\"eael-grid-post-link\" href=\"https:\/\/dev.beltafrajumar.com\/fr\/contract-porfolio\/serawa-alicante\/\" title=\"Serawa, Alicante\"><h2 class=\"eael-entry-title\">Serawa, Alicante<\/a><\/h2><\/header><\/div><div class=\"eael-entry-content\">\n\t\t\t\t<div class=\"eael-grid-post-excerpt\"><\/div>\n\t\t\t<\/div><\/div><\/div><\/article><\/div><div class=\"swiper-slide\"><article class=\"eael-grid-post eael-post-grid-column\">\n    <div class=\"eael-grid-post-holder\">\n        <div class=\"eael-grid-post-holder-inner\"><div class=\"eael-entry-media eael-entry-medianone\"><div class=\"eael-entry-overlay fade-in\"><a href=\"https:\/\/dev.beltafrajumar.com\/fr\/contract-porfolio\/almgut-mountain-wellness-autriche\/\"><\/a><\/div><div class=\"eael-entry-thumbnail \">\n                    <img decoding=\"async\" src=\"https:\/\/dev.beltafrajumar.com\/wp-content\/uploads\/2021\/01\/Diseno-interiores-Almgut-Mountain-Wellness-Austria-Mobiliario-Belta-Frajumar-Destacada.jpg\" alt=\"\">\n                    <a href=\"https:\/\/dev.beltafrajumar.com\/fr\/contract-porfolio\/almgut-mountain-wellness-autriche\/\"><\/a>\n                <\/div><\/div><div class=\"eael-entry-wrapper\"><header class=\"eael-entry-header\"><a class=\"eael-grid-post-link\" href=\"https:\/\/dev.beltafrajumar.com\/fr\/contract-porfolio\/almgut-mountain-wellness-autriche\/\" title=\"Almgut-Mountain Wellness, Autriche\"><h2 class=\"eael-entry-title\">Almgut-Mountain Wellness, Autriche<\/a><\/h2><\/header><\/div><div class=\"eael-entry-content\">\n\t\t\t\t<div class=\"eael-grid-post-excerpt\"><\/div>\n\t\t\t<\/div><\/div><\/div><\/article><\/div><div class=\"swiper-slide\"><article class=\"eael-grid-post eael-post-grid-column\">\n    <div class=\"eael-grid-post-holder\">\n        <div class=\"eael-grid-post-holder-inner\"><div class=\"eael-entry-media eael-entry-medianone\"><div class=\"eael-entry-overlay fade-in\"><a href=\"https:\/\/dev.beltafrajumar.com\/fr\/contract-porfolio\/hotel-ushuaia-tower-ibiza-espana\/\"><\/a><\/div><div class=\"eael-entry-thumbnail \">\n                    <img decoding=\"async\" src=\"https:\/\/dev.beltafrajumar.com\/wp-content\/uploads\/2016\/01\/Diseno-interiores-Hotel-Ushuaia-Tower-Ibiza-Espana-Mobiliario-Belta-Frajumar-Destacada.jpg\" alt=\"\">\n                    <a href=\"https:\/\/dev.beltafrajumar.com\/fr\/contract-porfolio\/hotel-ushuaia-tower-ibiza-espana\/\"><\/a>\n                <\/div><\/div><div class=\"eael-entry-wrapper\"><header class=\"eael-entry-header\"><a class=\"eael-grid-post-link\" href=\"https:\/\/dev.beltafrajumar.com\/fr\/contract-porfolio\/hotel-ushuaia-tower-ibiza-espana\/\" title=\"Hotel Ushua\u00efa Tower, Ibiza, Espa\u00f1a\"><h2 class=\"eael-entry-title\">Hotel Ushua\u00efa Tower, Ibiza, Espa\u00f1a<\/a><\/h2><\/header><\/div><div class=\"eael-entry-content\">\n\t\t\t\t<div class=\"eael-grid-post-excerpt\"><\/div>\n\t\t\t<\/div><\/div><\/div><\/article><\/div>                <\/div>\n            <\/div>\n            <div class=\"clearfix\"><\/div>\n\t\t\t        <\/div>\n\t\t\t\t\t\t<\/div>\n\t\t\t\t<\/div>\n\t\t\t\t\t<\/div>\n\t\t\t\t<\/div>\n\t\t\t\t<\/div>\n\t\t\n","protected":false},"excerpt":{"rendered":"","protected":false},"featured_media":11367,"menu_order":0,"comment_status":"open","ping_status":"closed","template":"","project-cat":[867],"class_list":["post-24753","portfolio","type-portfolio","status-publish","has-post-thumbnail","hentry","project-cat-appartements-et-maisons"],"acf":[],"yoast_head":"<!-- This site is optimized with the Yoast SEO Premium plugin v24.2 (Yoast SEO v25.3.1) - https:\/\/yoast.com\/wordpress\/plugins\/seo\/ -->\n<title>Beau Soleil, Saint Tropez, France | Projet de mobilier contractuel | Belt\u00e1 Frajumar<\/title>\n<meta name=\"description\" content=\"Casa Beau Soleil, Saint Tropez : le canap\u00e9 GUES, le pouf CUBE, les fauteuils DELTA et LASE ajoutent de l&#039;\u00e9l\u00e9gance face \u00e0 la M\u00e9diterran\u00e9e.\" \/>\n<meta name=\"robots\" content=\"noindex, follow, max-snippet:-1, max-image-preview:large, max-video-preview:-1\" \/>\n<meta property=\"og:locale\" content=\"fr_FR\" \/>\n<meta property=\"og:type\" content=\"article\" \/>\n<meta property=\"og:title\" content=\"Beau Soleil, Saint Tropez, France\" \/>\n<meta property=\"og:description\" content=\"Casa Beau Soleil, Saint Tropez : le canap\u00e9 GUES, le pouf CUBE, les fauteuils DELTA et LASE ajoutent de l&#039;\u00e9l\u00e9gance face \u00e0 la M\u00e9diterran\u00e9e.\" \/>\n<meta property=\"og:url\" content=\"https:\/\/dev.beltafrajumar.com\/fr\/contract-porfolio\/beau-soleil-saint-tropez-france\/\" \/>\n<meta property=\"og:site_name\" content=\"Belt\u00e1 Frajumar\" \/>\n<meta property=\"article:modified_time\" content=\"2024-07-17T11:53:32+00:00\" \/>\n<meta property=\"og:image\" content=\"https:\/\/dev.beltafrajumar.com\/wp-content\/uploads\/2021\/03\/Diseno-interiores-vivienda-beau-soleil-Mobiliario-Belta-Frajumar-Destacada.jpg\" \/>\n\t<meta property=\"og:image:width\" content=\"1080\" \/>\n\t<meta property=\"og:image:height\" content=\"1080\" \/>\n\t<meta property=\"og:image:type\" content=\"image\/jpeg\" \/>\n<meta name=\"twitter:card\" content=\"summary_large_image\" \/>\n<script type=\"application\/ld+json\" class=\"yoast-schema-graph\">{\"@context\":\"https:\/\/schema.org\",\"@graph\":[{\"@type\":\"WebPage\",\"@id\":\"https:\/\/dev.beltafrajumar.com\/fr\/contract-porfolio\/beau-soleil-saint-tropez-france\/\",\"url\":\"https:\/\/dev.beltafrajumar.com\/fr\/contract-porfolio\/beau-soleil-saint-tropez-france\/\",\"name\":\"Beau Soleil, Saint Tropez, France | Projet de mobilier contractuel | Belt\u00e1 Frajumar\",\"isPartOf\":{\"@id\":\"https:\/\/dev.beltafrajumar.com\/fr\/#website\"},\"primaryImageOfPage\":{\"@id\":\"https:\/\/dev.beltafrajumar.com\/fr\/contract-porfolio\/beau-soleil-saint-tropez-france\/#primaryimage\"},\"image\":{\"@id\":\"https:\/\/dev.beltafrajumar.com\/fr\/contract-porfolio\/beau-soleil-saint-tropez-france\/#primaryimage\"},\"thumbnailUrl\":\"https:\/\/dev.beltafrajumar.com\/wp-content\/uploads\/2021\/03\/Diseno-interiores-vivienda-beau-soleil-Mobiliario-Belta-Frajumar-Destacada.jpg\",\"datePublished\":\"2021-03-11T10:30:42+00:00\",\"dateModified\":\"2024-07-17T11:53:32+00:00\",\"description\":\"Casa Beau Soleil, Saint Tropez : le canap\u00e9 GUES, le pouf CUBE, les fauteuils DELTA et LASE ajoutent de l'\u00e9l\u00e9gance face \u00e0 la M\u00e9diterran\u00e9e.\",\"breadcrumb\":{\"@id\":\"https:\/\/dev.beltafrajumar.com\/fr\/contract-porfolio\/beau-soleil-saint-tropez-france\/#breadcrumb\"},\"inLanguage\":\"fr-FR\",\"potentialAction\":[{\"@type\":\"ReadAction\",\"target\":[\"https:\/\/dev.beltafrajumar.com\/fr\/contract-porfolio\/beau-soleil-saint-tropez-france\/\"]}]},{\"@type\":\"ImageObject\",\"inLanguage\":\"fr-FR\",\"@id\":\"https:\/\/dev.beltafrajumar.com\/fr\/contract-porfolio\/beau-soleil-saint-tropez-france\/#primaryimage\",\"url\":\"https:\/\/dev.beltafrajumar.com\/wp-content\/uploads\/2021\/03\/Diseno-interiores-vivienda-beau-soleil-Mobiliario-Belta-Frajumar-Destacada.jpg\",\"contentUrl\":\"https:\/\/dev.beltafrajumar.com\/wp-content\/uploads\/2021\/03\/Diseno-interiores-vivienda-beau-soleil-Mobiliario-Belta-Frajumar-Destacada.jpg\",\"width\":1080,\"height\":1080},{\"@type\":\"BreadcrumbList\",\"@id\":\"https:\/\/dev.beltafrajumar.com\/fr\/contract-porfolio\/beau-soleil-saint-tropez-france\/#breadcrumb\",\"itemListElement\":[{\"@type\":\"ListItem\",\"position\":1,\"name\":\"Portada\",\"item\":\"https:\/\/dev.beltafrajumar.com\/fr\/\"},{\"@type\":\"ListItem\",\"position\":2,\"name\":\"Portfolio\",\"item\":\"https:\/\/dev.beltafrajumar.com\/fr\/contract-porfolio\/\"},{\"@type\":\"ListItem\",\"position\":3,\"name\":\"Beau Soleil, Saint Tropez, France\"}]},{\"@type\":\"WebSite\",\"@id\":\"https:\/\/dev.beltafrajumar.com\/fr\/#website\",\"url\":\"https:\/\/dev.beltafrajumar.com\/fr\/\",\"name\":\"Belt\u00e1 Frajumar\",\"description\":\"Calidad, Dise\u00f1o y Decoraci\u00f3n de Interiores en Mobiliario Hospitality y Living\",\"publisher\":{\"@id\":\"https:\/\/dev.beltafrajumar.com\/fr\/#organization\"},\"alternateName\":\"Fabricante de mobiliario Hospitality y Living\",\"potentialAction\":[{\"@type\":\"SearchAction\",\"target\":{\"@type\":\"EntryPoint\",\"urlTemplate\":\"https:\/\/dev.beltafrajumar.com\/fr\/?s={search_term_string}\"},\"query-input\":{\"@type\":\"PropertyValueSpecification\",\"valueRequired\":true,\"valueName\":\"search_term_string\"}}],\"inLanguage\":\"fr-FR\"},{\"@type\":\"Organization\",\"@id\":\"https:\/\/dev.beltafrajumar.com\/fr\/#organization\",\"name\":\"Belt\u00e1 Frajumar\",\"alternateName\":\"Fabricant de meubles exclusif Belt\u00e1 Frajumar\",\"url\":\"https:\/\/dev.beltafrajumar.com\/fr\/\",\"logo\":{\"@type\":\"ImageObject\",\"inLanguage\":\"fr-FR\",\"@id\":\"https:\/\/dev.beltafrajumar.com\/fr\/#\/schema\/logo\/image\/\",\"url\":\"https:\/\/dev.beltafrajumar.com\/wp-content\/uploads\/2024\/10\/Logotipo-Belta-Frajumar-patrocinador-de-InterCIDEC-1.jpg\",\"contentUrl\":\"https:\/\/dev.beltafrajumar.com\/wp-content\/uploads\/2024\/10\/Logotipo-Belta-Frajumar-patrocinador-de-InterCIDEC-1.jpg\",\"width\":1080,\"height\":1080,\"caption\":\"Belt\u00e1 Frajumar\"},\"image\":{\"@id\":\"https:\/\/dev.beltafrajumar.com\/fr\/#\/schema\/logo\/image\/\"}}]}<\/script>\n<!-- \/ Yoast SEO Premium plugin. -->","yoast_head_json":{"title":"Beau Soleil, Saint Tropez, France | Projet de mobilier contractuel | Belt\u00e1 Frajumar","description":"Casa Beau Soleil, Saint Tropez : le canap\u00e9 GUES, le pouf CUBE, les fauteuils DELTA et LASE ajoutent de l'\u00e9l\u00e9gance face \u00e0 la M\u00e9diterran\u00e9e.","robots":{"index":"noindex","follow":"follow","max-snippet":"max-snippet:-1","max-image-preview":"max-image-preview:large","max-video-preview":"max-video-preview:-1"},"og_locale":"fr_FR","og_type":"article","og_title":"Beau Soleil, Saint Tropez, France","og_description":"Casa Beau Soleil, Saint Tropez : le canap\u00e9 GUES, le pouf CUBE, les fauteuils DELTA et LASE ajoutent de l'\u00e9l\u00e9gance face \u00e0 la M\u00e9diterran\u00e9e.","og_url":"https:\/\/dev.beltafrajumar.com\/fr\/contract-porfolio\/beau-soleil-saint-tropez-france\/","og_site_name":"Belt\u00e1 Frajumar","article_modified_time":"2024-07-17T11:53:32+00:00","og_image":[{"width":1080,"height":1080,"url":"https:\/\/dev.beltafrajumar.com\/wp-content\/uploads\/2021\/03\/Diseno-interiores-vivienda-beau-soleil-Mobiliario-Belta-Frajumar-Destacada.jpg","type":"image\/jpeg"}],"twitter_card":"summary_large_image","schema":{"@context":"https:\/\/schema.org","@graph":[{"@type":"WebPage","@id":"https:\/\/dev.beltafrajumar.com\/fr\/contract-porfolio\/beau-soleil-saint-tropez-france\/","url":"https:\/\/dev.beltafrajumar.com\/fr\/contract-porfolio\/beau-soleil-saint-tropez-france\/","name":"Beau Soleil, Saint Tropez, France | Projet de mobilier contractuel | Belt\u00e1 Frajumar","isPartOf":{"@id":"https:\/\/dev.beltafrajumar.com\/fr\/#website"},"primaryImageOfPage":{"@id":"https:\/\/dev.beltafrajumar.com\/fr\/contract-porfolio\/beau-soleil-saint-tropez-france\/#primaryimage"},"image":{"@id":"https:\/\/dev.beltafrajumar.com\/fr\/contract-porfolio\/beau-soleil-saint-tropez-france\/#primaryimage"},"thumbnailUrl":"https:\/\/dev.beltafrajumar.com\/wp-content\/uploads\/2021\/03\/Diseno-interiores-vivienda-beau-soleil-Mobiliario-Belta-Frajumar-Destacada.jpg","datePublished":"2021-03-11T10:30:42+00:00","dateModified":"2024-07-17T11:53:32+00:00","description":"Casa Beau Soleil, Saint Tropez : le canap\u00e9 GUES, le pouf CUBE, les fauteuils DELTA et LASE ajoutent de l'\u00e9l\u00e9gance face \u00e0 la M\u00e9diterran\u00e9e.","breadcrumb":{"@id":"https:\/\/dev.beltafrajumar.com\/fr\/contract-porfolio\/beau-soleil-saint-tropez-france\/#breadcrumb"},"inLanguage":"fr-FR","potentialAction":[{"@type":"ReadAction","target":["https:\/\/dev.beltafrajumar.com\/fr\/contract-porfolio\/beau-soleil-saint-tropez-france\/"]}]},{"@type":"ImageObject","inLanguage":"fr-FR","@id":"https:\/\/dev.beltafrajumar.com\/fr\/contract-porfolio\/beau-soleil-saint-tropez-france\/#primaryimage","url":"https:\/\/dev.beltafrajumar.com\/wp-content\/uploads\/2021\/03\/Diseno-interiores-vivienda-beau-soleil-Mobiliario-Belta-Frajumar-Destacada.jpg","contentUrl":"https:\/\/dev.beltafrajumar.com\/wp-content\/uploads\/2021\/03\/Diseno-interiores-vivienda-beau-soleil-Mobiliario-Belta-Frajumar-Destacada.jpg","width":1080,"height":1080},{"@type":"BreadcrumbList","@id":"https:\/\/dev.beltafrajumar.com\/fr\/contract-porfolio\/beau-soleil-saint-tropez-france\/#breadcrumb","itemListElement":[{"@type":"ListItem","position":1,"name":"Portada","item":"https:\/\/dev.beltafrajumar.com\/fr\/"},{"@type":"ListItem","position":2,"name":"Portfolio","item":"https:\/\/dev.beltafrajumar.com\/fr\/contract-porfolio\/"},{"@type":"ListItem","position":3,"name":"Beau Soleil, Saint Tropez, France"}]},{"@type":"WebSite","@id":"https:\/\/dev.beltafrajumar.com\/fr\/#website","url":"https:\/\/dev.beltafrajumar.com\/fr\/","name":"Belt\u00e1 Frajumar","description":"Calidad, Dise\u00f1o y Decoraci\u00f3n de Interiores en Mobiliario Hospitality y Living","publisher":{"@id":"https:\/\/dev.beltafrajumar.com\/fr\/#organization"},"alternateName":"Fabricante de mobiliario Hospitality y Living","potentialAction":[{"@type":"SearchAction","target":{"@type":"EntryPoint","urlTemplate":"https:\/\/dev.beltafrajumar.com\/fr\/?s={search_term_string}"},"query-input":{"@type":"PropertyValueSpecification","valueRequired":true,"valueName":"search_term_string"}}],"inLanguage":"fr-FR"},{"@type":"Organization","@id":"https:\/\/dev.beltafrajumar.com\/fr\/#organization","name":"Belt\u00e1 Frajumar","alternateName":"Fabricant de meubles exclusif Belt\u00e1 Frajumar","url":"https:\/\/dev.beltafrajumar.com\/fr\/","logo":{"@type":"ImageObject","inLanguage":"fr-FR","@id":"https:\/\/dev.beltafrajumar.com\/fr\/#\/schema\/logo\/image\/","url":"https:\/\/dev.beltafrajumar.com\/wp-content\/uploads\/2024\/10\/Logotipo-Belta-Frajumar-patrocinador-de-InterCIDEC-1.jpg","contentUrl":"https:\/\/dev.beltafrajumar.com\/wp-content\/uploads\/2024\/10\/Logotipo-Belta-Frajumar-patrocinador-de-InterCIDEC-1.jpg","width":1080,"height":1080,"caption":"Belt\u00e1 Frajumar"},"image":{"@id":"https:\/\/dev.beltafrajumar.com\/fr\/#\/schema\/logo\/image\/"}}]}},"_links":{"self":[{"href":"https:\/\/dev.beltafrajumar.com\/fr\/wp-json\/wp\/v2\/portfolio\/24753","targetHints":{"allow":["GET"]}}],"collection":[{"href":"https:\/\/dev.beltafrajumar.com\/fr\/wp-json\/wp\/v2\/portfolio"}],"about":[{"href":"https:\/\/dev.beltafrajumar.com\/fr\/wp-json\/wp\/v2\/types\/portfolio"}],"replies":[{"embeddable":true,"href":"https:\/\/dev.beltafrajumar.com\/fr\/wp-json\/wp\/v2\/comments?post=24753"}],"wp:featuredmedia":[{"embeddable":true,"href":"https:\/\/dev.beltafrajumar.com\/fr\/wp-json\/wp\/v2\/media\/11367"}],"wp:attachment":[{"href":"https:\/\/dev.beltafrajumar.com\/fr\/wp-json\/wp\/v2\/media?parent=24753"}],"wp:term":[{"taxonomy":"project-cat","embeddable":true,"href":"https:\/\/dev.beltafrajumar.com\/fr\/wp-json\/wp\/v2\/project-cat?post=24753"}],"curies":[{"name":"wp","href":"https:\/\/api.w.org\/{rel}","templated":true}]}}