{"id":24578,"date":"2024-04-09T08:07:16","date_gmt":"2024-04-09T06:07:16","guid":{"rendered":"https:\/\/dev.beltafrajumar.com\/contract-porfolio\/convent-square-lisbon-vignette-collection\/"},"modified":"2024-09-25T07:32:41","modified_gmt":"2024-09-25T05:32:41","slug":"convent-square-lisbon-vignette-collection","status":"publish","type":"portfolio","link":"https:\/\/dev.beltafrajumar.com\/fr\/contract-porfolio\/convent-square-lisbon-vignette-collection\/","title":{"rendered":"Convent Square Lisbon, Vignette Collection"},"content":{"rendered":"<div class=\"acf-field acf-field-message acf-field-6566f018e9dfb\" data-name=\"shortcode_descripcionlarga\" data-type=\"message\" data-key=\"field_6566f018e9dfb\">\n<div class=\"acf-input\">\n\t\t<div data-elementor-type=\"page\" data-elementor-id=\"16713\" class=\"elementor elementor-16713 elementor-95\" data-elementor-post-type=\"elementor_library\">\n\t\t\t\t<div data-particle_enable=\"false\" data-particle-mobile-disabled=\"false\" class=\"elementor-element elementor-element-e264472 e-flex e-con-boxed wd-section-disabled e-con e-parent\" data-id=\"e264472\" data-element_type=\"container\">\n\t\t\t\t\t<div class=\"e-con-inner\">\n\t\t\t\t<div class=\"elementor-element elementor-element-684d492d wd-single-breadcrumbs wd-breadcrumbs text-left elementor-widget elementor-widget-wd_wc_breadcrumb\" data-id=\"684d492d\" data-element_type=\"widget\" data-widget_type=\"wd_wc_breadcrumb.default\">\n\t\t\t\t<div class=\"elementor-widget-container\">\n\t\t\t\t\t<nav class=\"woocommerce-breadcrumb\" aria-label=\"Breadcrumb\">\t\t\t\t<span class=\"breadcrumb-last\">\n\t\t\t\t\tAccueil\t\t\t\t<\/span>\n\t\t\t<\/nav>\t\t\t\t<\/div>\n\t\t\t\t<\/div>\n\t\t\t\t\t<\/div>\n\t\t\t\t<\/div>\n\t\t<div data-particle_enable=\"false\" data-particle-mobile-disabled=\"false\" class=\"elementor-element elementor-element-4cc0e0f1 e-flex e-con-boxed wd-section-disabled e-con e-parent\" data-id=\"4cc0e0f1\" data-element_type=\"container\">\n\t\t\t\t\t<div class=\"e-con-inner\">\n\t\t\t\t<div class=\"elementor-element elementor-element-5edf21d8 elementor-widget elementor-widget-heading\" data-id=\"5edf21d8\" data-element_type=\"widget\" data-widget_type=\"heading.default\">\n\t\t\t\t<div class=\"elementor-widget-container\">\n\t\t\t\t\t<h1 class=\"elementor-heading-title elementor-size-default\">Convent Square Lisbon, Vignette Collection<\/h1>\t\t\t\t<\/div>\n\t\t\t\t<\/div>\n\t\t\t\t\t<\/div>\n\t\t\t\t<\/div>\n\t\t<div data-particle_enable=\"false\" data-particle-mobile-disabled=\"false\" class=\"elementor-element elementor-element-782c22e0 e-flex e-con-boxed wd-section-disabled e-con e-parent\" data-id=\"782c22e0\" data-element_type=\"container\">\n\t\t\t\t\t<div class=\"e-con-inner\">\n\t\t\t\t<div class=\"elementor-element elementor-element-40fa6c69 elementor-widget elementor-widget-image\" data-id=\"40fa6c69\" data-element_type=\"widget\" data-widget_type=\"image.default\">\n\t\t\t\t<div class=\"elementor-widget-container\">\n\t\t\t\t\t\t\t\t\t\t\t\t\t\t\t<img fetchpriority=\"high\" decoding=\"async\" width=\"1280\" height=\"720\" src=\"https:\/\/dev.beltafrajumar.com\/wp-content\/uploads\/2024\/04\/Diseno-de-interiorismo-Convent-Square-Lisbon-Mobiliario-Belta-Frajumar-Cabecera.png\" class=\"attachment-large size-large wp-image-12977\" alt=\"\" srcset=\"https:\/\/dev.beltafrajumar.com\/wp-content\/uploads\/2024\/04\/Diseno-de-interiorismo-Convent-Square-Lisbon-Mobiliario-Belta-Frajumar-Cabecera.png 1280w, https:\/\/dev.beltafrajumar.com\/wp-content\/uploads\/2024\/04\/Diseno-de-interiorismo-Convent-Square-Lisbon-Mobiliario-Belta-Frajumar-Cabecera-200x113.png 200w, https:\/\/dev.beltafrajumar.com\/wp-content\/uploads\/2024\/04\/Diseno-de-interiorismo-Convent-Square-Lisbon-Mobiliario-Belta-Frajumar-Cabecera-700x394.png 700w, https:\/\/dev.beltafrajumar.com\/wp-content\/uploads\/2024\/04\/Diseno-de-interiorismo-Convent-Square-Lisbon-Mobiliario-Belta-Frajumar-Cabecera-300x169.png 300w, https:\/\/dev.beltafrajumar.com\/wp-content\/uploads\/2024\/04\/Diseno-de-interiorismo-Convent-Square-Lisbon-Mobiliario-Belta-Frajumar-Cabecera-768x432.png 768w\" sizes=\"(max-width: 1280px) 100vw, 1280px\" \/>\t\t\t\t\t\t\t\t\t\t\t\t\t\t\t<\/div>\n\t\t\t\t<\/div>\n\t\t\t\t\t<\/div>\n\t\t\t\t<\/div>\n\t\t<div data-particle_enable=\"false\" data-particle-mobile-disabled=\"false\" class=\"elementor-element elementor-element-4a8719b3 e-flex e-con-boxed wd-section-disabled e-con e-parent\" data-id=\"4a8719b3\" data-element_type=\"container\">\n\t\t\t\t\t<div class=\"e-con-inner\">\n\t\t<div data-particle_enable=\"false\" data-particle-mobile-disabled=\"false\" class=\"elementor-element elementor-element-4b07120b e-con-full e-flex wd-section-disabled e-con e-child\" data-id=\"4b07120b\" data-element_type=\"container\">\n\t\t\t\t<div class=\"elementor-element elementor-element-66afb1dc color-scheme-inherit text-left elementor-widget elementor-widget-text-editor\" data-id=\"66afb1dc\" data-element_type=\"widget\" data-widget_type=\"text-editor.default\">\n\t\t\t\t<div class=\"elementor-widget-container\">\n\t\t\t\t\t\t\t\t\t<p>NOM DU PROJET<\/p>\n\t\t\t\t\t\t\t\t<\/div>\n\t\t\t\t<\/div>\n\t\t\t\t<div class=\"elementor-element elementor-element-5aa58c50 color-scheme-inherit text-left elementor-widget elementor-widget-text-editor\" data-id=\"5aa58c50\" data-element_type=\"widget\" data-widget_type=\"text-editor.default\">\n\t\t\t\t<div class=\"elementor-widget-container\">\n\t\t\t\t\t\t\t\t\tConvent Square Lisbon, Vignette Collection\t\t\t\t\t\t\t\t<\/div>\n\t\t\t\t<\/div>\n\t\t\t\t<div class=\"elementor-element elementor-element-2d21c1ac color-scheme-inherit text-left elementor-widget elementor-widget-text-editor\" data-id=\"2d21c1ac\" data-element_type=\"widget\" data-widget_type=\"text-editor.default\">\n\t\t\t\t<div class=\"elementor-widget-container\">\n\t\t\t\t\t\t\t\t\t<p>PHOTOGRAPHIE<\/p>\n\t\t\t\t\t\t\t\t<\/div>\n\t\t\t\t<\/div>\n\t\t\t\t<div class=\"elementor-element elementor-element-5b9579dd color-scheme-inherit text-left elementor-widget elementor-widget-text-editor\" data-id=\"5b9579dd\" data-element_type=\"widget\" data-widget_type=\"text-editor.default\">\n\t\t\t\t<\/div>\n\t\t\t\t<\/div>\n\t\t<div data-particle_enable=\"false\" data-particle-mobile-disabled=\"false\" class=\"elementor-element elementor-element-748d3b0c e-con-full e-flex wd-section-disabled e-con e-child\" data-id=\"748d3b0c\" data-element_type=\"container\">\n\t\t\t\t<div class=\"elementor-element elementor-element-69bc5646 color-scheme-inherit text-left elementor-widget elementor-widget-text-editor\" data-id=\"69bc5646\" data-element_type=\"widget\" data-widget_type=\"text-editor.default\">\n\t\t\t\t<div class=\"elementor-widget-container\">\n\t\t\t\t\t\t\t\t\t<p>\u00c0 PROPOS DU PROJET<\/p>\n\t\t\t\t\t\t\t\t<\/div>\n\t\t\t\t<\/div>\n\t\t\t\t<div class=\"elementor-element elementor-element-1c1ee4c6 color-scheme-inherit text-left elementor-widget elementor-widget-text-editor\" data-id=\"1c1ee4c6\" data-element_type=\"widget\" data-widget_type=\"text-editor.default\">\n\t\t\t\t<div class=\"elementor-widget-container\">\n\t\t\t\t\t\t\t\t\tDans le restaurant Convent Square Lisbon, Vignette Collection, le mobilier Belt\u00e1 Frajumar joue un r\u00f4le de premier plan, compl\u00e9tant la s\u00e9r\u00e9nit\u00e9 de l&rsquo;environnement avec \u00e9l\u00e9gance et fonctionnalit\u00e9. Le design int\u00e9rieur harmonise l&rsquo;histoire du couvent du XIIIe si\u00e8cle avec une atmosph\u00e8re contemporaine, offrant une atmosph\u00e8re accueillante aux convives. Des pi\u00e8ces telles que la chaise THIN, le BAZK et le fauteuil ADEX am\u00e9liorent l&rsquo;exp\u00e9rience culinaire, refl\u00e9tant le style de vie sophistiqu\u00e9 et moderne de Lisbonne.\t\t\t\t\t\t\t\t<\/div>\n\t\t\t\t<\/div>\n\t\t\t\t<\/div>\n\t\t\t\t\t<\/div>\n\t\t\t\t<\/div>\n\t\t<div data-particle_enable=\"false\" data-particle-mobile-disabled=\"false\" class=\"elementor-element elementor-element-444131a5 e-flex e-con-boxed wd-section-disabled e-con e-parent\" data-id=\"444131a5\" data-element_type=\"container\">\n\t\t\t\t\t<div class=\"e-con-inner\">\n\t\t\t\t<div class=\"elementor-element elementor-element-38e899c1 gallery-spacing-custom elementor-widget elementor-widget-image-gallery\" data-id=\"38e899c1\" data-element_type=\"widget\" data-widget_type=\"image-gallery.default\">\n\t\t\t\t<div class=\"elementor-widget-container\">\n\t\t\t\t\t\t\t<div class=\"elementor-image-gallery\">\n\t\t\t\n\t\t<style type=\"text\/css\">\n\t\t\t#gallery-1 {\n\t\t\t\tmargin: auto;\n\t\t\t}\n\t\t\t#gallery-1 .gallery-item {\n\t\t\t\tfloat: left;\n\t\t\t\tmargin-top: 10px;\n\t\t\t\ttext-align: center;\n\t\t\t\twidth: 50%;\n\t\t\t}\n\t\t\t#gallery-1 img {\n\t\t\t\tborder: 2px solid #cfcfcf;\n\t\t\t}\n\t\t\t#gallery-1 .gallery-caption {\n\t\t\t\tmargin-left: 0;\n\t\t\t}\n\t\t\t\/* see gallery_shortcode() in wp-includes\/media.php *\/\n\t\t<\/style>\n\t\t<div id='gallery-1' class='gallery galleryid-24578 gallery-columns-2 gallery-size-full'><dl class='gallery-item'>\n\t\t\t<dt class='gallery-icon landscape'>\n\t\t\t\t<a data-elementor-open-lightbox=\"yes\" data-elementor-lightbox-slideshow=\"38e899c1\" data-elementor-lightbox-title=\"Dise\u00f1o de interiorismo Convent Square Lisbon - Mobiliario Belt\u00e1 Frajumar - Galeria\" data-e-action-hash=\"#elementor-action%3Aaction%3Dlightbox%26settings%3DeyJpZCI6MTI5NTcsInVybCI6Imh0dHBzOlwvXC9kZXYuYmVsdGFmcmFqdW1hci5jb21cL3dwLWNvbnRlbnRcL3VwbG9hZHNcLzIwMjRcLzA0XC9EaXNlbm8tZGUtaW50ZXJpb3Jpc21vLUNvbnZlbnQtU3F1YXJlLUxpc2Jvbi1Nb2JpbGlhcmlvLUJlbHRhLUZyYWp1bWFyLUdhbGVyaWEtNi5qcGciLCJzbGlkZXNob3ciOiIzOGU4OTljMSJ9\" href='https:\/\/dev.beltafrajumar.com\/wp-content\/uploads\/2024\/04\/Diseno-de-interiorismo-Convent-Square-Lisbon-Mobiliario-Belta-Frajumar-Galeria-6.jpg'><img decoding=\"async\" width=\"1024\" height=\"768\" src=\"https:\/\/dev.beltafrajumar.com\/wp-content\/uploads\/2024\/04\/Diseno-de-interiorismo-Convent-Square-Lisbon-Mobiliario-Belta-Frajumar-Galeria-6.jpg\" class=\"attachment-full size-full\" alt=\"\" srcset=\"https:\/\/dev.beltafrajumar.com\/wp-content\/uploads\/2024\/04\/Diseno-de-interiorismo-Convent-Square-Lisbon-Mobiliario-Belta-Frajumar-Galeria-6.jpg 1024w, https:\/\/dev.beltafrajumar.com\/wp-content\/uploads\/2024\/04\/Diseno-de-interiorismo-Convent-Square-Lisbon-Mobiliario-Belta-Frajumar-Galeria-6-200x150.jpg 200w, https:\/\/dev.beltafrajumar.com\/wp-content\/uploads\/2024\/04\/Diseno-de-interiorismo-Convent-Square-Lisbon-Mobiliario-Belta-Frajumar-Galeria-6-700x525.jpg 700w, https:\/\/dev.beltafrajumar.com\/wp-content\/uploads\/2024\/04\/Diseno-de-interiorismo-Convent-Square-Lisbon-Mobiliario-Belta-Frajumar-Galeria-6-300x225.jpg 300w, https:\/\/dev.beltafrajumar.com\/wp-content\/uploads\/2024\/04\/Diseno-de-interiorismo-Convent-Square-Lisbon-Mobiliario-Belta-Frajumar-Galeria-6-768x576.jpg 768w\" sizes=\"(max-width: 1024px) 100vw, 1024px\" \/><\/a>\n\t\t\t<\/dt><\/dl><dl class='gallery-item'>\n\t\t\t<dt class='gallery-icon landscape'>\n\t\t\t\t<a data-elementor-open-lightbox=\"yes\" data-elementor-lightbox-slideshow=\"38e899c1\" data-elementor-lightbox-title=\"Dise\u00f1o de interiorismo Convent Square Lisbon - Mobiliario Belt\u00e1 Frajumar - Galeria\" data-e-action-hash=\"#elementor-action%3Aaction%3Dlightbox%26settings%3DeyJpZCI6MTI5NTksInVybCI6Imh0dHBzOlwvXC9kZXYuYmVsdGFmcmFqdW1hci5jb21cL3dwLWNvbnRlbnRcL3VwbG9hZHNcLzIwMjRcLzA0XC9EaXNlbm8tZGUtaW50ZXJpb3Jpc21vLUNvbnZlbnQtU3F1YXJlLUxpc2Jvbi1Nb2JpbGlhcmlvLUJlbHRhLUZyYWp1bWFyLUdhbGVyaWEtNy5qcGciLCJzbGlkZXNob3ciOiIzOGU4OTljMSJ9\" href='https:\/\/dev.beltafrajumar.com\/wp-content\/uploads\/2024\/04\/Diseno-de-interiorismo-Convent-Square-Lisbon-Mobiliario-Belta-Frajumar-Galeria-7.jpg'><img decoding=\"async\" width=\"1024\" height=\"768\" src=\"https:\/\/dev.beltafrajumar.com\/wp-content\/uploads\/2024\/04\/Diseno-de-interiorismo-Convent-Square-Lisbon-Mobiliario-Belta-Frajumar-Galeria-7.jpg\" class=\"attachment-full size-full\" alt=\"\" srcset=\"https:\/\/dev.beltafrajumar.com\/wp-content\/uploads\/2024\/04\/Diseno-de-interiorismo-Convent-Square-Lisbon-Mobiliario-Belta-Frajumar-Galeria-7.jpg 1024w, https:\/\/dev.beltafrajumar.com\/wp-content\/uploads\/2024\/04\/Diseno-de-interiorismo-Convent-Square-Lisbon-Mobiliario-Belta-Frajumar-Galeria-7-200x150.jpg 200w, https:\/\/dev.beltafrajumar.com\/wp-content\/uploads\/2024\/04\/Diseno-de-interiorismo-Convent-Square-Lisbon-Mobiliario-Belta-Frajumar-Galeria-7-700x525.jpg 700w, https:\/\/dev.beltafrajumar.com\/wp-content\/uploads\/2024\/04\/Diseno-de-interiorismo-Convent-Square-Lisbon-Mobiliario-Belta-Frajumar-Galeria-7-300x225.jpg 300w, https:\/\/dev.beltafrajumar.com\/wp-content\/uploads\/2024\/04\/Diseno-de-interiorismo-Convent-Square-Lisbon-Mobiliario-Belta-Frajumar-Galeria-7-768x576.jpg 768w\" sizes=\"(max-width: 1024px) 100vw, 1024px\" \/><\/a>\n\t\t\t<\/dt><\/dl><br style=\"clear: both\" \/><dl class='gallery-item'>\n\t\t\t<dt class='gallery-icon landscape'>\n\t\t\t\t<a data-elementor-open-lightbox=\"yes\" data-elementor-lightbox-slideshow=\"38e899c1\" data-elementor-lightbox-title=\"Dise\u00f1o de interiorismo Convent Square Lisbon - Mobiliario Belt\u00e1 Frajumar - Galeria\" data-e-action-hash=\"#elementor-action%3Aaction%3Dlightbox%26settings%3DeyJpZCI6MTI5NjEsInVybCI6Imh0dHBzOlwvXC9kZXYuYmVsdGFmcmFqdW1hci5jb21cL3dwLWNvbnRlbnRcL3VwbG9hZHNcLzIwMjRcLzA0XC9EaXNlbm8tZGUtaW50ZXJpb3Jpc21vLUNvbnZlbnQtU3F1YXJlLUxpc2Jvbi1Nb2JpbGlhcmlvLUJlbHRhLUZyYWp1bWFyLUdhbGVyaWEtOC5qcGciLCJzbGlkZXNob3ciOiIzOGU4OTljMSJ9\" href='https:\/\/dev.beltafrajumar.com\/wp-content\/uploads\/2024\/04\/Diseno-de-interiorismo-Convent-Square-Lisbon-Mobiliario-Belta-Frajumar-Galeria-8.jpg'><img loading=\"lazy\" decoding=\"async\" width=\"1024\" height=\"768\" src=\"https:\/\/dev.beltafrajumar.com\/wp-content\/uploads\/2024\/04\/Diseno-de-interiorismo-Convent-Square-Lisbon-Mobiliario-Belta-Frajumar-Galeria-8.jpg\" class=\"attachment-full size-full\" alt=\"\" srcset=\"https:\/\/dev.beltafrajumar.com\/wp-content\/uploads\/2024\/04\/Diseno-de-interiorismo-Convent-Square-Lisbon-Mobiliario-Belta-Frajumar-Galeria-8.jpg 1024w, https:\/\/dev.beltafrajumar.com\/wp-content\/uploads\/2024\/04\/Diseno-de-interiorismo-Convent-Square-Lisbon-Mobiliario-Belta-Frajumar-Galeria-8-200x150.jpg 200w, https:\/\/dev.beltafrajumar.com\/wp-content\/uploads\/2024\/04\/Diseno-de-interiorismo-Convent-Square-Lisbon-Mobiliario-Belta-Frajumar-Galeria-8-700x525.jpg 700w, https:\/\/dev.beltafrajumar.com\/wp-content\/uploads\/2024\/04\/Diseno-de-interiorismo-Convent-Square-Lisbon-Mobiliario-Belta-Frajumar-Galeria-8-300x225.jpg 300w, https:\/\/dev.beltafrajumar.com\/wp-content\/uploads\/2024\/04\/Diseno-de-interiorismo-Convent-Square-Lisbon-Mobiliario-Belta-Frajumar-Galeria-8-768x576.jpg 768w\" sizes=\"(max-width: 1024px) 100vw, 1024px\" \/><\/a>\n\t\t\t<\/dt><\/dl><dl class='gallery-item'>\n\t\t\t<dt class='gallery-icon landscape'>\n\t\t\t\t<a data-elementor-open-lightbox=\"yes\" data-elementor-lightbox-slideshow=\"38e899c1\" data-elementor-lightbox-title=\"Dise\u00f1o de interiorismo Convent Square Lisbon - Mobiliario Belt\u00e1 Frajumar - Galeria\" data-e-action-hash=\"#elementor-action%3Aaction%3Dlightbox%26settings%3DeyJpZCI6MTI5NjMsInVybCI6Imh0dHBzOlwvXC9kZXYuYmVsdGFmcmFqdW1hci5jb21cL3dwLWNvbnRlbnRcL3VwbG9hZHNcLzIwMjRcLzA0XC9EaXNlbm8tZGUtaW50ZXJpb3Jpc21vLUNvbnZlbnQtU3F1YXJlLUxpc2Jvbi1Nb2JpbGlhcmlvLUJlbHRhLUZyYWp1bWFyLUdhbGVyaWEtOS5qcGciLCJzbGlkZXNob3ciOiIzOGU4OTljMSJ9\" href='https:\/\/dev.beltafrajumar.com\/wp-content\/uploads\/2024\/04\/Diseno-de-interiorismo-Convent-Square-Lisbon-Mobiliario-Belta-Frajumar-Galeria-9.jpg'><img loading=\"lazy\" decoding=\"async\" width=\"1024\" height=\"768\" src=\"https:\/\/dev.beltafrajumar.com\/wp-content\/uploads\/2024\/04\/Diseno-de-interiorismo-Convent-Square-Lisbon-Mobiliario-Belta-Frajumar-Galeria-9.jpg\" class=\"attachment-full size-full\" alt=\"\" srcset=\"https:\/\/dev.beltafrajumar.com\/wp-content\/uploads\/2024\/04\/Diseno-de-interiorismo-Convent-Square-Lisbon-Mobiliario-Belta-Frajumar-Galeria-9.jpg 1024w, https:\/\/dev.beltafrajumar.com\/wp-content\/uploads\/2024\/04\/Diseno-de-interiorismo-Convent-Square-Lisbon-Mobiliario-Belta-Frajumar-Galeria-9-200x150.jpg 200w, https:\/\/dev.beltafrajumar.com\/wp-content\/uploads\/2024\/04\/Diseno-de-interiorismo-Convent-Square-Lisbon-Mobiliario-Belta-Frajumar-Galeria-9-700x525.jpg 700w, https:\/\/dev.beltafrajumar.com\/wp-content\/uploads\/2024\/04\/Diseno-de-interiorismo-Convent-Square-Lisbon-Mobiliario-Belta-Frajumar-Galeria-9-300x225.jpg 300w, https:\/\/dev.beltafrajumar.com\/wp-content\/uploads\/2024\/04\/Diseno-de-interiorismo-Convent-Square-Lisbon-Mobiliario-Belta-Frajumar-Galeria-9-768x576.jpg 768w\" sizes=\"(max-width: 1024px) 100vw, 1024px\" \/><\/a>\n\t\t\t<\/dt><\/dl><br style=\"clear: both\" \/><dl class='gallery-item'>\n\t\t\t<dt class='gallery-icon landscape'>\n\t\t\t\t<a data-elementor-open-lightbox=\"yes\" data-elementor-lightbox-slideshow=\"38e899c1\" data-elementor-lightbox-title=\"Dise\u00f1o de interiorismo Convent Square Lisbon - Mobiliario Belt\u00e1 Frajumar - Galeria\" data-e-action-hash=\"#elementor-action%3Aaction%3Dlightbox%26settings%3DeyJpZCI6MTI5NjUsInVybCI6Imh0dHBzOlwvXC9kZXYuYmVsdGFmcmFqdW1hci5jb21cL3dwLWNvbnRlbnRcL3VwbG9hZHNcLzIwMjRcLzA0XC9EaXNlbm8tZGUtaW50ZXJpb3Jpc21vLUNvbnZlbnQtU3F1YXJlLUxpc2Jvbi1Nb2JpbGlhcmlvLUJlbHRhLUZyYWp1bWFyLUdhbGVyaWEtMTAuanBnIiwic2xpZGVzaG93IjoiMzhlODk5YzEifQ%3D%3D\" href='https:\/\/dev.beltafrajumar.com\/wp-content\/uploads\/2024\/04\/Diseno-de-interiorismo-Convent-Square-Lisbon-Mobiliario-Belta-Frajumar-Galeria-10.jpg'><img loading=\"lazy\" decoding=\"async\" width=\"1024\" height=\"768\" src=\"https:\/\/dev.beltafrajumar.com\/wp-content\/uploads\/2024\/04\/Diseno-de-interiorismo-Convent-Square-Lisbon-Mobiliario-Belta-Frajumar-Galeria-10.jpg\" class=\"attachment-full size-full\" alt=\"\" srcset=\"https:\/\/dev.beltafrajumar.com\/wp-content\/uploads\/2024\/04\/Diseno-de-interiorismo-Convent-Square-Lisbon-Mobiliario-Belta-Frajumar-Galeria-10.jpg 1024w, https:\/\/dev.beltafrajumar.com\/wp-content\/uploads\/2024\/04\/Diseno-de-interiorismo-Convent-Square-Lisbon-Mobiliario-Belta-Frajumar-Galeria-10-200x150.jpg 200w, https:\/\/dev.beltafrajumar.com\/wp-content\/uploads\/2024\/04\/Diseno-de-interiorismo-Convent-Square-Lisbon-Mobiliario-Belta-Frajumar-Galeria-10-700x525.jpg 700w, https:\/\/dev.beltafrajumar.com\/wp-content\/uploads\/2024\/04\/Diseno-de-interiorismo-Convent-Square-Lisbon-Mobiliario-Belta-Frajumar-Galeria-10-300x225.jpg 300w, https:\/\/dev.beltafrajumar.com\/wp-content\/uploads\/2024\/04\/Diseno-de-interiorismo-Convent-Square-Lisbon-Mobiliario-Belta-Frajumar-Galeria-10-768x576.jpg 768w\" sizes=\"(max-width: 1024px) 100vw, 1024px\" \/><\/a>\n\t\t\t<\/dt><\/dl><dl class='gallery-item'>\n\t\t\t<dt class='gallery-icon landscape'>\n\t\t\t\t<a data-elementor-open-lightbox=\"yes\" data-elementor-lightbox-slideshow=\"38e899c1\" data-elementor-lightbox-title=\"Dise\u00f1o de interiorismo Convent Square Lisbon - Mobiliario Belt\u00e1 Frajumar - Galeria\" data-e-action-hash=\"#elementor-action%3Aaction%3Dlightbox%26settings%3DeyJpZCI6MTI5NjcsInVybCI6Imh0dHBzOlwvXC9kZXYuYmVsdGFmcmFqdW1hci5jb21cL3dwLWNvbnRlbnRcL3VwbG9hZHNcLzIwMjRcLzA0XC9EaXNlbm8tZGUtaW50ZXJpb3Jpc21vLUNvbnZlbnQtU3F1YXJlLUxpc2Jvbi1Nb2JpbGlhcmlvLUJlbHRhLUZyYWp1bWFyLUdhbGVyaWEtMS5qcGciLCJzbGlkZXNob3ciOiIzOGU4OTljMSJ9\" href='https:\/\/dev.beltafrajumar.com\/wp-content\/uploads\/2024\/04\/Diseno-de-interiorismo-Convent-Square-Lisbon-Mobiliario-Belta-Frajumar-Galeria-1.jpg'><img loading=\"lazy\" decoding=\"async\" width=\"1024\" height=\"768\" src=\"https:\/\/dev.beltafrajumar.com\/wp-content\/uploads\/2024\/04\/Diseno-de-interiorismo-Convent-Square-Lisbon-Mobiliario-Belta-Frajumar-Galeria-1.jpg\" class=\"attachment-full size-full\" alt=\"\" srcset=\"https:\/\/dev.beltafrajumar.com\/wp-content\/uploads\/2024\/04\/Diseno-de-interiorismo-Convent-Square-Lisbon-Mobiliario-Belta-Frajumar-Galeria-1.jpg 1024w, https:\/\/dev.beltafrajumar.com\/wp-content\/uploads\/2024\/04\/Diseno-de-interiorismo-Convent-Square-Lisbon-Mobiliario-Belta-Frajumar-Galeria-1-200x150.jpg 200w, https:\/\/dev.beltafrajumar.com\/wp-content\/uploads\/2024\/04\/Diseno-de-interiorismo-Convent-Square-Lisbon-Mobiliario-Belta-Frajumar-Galeria-1-700x525.jpg 700w, https:\/\/dev.beltafrajumar.com\/wp-content\/uploads\/2024\/04\/Diseno-de-interiorismo-Convent-Square-Lisbon-Mobiliario-Belta-Frajumar-Galeria-1-300x225.jpg 300w, https:\/\/dev.beltafrajumar.com\/wp-content\/uploads\/2024\/04\/Diseno-de-interiorismo-Convent-Square-Lisbon-Mobiliario-Belta-Frajumar-Galeria-1-768x576.jpg 768w\" sizes=\"(max-width: 1024px) 100vw, 1024px\" \/><\/a>\n\t\t\t<\/dt><\/dl><br style=\"clear: both\" \/><dl class='gallery-item'>\n\t\t\t<dt class='gallery-icon landscape'>\n\t\t\t\t<a data-elementor-open-lightbox=\"yes\" data-elementor-lightbox-slideshow=\"38e899c1\" data-elementor-lightbox-title=\"Dise\u00f1o de interiorismo Convent Square Lisbon - Mobiliario Belt\u00e1 Frajumar - Galeria\" data-e-action-hash=\"#elementor-action%3Aaction%3Dlightbox%26settings%3DeyJpZCI6MTI5NjksInVybCI6Imh0dHBzOlwvXC9kZXYuYmVsdGFmcmFqdW1hci5jb21cL3dwLWNvbnRlbnRcL3VwbG9hZHNcLzIwMjRcLzA0XC9EaXNlbm8tZGUtaW50ZXJpb3Jpc21vLUNvbnZlbnQtU3F1YXJlLUxpc2Jvbi1Nb2JpbGlhcmlvLUJlbHRhLUZyYWp1bWFyLUdhbGVyaWEtMi5qcGciLCJzbGlkZXNob3ciOiIzOGU4OTljMSJ9\" href='https:\/\/dev.beltafrajumar.com\/wp-content\/uploads\/2024\/04\/Diseno-de-interiorismo-Convent-Square-Lisbon-Mobiliario-Belta-Frajumar-Galeria-2.jpg'><img loading=\"lazy\" decoding=\"async\" width=\"1024\" height=\"768\" src=\"https:\/\/dev.beltafrajumar.com\/wp-content\/uploads\/2024\/04\/Diseno-de-interiorismo-Convent-Square-Lisbon-Mobiliario-Belta-Frajumar-Galeria-2.jpg\" class=\"attachment-full size-full\" alt=\"\" srcset=\"https:\/\/dev.beltafrajumar.com\/wp-content\/uploads\/2024\/04\/Diseno-de-interiorismo-Convent-Square-Lisbon-Mobiliario-Belta-Frajumar-Galeria-2.jpg 1024w, https:\/\/dev.beltafrajumar.com\/wp-content\/uploads\/2024\/04\/Diseno-de-interiorismo-Convent-Square-Lisbon-Mobiliario-Belta-Frajumar-Galeria-2-200x150.jpg 200w, https:\/\/dev.beltafrajumar.com\/wp-content\/uploads\/2024\/04\/Diseno-de-interiorismo-Convent-Square-Lisbon-Mobiliario-Belta-Frajumar-Galeria-2-700x525.jpg 700w, https:\/\/dev.beltafrajumar.com\/wp-content\/uploads\/2024\/04\/Diseno-de-interiorismo-Convent-Square-Lisbon-Mobiliario-Belta-Frajumar-Galeria-2-300x225.jpg 300w, https:\/\/dev.beltafrajumar.com\/wp-content\/uploads\/2024\/04\/Diseno-de-interiorismo-Convent-Square-Lisbon-Mobiliario-Belta-Frajumar-Galeria-2-768x576.jpg 768w\" sizes=\"(max-width: 1024px) 100vw, 1024px\" \/><\/a>\n\t\t\t<\/dt><\/dl><dl class='gallery-item'>\n\t\t\t<dt class='gallery-icon landscape'>\n\t\t\t\t<a data-elementor-open-lightbox=\"yes\" data-elementor-lightbox-slideshow=\"38e899c1\" data-elementor-lightbox-title=\"Dise\u00f1o de interiorismo Convent Square Lisbon - Mobiliario Belt\u00e1 Frajumar - Galeria\" data-e-action-hash=\"#elementor-action%3Aaction%3Dlightbox%26settings%3DeyJpZCI6MTI5NzEsInVybCI6Imh0dHBzOlwvXC9kZXYuYmVsdGFmcmFqdW1hci5jb21cL3dwLWNvbnRlbnRcL3VwbG9hZHNcLzIwMjRcLzA0XC9EaXNlbm8tZGUtaW50ZXJpb3Jpc21vLUNvbnZlbnQtU3F1YXJlLUxpc2Jvbi1Nb2JpbGlhcmlvLUJlbHRhLUZyYWp1bWFyLUdhbGVyaWEtMy5qcGciLCJzbGlkZXNob3ciOiIzOGU4OTljMSJ9\" href='https:\/\/dev.beltafrajumar.com\/wp-content\/uploads\/2024\/04\/Diseno-de-interiorismo-Convent-Square-Lisbon-Mobiliario-Belta-Frajumar-Galeria-3.jpg'><img loading=\"lazy\" decoding=\"async\" width=\"1024\" height=\"768\" src=\"https:\/\/dev.beltafrajumar.com\/wp-content\/uploads\/2024\/04\/Diseno-de-interiorismo-Convent-Square-Lisbon-Mobiliario-Belta-Frajumar-Galeria-3.jpg\" class=\"attachment-full size-full\" alt=\"\" srcset=\"https:\/\/dev.beltafrajumar.com\/wp-content\/uploads\/2024\/04\/Diseno-de-interiorismo-Convent-Square-Lisbon-Mobiliario-Belta-Frajumar-Galeria-3.jpg 1024w, https:\/\/dev.beltafrajumar.com\/wp-content\/uploads\/2024\/04\/Diseno-de-interiorismo-Convent-Square-Lisbon-Mobiliario-Belta-Frajumar-Galeria-3-200x150.jpg 200w, https:\/\/dev.beltafrajumar.com\/wp-content\/uploads\/2024\/04\/Diseno-de-interiorismo-Convent-Square-Lisbon-Mobiliario-Belta-Frajumar-Galeria-3-700x525.jpg 700w, https:\/\/dev.beltafrajumar.com\/wp-content\/uploads\/2024\/04\/Diseno-de-interiorismo-Convent-Square-Lisbon-Mobiliario-Belta-Frajumar-Galeria-3-300x225.jpg 300w, https:\/\/dev.beltafrajumar.com\/wp-content\/uploads\/2024\/04\/Diseno-de-interiorismo-Convent-Square-Lisbon-Mobiliario-Belta-Frajumar-Galeria-3-768x576.jpg 768w\" sizes=\"(max-width: 1024px) 100vw, 1024px\" \/><\/a>\n\t\t\t<\/dt><\/dl><br style=\"clear: both\" \/><dl class='gallery-item'>\n\t\t\t<dt class='gallery-icon landscape'>\n\t\t\t\t<a data-elementor-open-lightbox=\"yes\" data-elementor-lightbox-slideshow=\"38e899c1\" data-elementor-lightbox-title=\"Dise\u00f1o de interiorismo Convent Square Lisbon - Mobiliario Belt\u00e1 Frajumar - Galeria\" data-e-action-hash=\"#elementor-action%3Aaction%3Dlightbox%26settings%3DeyJpZCI6MTI5NzMsInVybCI6Imh0dHBzOlwvXC9kZXYuYmVsdGFmcmFqdW1hci5jb21cL3dwLWNvbnRlbnRcL3VwbG9hZHNcLzIwMjRcLzA0XC9EaXNlbm8tZGUtaW50ZXJpb3Jpc21vLUNvbnZlbnQtU3F1YXJlLUxpc2Jvbi1Nb2JpbGlhcmlvLUJlbHRhLUZyYWp1bWFyLUdhbGVyaWEtNC5qcGciLCJzbGlkZXNob3ciOiIzOGU4OTljMSJ9\" href='https:\/\/dev.beltafrajumar.com\/wp-content\/uploads\/2024\/04\/Diseno-de-interiorismo-Convent-Square-Lisbon-Mobiliario-Belta-Frajumar-Galeria-4.jpg'><img loading=\"lazy\" decoding=\"async\" width=\"1024\" height=\"768\" src=\"https:\/\/dev.beltafrajumar.com\/wp-content\/uploads\/2024\/04\/Diseno-de-interiorismo-Convent-Square-Lisbon-Mobiliario-Belta-Frajumar-Galeria-4.jpg\" class=\"attachment-full size-full\" alt=\"\" srcset=\"https:\/\/dev.beltafrajumar.com\/wp-content\/uploads\/2024\/04\/Diseno-de-interiorismo-Convent-Square-Lisbon-Mobiliario-Belta-Frajumar-Galeria-4.jpg 1024w, https:\/\/dev.beltafrajumar.com\/wp-content\/uploads\/2024\/04\/Diseno-de-interiorismo-Convent-Square-Lisbon-Mobiliario-Belta-Frajumar-Galeria-4-200x150.jpg 200w, https:\/\/dev.beltafrajumar.com\/wp-content\/uploads\/2024\/04\/Diseno-de-interiorismo-Convent-Square-Lisbon-Mobiliario-Belta-Frajumar-Galeria-4-700x525.jpg 700w, https:\/\/dev.beltafrajumar.com\/wp-content\/uploads\/2024\/04\/Diseno-de-interiorismo-Convent-Square-Lisbon-Mobiliario-Belta-Frajumar-Galeria-4-300x225.jpg 300w, https:\/\/dev.beltafrajumar.com\/wp-content\/uploads\/2024\/04\/Diseno-de-interiorismo-Convent-Square-Lisbon-Mobiliario-Belta-Frajumar-Galeria-4-768x576.jpg 768w\" sizes=\"(max-width: 1024px) 100vw, 1024px\" \/><\/a>\n\t\t\t<\/dt><\/dl><dl class='gallery-item'>\n\t\t\t<dt class='gallery-icon landscape'>\n\t\t\t\t<a data-elementor-open-lightbox=\"yes\" data-elementor-lightbox-slideshow=\"38e899c1\" data-elementor-lightbox-title=\"Dise\u00f1o de interiorismo Convent Square Lisbon - Mobiliario Belt\u00e1 Frajumar - Galeria\" data-e-action-hash=\"#elementor-action%3Aaction%3Dlightbox%26settings%3DeyJpZCI6MTI5NzUsInVybCI6Imh0dHBzOlwvXC9kZXYuYmVsdGFmcmFqdW1hci5jb21cL3dwLWNvbnRlbnRcL3VwbG9hZHNcLzIwMjRcLzA0XC9EaXNlbm8tZGUtaW50ZXJpb3Jpc21vLUNvbnZlbnQtU3F1YXJlLUxpc2Jvbi1Nb2JpbGlhcmlvLUJlbHRhLUZyYWp1bWFyLUdhbGVyaWEtNS5qcGciLCJzbGlkZXNob3ciOiIzOGU4OTljMSJ9\" href='https:\/\/dev.beltafrajumar.com\/wp-content\/uploads\/2024\/04\/Diseno-de-interiorismo-Convent-Square-Lisbon-Mobiliario-Belta-Frajumar-Galeria-5.jpg'><img loading=\"lazy\" decoding=\"async\" width=\"1024\" height=\"768\" src=\"https:\/\/dev.beltafrajumar.com\/wp-content\/uploads\/2024\/04\/Diseno-de-interiorismo-Convent-Square-Lisbon-Mobiliario-Belta-Frajumar-Galeria-5.jpg\" class=\"attachment-full size-full\" alt=\"\" srcset=\"https:\/\/dev.beltafrajumar.com\/wp-content\/uploads\/2024\/04\/Diseno-de-interiorismo-Convent-Square-Lisbon-Mobiliario-Belta-Frajumar-Galeria-5.jpg 1024w, https:\/\/dev.beltafrajumar.com\/wp-content\/uploads\/2024\/04\/Diseno-de-interiorismo-Convent-Square-Lisbon-Mobiliario-Belta-Frajumar-Galeria-5-200x150.jpg 200w, https:\/\/dev.beltafrajumar.com\/wp-content\/uploads\/2024\/04\/Diseno-de-interiorismo-Convent-Square-Lisbon-Mobiliario-Belta-Frajumar-Galeria-5-700x525.jpg 700w, https:\/\/dev.beltafrajumar.com\/wp-content\/uploads\/2024\/04\/Diseno-de-interiorismo-Convent-Square-Lisbon-Mobiliario-Belta-Frajumar-Galeria-5-300x225.jpg 300w, https:\/\/dev.beltafrajumar.com\/wp-content\/uploads\/2024\/04\/Diseno-de-interiorismo-Convent-Square-Lisbon-Mobiliario-Belta-Frajumar-Galeria-5-768x576.jpg 768w\" sizes=\"(max-width: 1024px) 100vw, 1024px\" \/><\/a>\n\t\t\t<\/dt><\/dl><br style=\"clear: both\" \/>\n\t\t<\/div>\n\t\t<\/div>\n\t\t\t\t\t\t<\/div>\n\t\t\t\t<\/div>\n\t\t\t\t\t<\/div>\n\t\t\t\t<\/div>\n\t\t<div data-particle_enable=\"false\" data-particle-mobile-disabled=\"false\" class=\"elementor-element elementor-element-df69e59 e-flex e-con-boxed wd-section-disabled e-con e-parent\" data-id=\"df69e59\" data-element_type=\"container\">\n\t\t\t\t\t<div class=\"e-con-inner\">\n\t\t\t\t<div class=\"elementor-element elementor-element-26ce0d2 elementor-widget elementor-widget-heading\" data-id=\"26ce0d2\" data-element_type=\"widget\" data-widget_type=\"heading.default\">\n\t\t\t\t<div class=\"elementor-widget-container\">\n\t\t\t\t\t<h2 class=\"elementor-heading-title elementor-size-default\">Produits apparent\u00e9s<\/h2>\t\t\t\t<\/div>\n\t\t\t\t<\/div>\n\t\t\t\t<div class=\"elementor-element elementor-element-ac40e2d elementor-widget elementor-widget-shortcode\" data-id=\"ac40e2d\" data-element_type=\"widget\" data-widget_type=\"shortcode.default\">\n\t\t\t\t<div class=\"elementor-widget-container\">\n\t\t\t\t\t\t\t<div class=\"elementor-shortcode\"><div class=\"woocommerce columns-4 \">\n<div class=\"products elements-grid wd-products-holder  wd-spacing-20 grid-columns-3 pagination-infinit wd-stretch-cont-lg wd-stretch-cont-md wd-stretch-cont-sm align-items-start row\" data-source=\"main_loop\" data-min_price=\"\" data-max_price=\"\" data-columns=\"3\">\n<div class=\"product-grid-item product wd-hover-buttons-on-hover  col-lg-4 col-md-4 col-12 first  wcpa_has_options type-product post-23165 status-publish instock product_cat-fauteuils-hotels product_cat-fauteuils-maison product_cat-livraison-rapide product_cat-mobilier-hotel product_cat-mobilier-maison product_tag-alejandro-azorin-fr product_tag-novembre product_tag-ventes-en-ligne has-post-thumbnail taxable shipping-taxable purchasable product-type-simple\" data-loop=\"1\" data-id=\"23165\">\n\t\n\t\n<div class=\"product-wrapper\">\n\t<div class=\"product-element-top wd-quick-shop\">\n\t\t<a href=\"https:\/\/dev.beltafrajumar.com\/fr\/produit\/adex-coussin-de-dossier-du-fauteuil\/\" class=\"product-image-link\">\n\t\t\t<img loading=\"lazy\" decoding=\"async\" width=\"600\" height=\"600\" src=\"https:\/\/dev.beltafrajumar.com\/wp-content\/uploads\/2024\/04\/01-ADEX-opcion-cojin-vivo-gris-600x600.jpg\" class=\"attachment-woocommerce_thumbnail size-woocommerce_thumbnail\" alt=\"Chaise auxiliaire ADEX pour h\u00f4tel et logement - Living Hospitality Furniture Belta Frajumar\" srcset=\"https:\/\/dev.beltafrajumar.com\/wp-content\/uploads\/2024\/04\/01-ADEX-opcion-cojin-vivo-gris-600x600.jpg 600w, https:\/\/dev.beltafrajumar.com\/wp-content\/uploads\/2024\/04\/01-ADEX-opcion-cojin-vivo-gris-200x200.jpg 200w, https:\/\/dev.beltafrajumar.com\/wp-content\/uploads\/2024\/04\/01-ADEX-opcion-cojin-vivo-gris-700x700.jpg 700w, https:\/\/dev.beltafrajumar.com\/wp-content\/uploads\/2024\/04\/01-ADEX-opcion-cojin-vivo-gris-300x300.jpg 300w, https:\/\/dev.beltafrajumar.com\/wp-content\/uploads\/2024\/04\/01-ADEX-opcion-cojin-vivo-gris-150x150.jpg 150w, https:\/\/dev.beltafrajumar.com\/wp-content\/uploads\/2024\/04\/01-ADEX-opcion-cojin-vivo-gris-768x768.jpg 768w, https:\/\/dev.beltafrajumar.com\/wp-content\/uploads\/2024\/04\/01-ADEX-opcion-cojin-vivo-gris-1536x1536.jpg 1536w, https:\/\/dev.beltafrajumar.com\/wp-content\/uploads\/2024\/04\/01-ADEX-opcion-cojin-vivo-gris-2048x2048.jpg 2048w, https:\/\/dev.beltafrajumar.com\/wp-content\/uploads\/2024\/04\/01-ADEX-opcion-cojin-vivo-gris-1200x1200.jpg 1200w\" sizes=\"(max-width: 600px) 100vw, 600px\" \/>\t\t<\/a>\n\n\t\t\t\t\t<div class=\"hover-img\">\n\t\t\t\t<a href=\"https:\/\/dev.beltafrajumar.com\/fr\/produit\/adex-coussin-de-dossier-du-fauteuil\/\">\n\t\t\t\t\t<img loading=\"lazy\" decoding=\"async\" width=\"600\" height=\"600\" src=\"https:\/\/dev.beltafrajumar.com\/wp-content\/uploads\/2024\/04\/ADEX-butaca-auxiliar-para-Hotel-y-Vivienda-Mobiliario-Living-Hospitality-Belta-Frajumar-3-600x600.jpg\" class=\"attachment-woocommerce_thumbnail size-woocommerce_thumbnail\" alt=\"Chaise auxiliaire ADEX pour h\u00f4tel et logement - Living Hospitality Furniture Belta Frajumar\" srcset=\"https:\/\/dev.beltafrajumar.com\/wp-content\/uploads\/2024\/04\/ADEX-butaca-auxiliar-para-Hotel-y-Vivienda-Mobiliario-Living-Hospitality-Belta-Frajumar-3-600x600.jpg 600w, https:\/\/dev.beltafrajumar.com\/wp-content\/uploads\/2024\/04\/ADEX-butaca-auxiliar-para-Hotel-y-Vivienda-Mobiliario-Living-Hospitality-Belta-Frajumar-3-150x150.jpg 150w\" sizes=\"(max-width: 600px) 100vw, 600px\" \/>\t\t\t\t<\/a>\n\t\t\t<\/div>\n\t\t\t\n\t\t<div class=\"wd-buttons wd-pos-r-t\">\n\t\t\t\t\t\t<div class=\"wd-wishlist-btn wd-action-btn wd-style-icon wd-wishlist-icon\">\n\t\t\t\t<a class=\"\" href=\"https:\/\/dev.beltafrajumar.com\/fr\/wishlist\/\" data-key=\"72aec3b37b\" data-product-id=\"3631\" rel=\"nofollow\" data-added-text=\"Browse Wishlist\">\n\t\t\t\t\t<span>Add to wishlist<\/span>\n\t\t\t\t<\/a>\n\t\t\t<\/div>\n\t\t\t\t<\/div>\n\t<\/div>\n\n\t<div class=\"product-element-bottom\">\n\n\t\t<div class=\"wd-product-header\">\n\t\t\t<h3 class=\"wd-entities-title\"><a href=\"https:\/\/dev.beltafrajumar.com\/fr\/produit\/adex-coussin-de-dossier-du-fauteuil\/\">ADEX coussin de dossier du fauteuil<\/a><\/h3>\n\t\t\t\t\t<\/div>\n\n\t\t\n\t\t\n\t\t\n\t\t<div class=\"wrap-price\">\n\t\t\t\n\t<span class=\"price\"><span class=\"woocommerce-Price-amount amount\"><bdi>1,213.63&nbsp;<span class=\"woocommerce-Price-currencySymbol\">&euro;<\/span><\/bdi><\/span><\/span>\n      \n\t\t\t\t\t<\/div>\n\n\t\t\n\t\t\n\t\t\n\t\t\n\t\t<div class=\"wd-product-footer\">\n\t\t\t<div class=\"wd-add-btn wd-add-btn-replace\">\n\t\t\t\t<a href=\"https:\/\/dev.beltafrajumar.com\/fr\/produit\/adex-coussin-de-dossier-du-fauteuil\/\" data-quantity=\"1\" class=\"button product_type_simple add_to_cart_button wcpa_add_to_cart_button add-to-cart-loop\" data-product_id=\"23165\" data-product_sku=\"222BU\" aria-label=\"Ajouter au panier\u00a0: &ldquo;ADEX coussin de dossier du fauteuil&rdquo;\" rel=\"nofollow\" data-success_message=\"\u00ab\u00a0ADEX coussin de dossier du fauteuil\u00a0\u00bb a \u00e9t\u00e9 ajout\u00e9 \u00e0 votre panier\"><span>S\u00e9lectionner les options<\/span><\/a>\t\t\t<\/div>\n\t\t\t<div class=\"wd-action-buttons\">\n\t\t\t\t\t\t\t\t\t\t\t<\/div>\n\t\t<\/div>\n\t<\/div>\n<\/div>\n<\/div>\n<div class=\"product-grid-item product wd-hover-buttons-on-hover  col-lg-4 col-md-4 col-12 wcpa_has_options type-product post-24391 status-publish instock product_cat-fauteuils-hotels product_cat-fauteuils-maison product_cat-livraison-rapide product_cat-mobilier-hotel product_cat-mobilier-maison product_tag-dario-gagliardini-fr product_tag-novembre product_tag-ventes-en-ligne has-post-thumbnail taxable shipping-taxable purchasable product-type-simple\" data-loop=\"2\" data-id=\"24391\">\n\t\n\t\n<div class=\"product-wrapper\">\n\t<div class=\"product-element-top wd-quick-shop\">\n\t\t<a href=\"https:\/\/dev.beltafrajumar.com\/fr\/produit\/arko-fauteuil\/\" class=\"product-image-link\">\n\t\t\t<img loading=\"lazy\" decoding=\"async\" width=\"600\" height=\"600\" src=\"https:\/\/dev.beltafrajumar.com\/wp-content\/uploads\/2024\/04\/ARKO-butaca-Muebles-de-diseno-exclusivo-Belta-Frajumar-600x600.png\" class=\"attachment-woocommerce_thumbnail size-woocommerce_thumbnail\" alt=\"Fauteuil ARKO - Mobilier design exclusif Belt\u00e1 Frajumar\" srcset=\"https:\/\/dev.beltafrajumar.com\/wp-content\/uploads\/2024\/04\/ARKO-butaca-Muebles-de-diseno-exclusivo-Belta-Frajumar-600x600.png 600w, https:\/\/dev.beltafrajumar.com\/wp-content\/uploads\/2024\/04\/ARKO-butaca-Muebles-de-diseno-exclusivo-Belta-Frajumar-200x200.png 200w, https:\/\/dev.beltafrajumar.com\/wp-content\/uploads\/2024\/04\/ARKO-butaca-Muebles-de-diseno-exclusivo-Belta-Frajumar-700x700.png 700w, https:\/\/dev.beltafrajumar.com\/wp-content\/uploads\/2024\/04\/ARKO-butaca-Muebles-de-diseno-exclusivo-Belta-Frajumar-300x300.png 300w, https:\/\/dev.beltafrajumar.com\/wp-content\/uploads\/2024\/04\/ARKO-butaca-Muebles-de-diseno-exclusivo-Belta-Frajumar-150x150.png 150w, https:\/\/dev.beltafrajumar.com\/wp-content\/uploads\/2024\/04\/ARKO-butaca-Muebles-de-diseno-exclusivo-Belta-Frajumar-768x768.png 768w, https:\/\/dev.beltafrajumar.com\/wp-content\/uploads\/2024\/04\/ARKO-butaca-Muebles-de-diseno-exclusivo-Belta-Frajumar.png 1080w\" sizes=\"(max-width: 600px) 100vw, 600px\" \/>\t\t<\/a>\n\n\t\t\t\t\t<div class=\"hover-img\">\n\t\t\t\t<a href=\"https:\/\/dev.beltafrajumar.com\/fr\/produit\/arko-fauteuil\/\">\n\t\t\t\t\t<img loading=\"lazy\" decoding=\"async\" width=\"600\" height=\"600\" src=\"https:\/\/dev.beltafrajumar.com\/wp-content\/uploads\/2024\/04\/ARKO-butaca-para-Hotel-y-Vivienda-Mobiliario-Living-Hospitality-Belta-Frajumar-600x600.jpg\" class=\"attachment-woocommerce_thumbnail size-woocommerce_thumbnail\" alt=\"Fauteuil ARKO pour h\u00f4tel et maison - Living Hospitality Furniture Belta Frajumar\" srcset=\"https:\/\/dev.beltafrajumar.com\/wp-content\/uploads\/2024\/04\/ARKO-butaca-para-Hotel-y-Vivienda-Mobiliario-Living-Hospitality-Belta-Frajumar-600x600.jpg 600w, https:\/\/dev.beltafrajumar.com\/wp-content\/uploads\/2024\/04\/ARKO-butaca-para-Hotel-y-Vivienda-Mobiliario-Living-Hospitality-Belta-Frajumar-150x150.jpg 150w\" sizes=\"(max-width: 600px) 100vw, 600px\" \/>\t\t\t\t<\/a>\n\t\t\t<\/div>\n\t\t\t\n\t\t<div class=\"wd-buttons wd-pos-r-t\">\n\t\t\t\t\t\t<div class=\"wd-wishlist-btn wd-action-btn wd-style-icon wd-wishlist-icon\">\n\t\t\t\t<a class=\"\" href=\"https:\/\/dev.beltafrajumar.com\/fr\/wishlist\/\" data-key=\"72aec3b37b\" data-product-id=\"2305\" rel=\"nofollow\" data-added-text=\"Browse Wishlist\">\n\t\t\t\t\t<span>Add to wishlist<\/span>\n\t\t\t\t<\/a>\n\t\t\t<\/div>\n\t\t\t\t<\/div>\n\t<\/div>\n\n\t<div class=\"product-element-bottom\">\n\n\t\t<div class=\"wd-product-header\">\n\t\t\t<h3 class=\"wd-entities-title\"><a href=\"https:\/\/dev.beltafrajumar.com\/fr\/produit\/arko-fauteuil\/\">ARKO fauteuil<\/a><\/h3>\n\t\t\t\t\t<\/div>\n\n\t\t\n\t\t\n\t\t\n\t\t<div class=\"wrap-price\">\n\t\t\t\n\t<span class=\"price\"><span class=\"woocommerce-Price-amount amount\"><bdi>880.88&nbsp;<span class=\"woocommerce-Price-currencySymbol\">&euro;<\/span><\/bdi><\/span><\/span>\n      \n\t\t\t\t\t<\/div>\n\n\t\t\n\t\t\n\t\t\n\t\t\n\t\t<div class=\"wd-product-footer\">\n\t\t\t<div class=\"wd-add-btn wd-add-btn-replace\">\n\t\t\t\t<a href=\"https:\/\/dev.beltafrajumar.com\/fr\/produit\/arko-fauteuil\/\" data-quantity=\"1\" class=\"button product_type_simple add_to_cart_button wcpa_add_to_cart_button add-to-cart-loop\" data-product_id=\"24391\" data-product_sku=\"940BU\" aria-label=\"Ajouter au panier\u00a0: &ldquo;ARKO fauteuil&rdquo;\" rel=\"nofollow\" data-success_message=\"\u00ab\u00a0ARKO fauteuil\u00a0\u00bb a \u00e9t\u00e9 ajout\u00e9 \u00e0 votre panier\"><span>S\u00e9lectionner les options<\/span><\/a>\t\t\t<\/div>\n\t\t\t<div class=\"wd-action-buttons\">\n\t\t\t\t\t\t\t\t\t\t\t<\/div>\n\t\t<\/div>\n\t<\/div>\n<\/div>\n<\/div>\n<div class=\"product-grid-item product wd-hover-buttons-on-hover  col-lg-4 col-md-4 col-12 last  wcpa_has_options type-product post-24452 status-publish last instock product_cat-chaises-hotel product_cat-chaises-maison product_cat-livraison-rapide product_cat-mobilier-hotel product_cat-mobilier-maison product_tag-arbel-fr product_tag-novembre product_tag-ventes-en-ligne has-post-thumbnail taxable shipping-taxable purchasable product-type-simple\" data-loop=\"3\" data-id=\"24452\">\n\t\n\t\n<div class=\"product-wrapper\">\n\t<div class=\"product-element-top wd-quick-shop\">\n\t\t<a href=\"https:\/\/dev.beltafrajumar.com\/fr\/produit\/bazk-chaise\/\" class=\"product-image-link\">\n\t\t\t<img loading=\"lazy\" decoding=\"async\" width=\"600\" height=\"600\" src=\"https:\/\/dev.beltafrajumar.com\/wp-content\/uploads\/2024\/04\/473-BAZK-silla-600x600.jpg\" class=\"attachment-woocommerce_thumbnail size-woocommerce_thumbnail\" alt=\"Chaise BAZK - Mobilier design exclusif Belt\u00e1 Frajumar\" srcset=\"https:\/\/dev.beltafrajumar.com\/wp-content\/uploads\/2024\/04\/473-BAZK-silla-600x600.jpg 600w, https:\/\/dev.beltafrajumar.com\/wp-content\/uploads\/2024\/04\/473-BAZK-silla-200x200.jpg 200w, https:\/\/dev.beltafrajumar.com\/wp-content\/uploads\/2024\/04\/473-BAZK-silla-700x700.jpg 700w, https:\/\/dev.beltafrajumar.com\/wp-content\/uploads\/2024\/04\/473-BAZK-silla-300x300.jpg 300w, https:\/\/dev.beltafrajumar.com\/wp-content\/uploads\/2024\/04\/473-BAZK-silla-150x150.jpg 150w, https:\/\/dev.beltafrajumar.com\/wp-content\/uploads\/2024\/04\/473-BAZK-silla-768x768.jpg 768w, https:\/\/dev.beltafrajumar.com\/wp-content\/uploads\/2024\/04\/473-BAZK-silla.jpg 1000w\" sizes=\"(max-width: 600px) 100vw, 600px\" \/>\t\t<\/a>\n\n\t\t\t\t\t<div class=\"hover-img\">\n\t\t\t\t<a href=\"https:\/\/dev.beltafrajumar.com\/fr\/produit\/bazk-chaise\/\">\n\t\t\t\t\t<img loading=\"lazy\" decoding=\"async\" width=\"600\" height=\"600\" src=\"https:\/\/dev.beltafrajumar.com\/wp-content\/uploads\/2024\/04\/BAZK-silla-para-Hotel-y-Vivienda-Mobiliario-Living-Hospitality-Belta-Frajumar-2-600x600.jpg\" class=\"attachment-woocommerce_thumbnail size-woocommerce_thumbnail\" alt=\"Chaise BAZK - Mobilier design exclusif Belt\u00e1 Frajumar\" srcset=\"https:\/\/dev.beltafrajumar.com\/wp-content\/uploads\/2024\/04\/BAZK-silla-para-Hotel-y-Vivienda-Mobiliario-Living-Hospitality-Belta-Frajumar-2-600x600.jpg 600w, https:\/\/dev.beltafrajumar.com\/wp-content\/uploads\/2024\/04\/BAZK-silla-para-Hotel-y-Vivienda-Mobiliario-Living-Hospitality-Belta-Frajumar-2-150x150.jpg 150w\" sizes=\"(max-width: 600px) 100vw, 600px\" \/>\t\t\t\t<\/a>\n\t\t\t<\/div>\n\t\t\t\n\t\t<div class=\"wd-buttons wd-pos-r-t\">\n\t\t\t\t\t\t<div class=\"wd-wishlist-btn wd-action-btn wd-style-icon wd-wishlist-icon\">\n\t\t\t\t<a class=\"\" href=\"https:\/\/dev.beltafrajumar.com\/fr\/wishlist\/\" data-key=\"72aec3b37b\" data-product-id=\"2288\" rel=\"nofollow\" data-added-text=\"Browse Wishlist\">\n\t\t\t\t\t<span>Add to wishlist<\/span>\n\t\t\t\t<\/a>\n\t\t\t<\/div>\n\t\t\t\t<\/div>\n\t<\/div>\n\n\t<div class=\"product-element-bottom\">\n\n\t\t<div class=\"wd-product-header\">\n\t\t\t<h3 class=\"wd-entities-title\"><a href=\"https:\/\/dev.beltafrajumar.com\/fr\/produit\/bazk-chaise\/\">BAZK chaise<\/a><\/h3>\n\t\t\t\t\t<\/div>\n\n\t\t\n\t\t\n\t\t\n\t\t<div class=\"wrap-price\">\n\t\t\t\n\t<span class=\"price\"><span class=\"woocommerce-Price-amount amount\"><bdi>955.90&nbsp;<span class=\"woocommerce-Price-currencySymbol\">&euro;<\/span><\/bdi><\/span><\/span>\n      \n\t\t\t\t\t<\/div>\n\n\t\t\n\t\t\n\t\t\n\t\t\n\t\t<div class=\"wd-product-footer\">\n\t\t\t<div class=\"wd-add-btn wd-add-btn-replace\">\n\t\t\t\t<a href=\"https:\/\/dev.beltafrajumar.com\/fr\/produit\/bazk-chaise\/\" data-quantity=\"1\" class=\"button product_type_simple add_to_cart_button wcpa_add_to_cart_button add-to-cart-loop\" data-product_id=\"24452\" data-product_sku=\"230SI\" aria-label=\"Ajouter au panier\u00a0: &ldquo;BAZK chaise&rdquo;\" rel=\"nofollow\" data-success_message=\"\u00ab\u00a0BAZK chaise\u00a0\u00bb a \u00e9t\u00e9 ajout\u00e9 \u00e0 votre panier\"><span>S\u00e9lectionner les options<\/span><\/a>\t\t\t<\/div>\n\t\t\t<div class=\"wd-action-buttons\">\n\t\t\t\t\t\t\t\t\t\t\t<\/div>\n\t\t<\/div>\n\t<\/div>\n<\/div>\n<\/div>\n<\/div><\/div><\/div>\n\t\t\t\t\t\t<\/div>\n\t\t\t\t<\/div>\n\t\t\t\t\t<\/div>\n\t\t\t\t<\/div>\n\t\t<div data-particle_enable=\"false\" data-particle-mobile-disabled=\"false\" class=\"elementor-element elementor-element-2903bee6 e-flex e-con-boxed wd-section-disabled e-con e-parent\" data-id=\"2903bee6\" data-element_type=\"container\">\n\t\t\t\t\t<div class=\"e-con-inner\">\n\t\t\t\t<div class=\"elementor-element elementor-element-257cfb3a elementor-widget elementor-widget-heading\" data-id=\"257cfb3a\" data-element_type=\"widget\" data-widget_type=\"heading.default\">\n\t\t\t\t<div class=\"elementor-widget-container\">\n\t\t\t\t\t<h2 class=\"elementor-heading-title elementor-size-default\">Projets connexes<\/h2>\t\t\t\t<\/div>\n\t\t\t\t<\/div>\n\t\t\t\t<div class=\"elementor-element elementor-element-5eafcdd1 elementor-widget elementor-widget-eael-post-carousel\" data-id=\"5eafcdd1\" data-element_type=\"widget\" data-settings=\"{&quot;items&quot;:{&quot;unit&quot;:&quot;px&quot;,&quot;size&quot;:3,&quot;sizes&quot;:[]},&quot;items_tablet&quot;:{&quot;unit&quot;:&quot;px&quot;,&quot;size&quot;:2,&quot;sizes&quot;:[]},&quot;items_mobile&quot;:{&quot;unit&quot;:&quot;px&quot;,&quot;size&quot;:1,&quot;sizes&quot;:[]}}\" data-widget_type=\"eael-post-carousel.default\">\n\t\t\t\t<div class=\"elementor-widget-container\">\n\t\t\t\t\t        <div class=\"swiper-container-wrap eael-post-grid-container eael-post-carousel-wrap eael-post-carousel-style-one\" id=\"eael-post-grid-5eafcdd1\">\n            <div class=\"swiper-container swiper-8-lower eael-post-carousel eael-post-grid swiper-container-5eafcdd1 eael-post-appender-5eafcdd1\" data-pagination=\".swiper-pagination-5eafcdd1\" data-arrow-next=\".swiper-button-next-5eafcdd1\" data-arrow-prev=\".swiper-button-prev-5eafcdd1\" data-items-mobile=\"1\" data-items-tablet=\"2\" data-items=\"3\" data-margin=\"10\" data-effect=\"slide\" data-speed=\"400\" data-autoplay=\"0\">\n                <div class=\"swiper-wrapper\">\n\t\t\t\t\t<div class=\"swiper-slide\"><article class=\"eael-grid-post eael-post-grid-column\">\n    <div class=\"eael-grid-post-holder\">\n        <div class=\"eael-grid-post-holder-inner\"><div class=\"eael-entry-media eael-entry-medianone\"><div class=\"eael-entry-overlay fade-in\"><a href=\"https:\/\/dev.beltafrajumar.com\/fr\/contract-porfolio\/convent-square-lisbon-vignette-collection\/\"><\/a><\/div><div class=\"eael-entry-thumbnail \">\n                    <img decoding=\"async\" src=\"https:\/\/dev.beltafrajumar.com\/wp-content\/uploads\/2024\/04\/Diseno-de-interiorismo-Convent-Square-Lisbon-Mobiliario-Belta-Frajumar-Destacada.png\" alt=\"\">\n                    <a href=\"https:\/\/dev.beltafrajumar.com\/fr\/contract-porfolio\/convent-square-lisbon-vignette-collection\/\"><\/a>\n                <\/div><\/div><div class=\"eael-entry-wrapper\"><header class=\"eael-entry-header\"><a class=\"eael-grid-post-link\" href=\"https:\/\/dev.beltafrajumar.com\/fr\/contract-porfolio\/convent-square-lisbon-vignette-collection\/\" title=\"Convent Square Lisbon, Vignette Collection\"><h2 class=\"eael-entry-title\">Convent Square Lisbon, Vignette Collection<\/a><\/h2><\/header><\/div><div class=\"eael-entry-content\">\n\t\t\t\t<div class=\"eael-grid-post-excerpt\"><\/div>\n\t\t\t<\/div><\/div><\/div><\/article><\/div><div class=\"swiper-slide\"><article class=\"eael-grid-post eael-post-grid-column\">\n    <div class=\"eael-grid-post-holder\">\n        <div class=\"eael-grid-post-holder-inner\"><div class=\"eael-entry-media eael-entry-medianone\"><div class=\"eael-entry-overlay fade-in\"><a href=\"https:\/\/dev.beltafrajumar.com\/fr\/contract-porfolio\/encinar-de-sotogrande-cadiz\/\"><\/a><\/div><div class=\"eael-entry-thumbnail \">\n                    <img decoding=\"async\" src=\"https:\/\/dev.beltafrajumar.com\/wp-content\/uploads\/2024\/04\/Diseno-de-interiorismo-Hotel-Encinar-De-Sotogrande-Mobiliario-Belta-Frajumar-Destacada.png\" alt=\"\">\n                    <a href=\"https:\/\/dev.beltafrajumar.com\/fr\/contract-porfolio\/encinar-de-sotogrande-cadiz\/\"><\/a>\n                <\/div><\/div><div class=\"eael-entry-wrapper\"><header class=\"eael-entry-header\"><a class=\"eael-grid-post-link\" href=\"https:\/\/dev.beltafrajumar.com\/fr\/contract-porfolio\/encinar-de-sotogrande-cadiz\/\" title=\"Encinar de Sotogrande, C\u00e1diz\"><h2 class=\"eael-entry-title\">Encinar de Sotogrande, C\u00e1diz<\/a><\/h2><\/header><\/div><div class=\"eael-entry-content\">\n\t\t\t\t<div class=\"eael-grid-post-excerpt\"><\/div>\n\t\t\t<\/div><\/div><\/div><\/article><\/div><div class=\"swiper-slide\"><article class=\"eael-grid-post eael-post-grid-column\">\n    <div class=\"eael-grid-post-holder\">\n        <div class=\"eael-grid-post-holder-inner\"><div class=\"eael-entry-media eael-entry-medianone\"><div class=\"eael-entry-overlay fade-in\"><a href=\"https:\/\/dev.beltafrajumar.com\/fr\/contract-porfolio\/resort-destino-pacha-ibiza\/\"><\/a><\/div><div class=\"eael-entry-thumbnail \">\n                    <img decoding=\"async\" src=\"https:\/\/dev.beltafrajumar.com\/wp-content\/uploads\/2021\/03\/Diseno-interiores-Resort-Destino-Pacha-Ibiza-Mobiliario-Belta-Frajumar-Destacada.jpg\" alt=\"\">\n                    <a href=\"https:\/\/dev.beltafrajumar.com\/fr\/contract-porfolio\/resort-destino-pacha-ibiza\/\"><\/a>\n                <\/div><\/div><div class=\"eael-entry-wrapper\"><header class=\"eael-entry-header\"><a class=\"eael-grid-post-link\" href=\"https:\/\/dev.beltafrajumar.com\/fr\/contract-porfolio\/resort-destino-pacha-ibiza\/\" title=\"Resort Destino Pach\u00e1, Ibiza\"><h2 class=\"eael-entry-title\">Resort Destino Pach\u00e1, Ibiza<\/a><\/h2><\/header><\/div><div class=\"eael-entry-content\">\n\t\t\t\t<div class=\"eael-grid-post-excerpt\"><\/div>\n\t\t\t<\/div><\/div><\/div><\/article><\/div>                <\/div>\n            <\/div>\n            <div class=\"clearfix\"><\/div>\n\t\t\t        <\/div>\n\t\t\t\t\t\t<\/div>\n\t\t\t\t<\/div>\n\t\t\t\t\t<\/div>\n\t\t\t\t<\/div>\n\t\t\t\t<\/div>\n\t\t\n<\/div>\n<\/div>\n<div class=\"acf-field acf-field-textarea acf-field-65660c1542f09 is-required\" data-name=\"descripcion_del_proyecto\" data-type=\"textarea\" data-key=\"field_65660c1542f09\" data-required=\"1\">\n<div class=\"acf-label\"><\/div>\n<\/div>\n","protected":false},"excerpt":{"rendered":"","protected":false},"featured_media":12979,"menu_order":0,"comment_status":"open","ping_status":"closed","template":"","project-cat":[869],"class_list":["post-24578","portfolio","type-portfolio","status-publish","has-post-thumbnail","hentry","project-cat-restaurants-fr"],"acf":[],"yoast_head":"<!-- This site is optimized with the Yoast SEO Premium plugin v24.2 (Yoast SEO v25.3.1) - https:\/\/yoast.com\/wordpress\/plugins\/seo\/ -->\n<title>Projet Convent Square Lisbon, Vignette Collection | Belt\u00e1 Frajumar<\/title>\n<meta name=\"description\" content=\"Design int\u00e9rieur \u00e9l\u00e9gant et fonctionnel avec des meubles Belt\u00e1 Frajumar de qualit\u00e9 dans le restaurant Convent Square Lisbonne, Vignette Collection Lisboa.\" \/>\n<meta name=\"robots\" content=\"noindex, follow, max-snippet:-1, max-image-preview:large, max-video-preview:-1\" \/>\n<meta property=\"og:locale\" content=\"fr_FR\" \/>\n<meta property=\"og:type\" content=\"article\" \/>\n<meta property=\"og:title\" content=\"Convent Square Lisbon, Vignette Collection\" \/>\n<meta property=\"og:description\" content=\"Design int\u00e9rieur \u00e9l\u00e9gant et fonctionnel avec des meubles Belt\u00e1 Frajumar de qualit\u00e9 dans le restaurant Convent Square Lisbonne, Vignette Collection Lisboa.\" \/>\n<meta property=\"og:url\" content=\"https:\/\/dev.beltafrajumar.com\/fr\/contract-porfolio\/convent-square-lisbon-vignette-collection\/\" \/>\n<meta property=\"og:site_name\" content=\"Belt\u00e1 Frajumar\" \/>\n<meta property=\"article:modified_time\" content=\"2024-09-25T05:32:41+00:00\" \/>\n<meta property=\"og:image\" content=\"https:\/\/dev.beltafrajumar.com\/wp-content\/uploads\/2024\/04\/Diseno-de-interiorismo-Convent-Square-Lisbon-Mobiliario-Belta-Frajumar-Destacada.png\" \/>\n\t<meta property=\"og:image:width\" content=\"1080\" \/>\n\t<meta property=\"og:image:height\" content=\"1080\" \/>\n\t<meta property=\"og:image:type\" content=\"image\/png\" \/>\n<meta name=\"twitter:card\" content=\"summary_large_image\" \/>\n<meta name=\"twitter:label1\" content=\"Dur\u00e9e de lecture estim\u00e9e\" \/>\n\t<meta name=\"twitter:data1\" content=\"1 minute\" \/>\n<script type=\"application\/ld+json\" class=\"yoast-schema-graph\">{\"@context\":\"https:\/\/schema.org\",\"@graph\":[{\"@type\":\"WebPage\",\"@id\":\"https:\/\/dev.beltafrajumar.com\/fr\/contract-porfolio\/convent-square-lisbon-vignette-collection\/\",\"url\":\"https:\/\/dev.beltafrajumar.com\/fr\/contract-porfolio\/convent-square-lisbon-vignette-collection\/\",\"name\":\"Projet Convent Square Lisbon, Vignette Collection | Belt\u00e1 Frajumar\",\"isPartOf\":{\"@id\":\"https:\/\/dev.beltafrajumar.com\/fr\/#website\"},\"primaryImageOfPage\":{\"@id\":\"https:\/\/dev.beltafrajumar.com\/fr\/contract-porfolio\/convent-square-lisbon-vignette-collection\/#primaryimage\"},\"image\":{\"@id\":\"https:\/\/dev.beltafrajumar.com\/fr\/contract-porfolio\/convent-square-lisbon-vignette-collection\/#primaryimage\"},\"thumbnailUrl\":\"https:\/\/dev.beltafrajumar.com\/wp-content\/uploads\/2024\/04\/Diseno-de-interiorismo-Convent-Square-Lisbon-Mobiliario-Belta-Frajumar-Destacada.png\",\"datePublished\":\"2024-04-09T06:07:16+00:00\",\"dateModified\":\"2024-09-25T05:32:41+00:00\",\"description\":\"Design int\u00e9rieur \u00e9l\u00e9gant et fonctionnel avec des meubles Belt\u00e1 Frajumar de qualit\u00e9 dans le restaurant Convent Square Lisbonne, Vignette Collection Lisboa.\",\"breadcrumb\":{\"@id\":\"https:\/\/dev.beltafrajumar.com\/fr\/contract-porfolio\/convent-square-lisbon-vignette-collection\/#breadcrumb\"},\"inLanguage\":\"fr-FR\",\"potentialAction\":[{\"@type\":\"ReadAction\",\"target\":[\"https:\/\/dev.beltafrajumar.com\/fr\/contract-porfolio\/convent-square-lisbon-vignette-collection\/\"]}]},{\"@type\":\"ImageObject\",\"inLanguage\":\"fr-FR\",\"@id\":\"https:\/\/dev.beltafrajumar.com\/fr\/contract-porfolio\/convent-square-lisbon-vignette-collection\/#primaryimage\",\"url\":\"https:\/\/dev.beltafrajumar.com\/wp-content\/uploads\/2024\/04\/Diseno-de-interiorismo-Convent-Square-Lisbon-Mobiliario-Belta-Frajumar-Destacada.png\",\"contentUrl\":\"https:\/\/dev.beltafrajumar.com\/wp-content\/uploads\/2024\/04\/Diseno-de-interiorismo-Convent-Square-Lisbon-Mobiliario-Belta-Frajumar-Destacada.png\",\"width\":1080,\"height\":1080},{\"@type\":\"BreadcrumbList\",\"@id\":\"https:\/\/dev.beltafrajumar.com\/fr\/contract-porfolio\/convent-square-lisbon-vignette-collection\/#breadcrumb\",\"itemListElement\":[{\"@type\":\"ListItem\",\"position\":1,\"name\":\"Portada\",\"item\":\"https:\/\/dev.beltafrajumar.com\/fr\/\"},{\"@type\":\"ListItem\",\"position\":2,\"name\":\"Portfolio\",\"item\":\"https:\/\/dev.beltafrajumar.com\/fr\/contract-porfolio\/\"},{\"@type\":\"ListItem\",\"position\":3,\"name\":\"Convent Square Lisbon, Vignette Collection\"}]},{\"@type\":\"WebSite\",\"@id\":\"https:\/\/dev.beltafrajumar.com\/fr\/#website\",\"url\":\"https:\/\/dev.beltafrajumar.com\/fr\/\",\"name\":\"Belt\u00e1 Frajumar\",\"description\":\"Calidad, Dise\u00f1o y Decoraci\u00f3n de Interiores en Mobiliario Hospitality y Living\",\"publisher\":{\"@id\":\"https:\/\/dev.beltafrajumar.com\/fr\/#organization\"},\"alternateName\":\"Fabricante de mobiliario Hospitality y Living\",\"potentialAction\":[{\"@type\":\"SearchAction\",\"target\":{\"@type\":\"EntryPoint\",\"urlTemplate\":\"https:\/\/dev.beltafrajumar.com\/fr\/?s={search_term_string}\"},\"query-input\":{\"@type\":\"PropertyValueSpecification\",\"valueRequired\":true,\"valueName\":\"search_term_string\"}}],\"inLanguage\":\"fr-FR\"},{\"@type\":\"Organization\",\"@id\":\"https:\/\/dev.beltafrajumar.com\/fr\/#organization\",\"name\":\"Belt\u00e1 Frajumar\",\"alternateName\":\"Fabricant de meubles exclusif Belt\u00e1 Frajumar\",\"url\":\"https:\/\/dev.beltafrajumar.com\/fr\/\",\"logo\":{\"@type\":\"ImageObject\",\"inLanguage\":\"fr-FR\",\"@id\":\"https:\/\/dev.beltafrajumar.com\/fr\/#\/schema\/logo\/image\/\",\"url\":\"https:\/\/dev.beltafrajumar.com\/wp-content\/uploads\/2024\/10\/Logotipo-Belta-Frajumar-patrocinador-de-InterCIDEC-1.jpg\",\"contentUrl\":\"https:\/\/dev.beltafrajumar.com\/wp-content\/uploads\/2024\/10\/Logotipo-Belta-Frajumar-patrocinador-de-InterCIDEC-1.jpg\",\"width\":1080,\"height\":1080,\"caption\":\"Belt\u00e1 Frajumar\"},\"image\":{\"@id\":\"https:\/\/dev.beltafrajumar.com\/fr\/#\/schema\/logo\/image\/\"}}]}<\/script>\n<!-- \/ Yoast SEO Premium plugin. -->","yoast_head_json":{"title":"Projet Convent Square Lisbon, Vignette Collection | Belt\u00e1 Frajumar","description":"Design int\u00e9rieur \u00e9l\u00e9gant et fonctionnel avec des meubles Belt\u00e1 Frajumar de qualit\u00e9 dans le restaurant Convent Square Lisbonne, Vignette Collection Lisboa.","robots":{"index":"noindex","follow":"follow","max-snippet":"max-snippet:-1","max-image-preview":"max-image-preview:large","max-video-preview":"max-video-preview:-1"},"og_locale":"fr_FR","og_type":"article","og_title":"Convent Square Lisbon, Vignette Collection","og_description":"Design int\u00e9rieur \u00e9l\u00e9gant et fonctionnel avec des meubles Belt\u00e1 Frajumar de qualit\u00e9 dans le restaurant Convent Square Lisbonne, Vignette Collection Lisboa.","og_url":"https:\/\/dev.beltafrajumar.com\/fr\/contract-porfolio\/convent-square-lisbon-vignette-collection\/","og_site_name":"Belt\u00e1 Frajumar","article_modified_time":"2024-09-25T05:32:41+00:00","og_image":[{"width":1080,"height":1080,"url":"https:\/\/dev.beltafrajumar.com\/wp-content\/uploads\/2024\/04\/Diseno-de-interiorismo-Convent-Square-Lisbon-Mobiliario-Belta-Frajumar-Destacada.png","type":"image\/png"}],"twitter_card":"summary_large_image","twitter_misc":{"Dur\u00e9e de lecture estim\u00e9e":"1 minute"},"schema":{"@context":"https:\/\/schema.org","@graph":[{"@type":"WebPage","@id":"https:\/\/dev.beltafrajumar.com\/fr\/contract-porfolio\/convent-square-lisbon-vignette-collection\/","url":"https:\/\/dev.beltafrajumar.com\/fr\/contract-porfolio\/convent-square-lisbon-vignette-collection\/","name":"Projet Convent Square Lisbon, Vignette Collection | Belt\u00e1 Frajumar","isPartOf":{"@id":"https:\/\/dev.beltafrajumar.com\/fr\/#website"},"primaryImageOfPage":{"@id":"https:\/\/dev.beltafrajumar.com\/fr\/contract-porfolio\/convent-square-lisbon-vignette-collection\/#primaryimage"},"image":{"@id":"https:\/\/dev.beltafrajumar.com\/fr\/contract-porfolio\/convent-square-lisbon-vignette-collection\/#primaryimage"},"thumbnailUrl":"https:\/\/dev.beltafrajumar.com\/wp-content\/uploads\/2024\/04\/Diseno-de-interiorismo-Convent-Square-Lisbon-Mobiliario-Belta-Frajumar-Destacada.png","datePublished":"2024-04-09T06:07:16+00:00","dateModified":"2024-09-25T05:32:41+00:00","description":"Design int\u00e9rieur \u00e9l\u00e9gant et fonctionnel avec des meubles Belt\u00e1 Frajumar de qualit\u00e9 dans le restaurant Convent Square Lisbonne, Vignette Collection Lisboa.","breadcrumb":{"@id":"https:\/\/dev.beltafrajumar.com\/fr\/contract-porfolio\/convent-square-lisbon-vignette-collection\/#breadcrumb"},"inLanguage":"fr-FR","potentialAction":[{"@type":"ReadAction","target":["https:\/\/dev.beltafrajumar.com\/fr\/contract-porfolio\/convent-square-lisbon-vignette-collection\/"]}]},{"@type":"ImageObject","inLanguage":"fr-FR","@id":"https:\/\/dev.beltafrajumar.com\/fr\/contract-porfolio\/convent-square-lisbon-vignette-collection\/#primaryimage","url":"https:\/\/dev.beltafrajumar.com\/wp-content\/uploads\/2024\/04\/Diseno-de-interiorismo-Convent-Square-Lisbon-Mobiliario-Belta-Frajumar-Destacada.png","contentUrl":"https:\/\/dev.beltafrajumar.com\/wp-content\/uploads\/2024\/04\/Diseno-de-interiorismo-Convent-Square-Lisbon-Mobiliario-Belta-Frajumar-Destacada.png","width":1080,"height":1080},{"@type":"BreadcrumbList","@id":"https:\/\/dev.beltafrajumar.com\/fr\/contract-porfolio\/convent-square-lisbon-vignette-collection\/#breadcrumb","itemListElement":[{"@type":"ListItem","position":1,"name":"Portada","item":"https:\/\/dev.beltafrajumar.com\/fr\/"},{"@type":"ListItem","position":2,"name":"Portfolio","item":"https:\/\/dev.beltafrajumar.com\/fr\/contract-porfolio\/"},{"@type":"ListItem","position":3,"name":"Convent Square Lisbon, Vignette Collection"}]},{"@type":"WebSite","@id":"https:\/\/dev.beltafrajumar.com\/fr\/#website","url":"https:\/\/dev.beltafrajumar.com\/fr\/","name":"Belt\u00e1 Frajumar","description":"Calidad, Dise\u00f1o y Decoraci\u00f3n de Interiores en Mobiliario Hospitality y Living","publisher":{"@id":"https:\/\/dev.beltafrajumar.com\/fr\/#organization"},"alternateName":"Fabricante de mobiliario Hospitality y Living","potentialAction":[{"@type":"SearchAction","target":{"@type":"EntryPoint","urlTemplate":"https:\/\/dev.beltafrajumar.com\/fr\/?s={search_term_string}"},"query-input":{"@type":"PropertyValueSpecification","valueRequired":true,"valueName":"search_term_string"}}],"inLanguage":"fr-FR"},{"@type":"Organization","@id":"https:\/\/dev.beltafrajumar.com\/fr\/#organization","name":"Belt\u00e1 Frajumar","alternateName":"Fabricant de meubles exclusif Belt\u00e1 Frajumar","url":"https:\/\/dev.beltafrajumar.com\/fr\/","logo":{"@type":"ImageObject","inLanguage":"fr-FR","@id":"https:\/\/dev.beltafrajumar.com\/fr\/#\/schema\/logo\/image\/","url":"https:\/\/dev.beltafrajumar.com\/wp-content\/uploads\/2024\/10\/Logotipo-Belta-Frajumar-patrocinador-de-InterCIDEC-1.jpg","contentUrl":"https:\/\/dev.beltafrajumar.com\/wp-content\/uploads\/2024\/10\/Logotipo-Belta-Frajumar-patrocinador-de-InterCIDEC-1.jpg","width":1080,"height":1080,"caption":"Belt\u00e1 Frajumar"},"image":{"@id":"https:\/\/dev.beltafrajumar.com\/fr\/#\/schema\/logo\/image\/"}}]}},"_links":{"self":[{"href":"https:\/\/dev.beltafrajumar.com\/fr\/wp-json\/wp\/v2\/portfolio\/24578","targetHints":{"allow":["GET"]}}],"collection":[{"href":"https:\/\/dev.beltafrajumar.com\/fr\/wp-json\/wp\/v2\/portfolio"}],"about":[{"href":"https:\/\/dev.beltafrajumar.com\/fr\/wp-json\/wp\/v2\/types\/portfolio"}],"replies":[{"embeddable":true,"href":"https:\/\/dev.beltafrajumar.com\/fr\/wp-json\/wp\/v2\/comments?post=24578"}],"wp:featuredmedia":[{"embeddable":true,"href":"https:\/\/dev.beltafrajumar.com\/fr\/wp-json\/wp\/v2\/media\/12979"}],"wp:attachment":[{"href":"https:\/\/dev.beltafrajumar.com\/fr\/wp-json\/wp\/v2\/media?parent=24578"}],"wp:term":[{"taxonomy":"project-cat","embeddable":true,"href":"https:\/\/dev.beltafrajumar.com\/fr\/wp-json\/wp\/v2\/project-cat?post=24578"}],"curies":[{"name":"wp","href":"https:\/\/api.w.org\/{rel}","templated":true}]}}