{"id":25102,"date":"2024-06-18T13:47:05","date_gmt":"2024-06-18T11:47:05","guid":{"rendered":"https:\/\/dev.beltafrajumar.com\/createurs\/createur-javier-herrero\/"},"modified":"2024-07-19T12:38:50","modified_gmt":"2024-07-19T10:38:50","slug":"createur-javier-herrero","status":"publish","type":"page","link":"https:\/\/dev.beltafrajumar.com\/fr\/createurs\/createur-javier-herrero\/","title":{"rendered":"Cr\u00e9ateur Javier Herrero"},"content":{"rendered":"\t\t<div data-elementor-type=\"wp-page\" data-elementor-id=\"25102\" class=\"elementor elementor-25102 elementor-19233\" data-elementor-post-type=\"page\">\n\t\t\t\t<div data-particle_enable=\"false\" data-particle-mobile-disabled=\"false\" class=\"elementor-element elementor-element-05244c4 e-flex e-con-boxed wd-section-disabled e-con e-parent\" data-id=\"05244c4\" data-element_type=\"container\">\n\t\t\t\t\t<div class=\"e-con-inner\">\n\t\t\t\t<div class=\"elementor-element elementor-element-019ea50 color-scheme-inherit text-left elementor-widget elementor-widget-text-editor\" data-id=\"019ea50\" data-element_type=\"widget\" data-widget_type=\"text-editor.default\">\n\t\t\t\t<div class=\"elementor-widget-container\">\n\t\t\t\t\t\t\t\t\t<p>\t\t\t<link rel=\"stylesheet\" id=\"elementor-post-18973-css\" href=\"https:\/\/dev.beltafrajumar.com\/wp-content\/uploads\/elementor\/css\/post-18973.css?ver=1752143389\" type=\"text\/css\" media=\"all\">\n\t\t\t\t\t<div data-elementor-type=\"wp-post\" data-elementor-id=\"18973\" class=\"elementor elementor-18973 elementor-256\" data-elementor-post-type=\"cms_block\">\n\t\t\t\t<div data-particle_enable=\"false\" data-particle-mobile-disabled=\"false\" class=\"elementor-element elementor-element-86d25c6 e-flex e-con-boxed wd-section-disabled e-con e-parent\" data-id=\"86d25c6\" data-element_type=\"container\">\n\t\t\t\t\t<div class=\"e-con-inner\">\n\t\t<div data-particle_enable=\"false\" data-particle-mobile-disabled=\"false\" class=\"elementor-element elementor-element-95b9e27 e-con-full e-flex wd-section-disabled e-con e-child\" data-id=\"95b9e27\" data-element_type=\"container\">\n\t\t\t\t<div class=\"elementor-element elementor-element-20ebdc6 elementor-widget elementor-widget-heading\" data-id=\"20ebdc6\" data-element_type=\"widget\" data-widget_type=\"heading.default\">\n\t\t\t\t<div class=\"elementor-widget-container\">\n\t\t\t\t\t<h1 class=\"elementor-heading-title elementor-size-default\">Javier Herrero<\/h1>\t\t\t\t<\/div>\n\t\t\t\t<\/div>\n\t\t\t\t<div class=\"elementor-element elementor-element-bfd6d41 elementor-widget-divider--view-line elementor-widget elementor-widget-divider\" data-id=\"bfd6d41\" data-element_type=\"widget\" data-widget_type=\"divider.default\">\n\t\t\t\t<div class=\"elementor-widget-container\">\n\t\t\t\t\t\t\t<div class=\"elementor-divider\">\n\t\t\t<span class=\"elementor-divider-separator\">\n\t\t\t\t\t\t<\/span>\n\t\t<\/div>\n\t\t\t\t\t\t<\/div>\n\t\t\t\t<\/div>\n\t\t\t\t<div class=\"elementor-element elementor-element-f0acf6d elementor-widget elementor-widget-heading\" data-id=\"f0acf6d\" data-element_type=\"widget\" data-widget_type=\"heading.default\">\n\t\t\t\t<div class=\"elementor-widget-container\">\n\t\t\t\t\t<h4 class=\"elementor-heading-title elementor-size-default\">Concepteur<\/h4>\t\t\t\t<\/div>\n\t\t\t\t<\/div>\n\t\t\t\t<div class=\"elementor-element elementor-element-3f0cc8e color-scheme-inherit text-left elementor-widget elementor-widget-text-editor\" data-id=\"3f0cc8e\" data-element_type=\"widget\" data-widget_type=\"text-editor.default\">\n\t\t\t\t<div class=\"elementor-widget-container\">\n\t\t\t\t\t\t\t\t\t<p>Javier Herrero, \u00e0 la t\u00eate de Javier Herrero Studio depuis 2009 \u00e0 Chiva, en Espagne, est sp\u00e9cialis\u00e9 dans le design de mobilier et d&rsquo;\u00e9clairage, avec des incursions dans le design d&rsquo;int\u00e9rieur et de stand. Son approche de la conception se distingue par la simplicit\u00e9, l&rsquo;innovation et la capacit\u00e9 \u00e0 saisir les besoins du client, marquant chaque projet d&rsquo;une empreinte cr\u00e9ative et personnelle. D\u00e8s son plus jeune \u00e2ge, Herrero a \u00e9t\u00e9 attir\u00e9 par le design, ce qui l&rsquo;a conduit \u00e0 une carri\u00e8re o\u00f9 sa temp\u00e9rance et son talent fusionnent pour cr\u00e9er des objets au design organique et fonctionnel.<\/p>\n<p>Son travail refl\u00e8te un m\u00e9lange de franchise et d&rsquo;honn\u00eatet\u00e9, adoptant des formes douces et raffin\u00e9es en constante \u00e9volution. Avec une philosophie ax\u00e9e sur l&rsquo;impact des objets sur la vie quotidienne, Herrero cherche \u00e0 cr\u00e9er des pi\u00e8ces non seulement pratiques et esth\u00e9tiques, mais aussi durables, en esp\u00e9rant que certaines deviendront des t\u00e9moins durables de leur \u00e9poque. Son travail, impr\u00e9gn\u00e9 d&rsquo;un caract\u00e8re m\u00e9diterran\u00e9en, se caract\u00e9rise par un engagement en faveur de la qualit\u00e9 et de la fra\u00eecheur, en appliquant une approche engag\u00e9e de la nature. Herrero souhaite que ses cr\u00e9ations, empreintes de cr\u00e9ativit\u00e9 et d&rsquo;engagement environnemental, enrichissent la vie quotidienne et restent des h\u00e9ritages durables.<\/p>\n\t\t\t\t\t\t\t\t<\/div>\n\t\t\t\t<\/div>\n\t\t\t\t<\/div>\n\t\t<div data-particle_enable=\"false\" data-particle-mobile-disabled=\"false\" class=\"elementor-element elementor-element-ee50044 e-con-full e-flex wd-section-disabled e-con e-child\" data-id=\"ee50044\" data-element_type=\"container\">\n\t\t\t\t<div class=\"elementor-element elementor-element-e692232 elementor-widget elementor-widget-image\" data-id=\"e692232\" data-element_type=\"widget\" data-widget_type=\"image.default\">\n\t\t\t\t<div class=\"elementor-widget-container\">\n\t\t\t\t\t\t\t\t\t\t\t\t\t\t\t<img fetchpriority=\"high\" decoding=\"async\" width=\"500\" height=\"500\" src=\"https:\/\/dev.beltafrajumar.com\/wp-content\/uploads\/2024\/04\/Disenador-Javier-Herrero-1.jpg\" class=\"attachment-full size-full wp-image-5643\" alt=\"Dise\u00f1ador-Javier-Herrero\" srcset=\"https:\/\/dev.beltafrajumar.com\/wp-content\/uploads\/2024\/04\/Disenador-Javier-Herrero-1.jpg 500w, https:\/\/dev.beltafrajumar.com\/wp-content\/uploads\/2024\/04\/Disenador-Javier-Herrero-1-200x200.jpg 200w, https:\/\/dev.beltafrajumar.com\/wp-content\/uploads\/2024\/04\/Disenador-Javier-Herrero-1-300x300.jpg 300w, https:\/\/dev.beltafrajumar.com\/wp-content\/uploads\/2024\/04\/Disenador-Javier-Herrero-1-150x150.jpg 150w\" sizes=\"(max-width: 500px) 100vw, 500px\" \/>\t\t\t\t\t\t\t\t\t\t\t\t\t\t\t<\/div>\n\t\t\t\t<\/div>\n\t\t\t\t<\/div>\n\t\t\t\t\t<\/div>\n\t\t\t\t<\/div>\n\t\t\t\t<\/div>\n\t\t<\/p>\n\t\t\t\t\t\t\t\t<\/div>\n\t\t\t\t<\/div>\n\t\t\t\t<div class=\"elementor-element elementor-element-f22c70b elementor-widget elementor-widget-wd_title\" data-id=\"f22c70b\" data-element_type=\"widget\" data-widget_type=\"wd_title.default\">\n\t\t\t\t<div class=\"elementor-widget-container\">\n\t\t\t\t\t\t\t<div class=\"title-wrapper set-mb-s reset-last-child wd-title-color-default wd-title-style-default wd-title-size-medium text-left\">\n\n\t\t\t\n\t\t\t<div class=\"liner-continer\">\n\t\t\t\t<h4 class=\"woodmart-title-container title wd-fontsize-xl\">PRODUITS CON\u00c7US<\/h4> \n\t\t\t\t\t\t\t<\/div>\n\n\t\t\t\t\t<\/div>\n\t\t\t\t\t\t<\/div>\n\t\t\t\t<\/div>\n\t\t\t\t<div class=\"elementor-element elementor-element-f6148d6 elementor-widget elementor-widget-wd_products\" data-id=\"f6148d6\" data-element_type=\"widget\" data-widget_type=\"wd_products.default\">\n\t\t\t\t<div class=\"elementor-widget-container\">\n\t\t\t\t\t\t\t\t\t\t<div class=\"wd-products-element\">\n\n\t\t\t\n\t\t\t\n\t\t\t\n\t\t\t<div class=\"products elements-grid row wd-products-holder pagination- wd-spacing-20 grid-columns-3 wd-stretch-cont-lg wd-stretch-cont-md wd-stretch-cont-sm align-items-start\" data-paged=\"1\" data-atts=\"{&quot;element_title&quot;:&quot;&quot;,&quot;title_alignment&quot;:&quot;left&quot;,&quot;query_post_type&quot;:&quot;product&quot;,&quot;post_type&quot;:&quot;product&quot;,&quot;include&quot;:null,&quot;taxonomies&quot;:[&quot;1319&quot;],&quot;offset&quot;:&quot;&quot;,&quot;orderby&quot;:&quot;&quot;,&quot;query_type&quot;:&quot;OR&quot;,&quot;order&quot;:null,&quot;meta_key&quot;:null,&quot;exclude&quot;:&quot;&quot;,&quot;shop_tools&quot;:null,&quot;hide_out_of_stock&quot;:&quot;no&quot;,&quot;ajax_recently_viewed&quot;:null,&quot;speed&quot;:null,&quot;slides_per_view&quot;:null,&quot;slides_per_view_tablet&quot;:{&quot;size&quot;:&quot;&quot;},&quot;slides_per_view_mobile&quot;:{&quot;size&quot;:&quot;&quot;},&quot;wrap&quot;:null,&quot;autoplay&quot;:null,&quot;center_mode&quot;:null,&quot;hide_pagination_control&quot;:null,&quot;hide_prev_next_buttons&quot;:null,&quot;scroll_per_page&quot;:null,&quot;layout&quot;:&quot;grid&quot;,&quot;pagination&quot;:&quot;&quot;,&quot;items_per_page&quot;:24,&quot;spacing&quot;:&quot;20&quot;,&quot;columns&quot;:{&quot;unit&quot;:&quot;px&quot;,&quot;size&quot;:3,&quot;sizes&quot;:[]},&quot;columns_tablet&quot;:{&quot;size&quot;:&quot;&quot;},&quot;columns_mobile&quot;:{&quot;size&quot;:&quot;&quot;},&quot;products_masonry&quot;:&quot;&quot;,&quot;products_different_sizes&quot;:&quot;&quot;,&quot;product_quantity&quot;:&quot;&quot;,&quot;product_hover&quot;:&quot;inherit&quot;,&quot;sale_countdown&quot;:&quot;0&quot;,&quot;stretch_product&quot;:null,&quot;stretch_product_tablet&quot;:0,&quot;stretch_product_mobile&quot;:0,&quot;stock_progress_bar&quot;:&quot;0&quot;,&quot;highlighted_products&quot;:&quot;0&quot;,&quot;products_bordered_grid&quot;:&quot;0&quot;,&quot;products_bordered_grid_style&quot;:null,&quot;products_with_background&quot;:&quot;0&quot;,&quot;products_shadow&quot;:&quot;0&quot;,&quot;products_color_scheme&quot;:&quot;default&quot;,&quot;img_size&quot;:&quot;large&quot;,&quot;img_size_custom&quot;:null,&quot;grid_gallery&quot;:&quot;&quot;,&quot;grid_gallery_control&quot;:null,&quot;grid_gallery_enable_arrows&quot;:null,&quot;ajax_page&quot;:&quot;&quot;,&quot;force_not_ajax&quot;:&quot;no&quot;,&quot;lazy_loading&quot;:&quot;no&quot;,&quot;scroll_carousel_init&quot;:null,&quot;custom_sizes&quot;:false,&quot;elementor&quot;:true}\" data-source=\"shortcode\" data-columns=\"3\" data-grid-gallery=\"\">\n\t\t\n\t\t\n\t\t\t\t\t\t\t\t<div class=\"product-grid-item product wd-hover-buttons-on-hover  col-lg-4 col-md-4 col-12 first  wcpa_has_options type-product post-24163 status-publish instock product_cat-fauteuils-hotels product_cat-fauteuils-maison product_cat-mobilier-hotel product_cat-mobilier-maison product_tag-javier-herrero-fr product_tag-novembre product_tag-ventes-en-ligne has-post-thumbnail taxable shipping-taxable purchasable product-type-simple\" data-loop=\"1\" data-id=\"24163\">\n\t\n\t\n<div class=\"product-wrapper\">\n\t<div class=\"product-element-top wd-quick-shop\">\n\t\t<a href=\"https:\/\/dev.beltafrajumar.com\/fr\/produit\/delta-fauteuil\/\" class=\"product-image-link\">\n\t\t\t<img decoding=\"async\" width=\"2331\" height=\"2331\" src=\"https:\/\/dev.beltafrajumar.com\/wp-content\/uploads\/2024\/04\/DELTA-butaca-Mobiliario-Belta-Frajumar.jpg\" class=\"attachment-large size-large\" alt=\"Fauteuil DELTA - Mobilier design exclusif Belt\u00e1 Frajumar\" srcset=\"https:\/\/dev.beltafrajumar.com\/wp-content\/uploads\/2024\/04\/DELTA-butaca-Mobiliario-Belta-Frajumar.jpg 2331w, https:\/\/dev.beltafrajumar.com\/wp-content\/uploads\/2024\/04\/DELTA-butaca-Mobiliario-Belta-Frajumar-600x600.jpg 600w, https:\/\/dev.beltafrajumar.com\/wp-content\/uploads\/2024\/04\/DELTA-butaca-Mobiliario-Belta-Frajumar-200x200.jpg 200w, https:\/\/dev.beltafrajumar.com\/wp-content\/uploads\/2024\/04\/DELTA-butaca-Mobiliario-Belta-Frajumar-700x700.jpg 700w, https:\/\/dev.beltafrajumar.com\/wp-content\/uploads\/2024\/04\/DELTA-butaca-Mobiliario-Belta-Frajumar-300x300.jpg 300w, https:\/\/dev.beltafrajumar.com\/wp-content\/uploads\/2024\/04\/DELTA-butaca-Mobiliario-Belta-Frajumar-150x150.jpg 150w, https:\/\/dev.beltafrajumar.com\/wp-content\/uploads\/2024\/04\/DELTA-butaca-Mobiliario-Belta-Frajumar-768x768.jpg 768w, https:\/\/dev.beltafrajumar.com\/wp-content\/uploads\/2024\/04\/DELTA-butaca-Mobiliario-Belta-Frajumar-1536x1536.jpg 1536w, https:\/\/dev.beltafrajumar.com\/wp-content\/uploads\/2024\/04\/DELTA-butaca-Mobiliario-Belta-Frajumar-2048x2048.jpg 2048w, https:\/\/dev.beltafrajumar.com\/wp-content\/uploads\/2024\/04\/DELTA-butaca-Mobiliario-Belta-Frajumar-1200x1200.jpg 1200w\" sizes=\"(max-width: 2331px) 100vw, 2331px\" \/>\t\t<\/a>\n\n\t\t\t\t\t<div class=\"hover-img\">\n\t\t\t\t<a href=\"https:\/\/dev.beltafrajumar.com\/fr\/produit\/delta-fauteuil\/\">\n\t\t\t\t\t<img decoding=\"async\" width=\"1200\" height=\"800\" src=\"https:\/\/dev.beltafrajumar.com\/wp-content\/uploads\/2024\/04\/Delta-butaca-7.jpg\" class=\"attachment-large size-large\" alt=\"Fauteuil DELTA - Mobilier design exclusif Belt\u00e1 Frajumar\" srcset=\"https:\/\/dev.beltafrajumar.com\/wp-content\/uploads\/2024\/04\/Delta-butaca-7.jpg 1200w, https:\/\/dev.beltafrajumar.com\/wp-content\/uploads\/2024\/04\/Delta-butaca-7-200x133.jpg 200w, https:\/\/dev.beltafrajumar.com\/wp-content\/uploads\/2024\/04\/Delta-butaca-7-700x467.jpg 700w, https:\/\/dev.beltafrajumar.com\/wp-content\/uploads\/2024\/04\/Delta-butaca-7-300x200.jpg 300w, https:\/\/dev.beltafrajumar.com\/wp-content\/uploads\/2024\/04\/Delta-butaca-7-768x512.jpg 768w\" sizes=\"(max-width: 1200px) 100vw, 1200px\" \/>\t\t\t\t<\/a>\n\t\t\t<\/div>\n\t\t\t\n\t\t<div class=\"wd-buttons wd-pos-r-t\">\n\t\t\t\t\t\t<div class=\"wd-wishlist-btn wd-action-btn wd-style-icon wd-wishlist-icon\">\n\t\t\t\t<a class=\"\" href=\"https:\/\/dev.beltafrajumar.com\/fr\/wishlist\/\" data-key=\"336b157ab8\" data-product-id=\"2360\" rel=\"nofollow\" data-added-text=\"Browse Wishlist\">\n\t\t\t\t\t<span>Add to wishlist<\/span>\n\t\t\t\t<\/a>\n\t\t\t<\/div>\n\t\t\t\t<\/div>\n\t<\/div>\n\n\t<div class=\"product-element-bottom\">\n\n\t\t<div class=\"wd-product-header\">\n\t\t\t<h3 class=\"wd-entities-title\"><a href=\"https:\/\/dev.beltafrajumar.com\/fr\/produit\/delta-fauteuil\/\">DELTA fauteuil<\/a><\/h3>\n\t\t\t\t\t<\/div>\n\n\t\t\n\t\t\n\t\t\n\t\t<div class=\"wrap-price\">\n\t\t\t\n\t<span class=\"price\"><span class=\"woocommerce-Price-amount amount\"><bdi>1,162.81&nbsp;<span class=\"woocommerce-Price-currencySymbol\">&euro;<\/span><\/bdi><\/span><\/span>\n      \n\t\t\t\t\t<\/div>\n\n\t\t\n\t\t\n\t\t\n\t\t\n\t\t<div class=\"wd-product-footer\">\n\t\t\t<div class=\"wd-add-btn wd-add-btn-replace\">\n\t\t\t\t<a href=\"https:\/\/dev.beltafrajumar.com\/fr\/produit\/delta-fauteuil\/\" data-quantity=\"1\" class=\"button product_type_simple add_to_cart_button wcpa_add_to_cart_button add-to-cart-loop\" data-product_id=\"24163\" data-product_sku=\"224BU\" aria-label=\"Ajouter au panier\u00a0: &ldquo;DELTA fauteuil&rdquo;\" rel=\"nofollow\" data-success_message=\"\u00ab\u00a0DELTA fauteuil\u00a0\u00bb a \u00e9t\u00e9 ajout\u00e9 \u00e0 votre panier\"><span>S\u00e9lectionner les options<\/span><\/a>\t\t\t<\/div>\n\t\t\t<div class=\"wd-action-buttons\">\n\t\t\t\t\t\t\t\t\t\t\t<\/div>\n\t\t<\/div>\n\t<\/div>\n<\/div>\n<\/div>\n\t\t\t\t\t\t\t\t<div class=\"product-grid-item product wd-hover-buttons-on-hover  col-lg-4 col-md-4 col-12 wcpa_has_options type-product post-24202 status-publish instock product_cat-fauteuils-hotels product_cat-fauteuils-maison product_cat-mobilier-hotel product_cat-mobilier-maison product_tag-javier-herrero-fr product_tag-novembre product_tag-ventes-en-ligne has-post-thumbnail taxable shipping-taxable purchasable product-type-simple\" data-loop=\"2\" data-id=\"24202\">\n\t\n\t\n<div class=\"product-wrapper\">\n\t<div class=\"product-element-top wd-quick-shop\">\n\t\t<a href=\"https:\/\/dev.beltafrajumar.com\/fr\/produit\/delta-fauteuil-pivotant\/\" class=\"product-image-link\">\n\t\t\t<img loading=\"lazy\" decoding=\"async\" width=\"1492\" height=\"1492\" src=\"https:\/\/dev.beltafrajumar.com\/wp-content\/uploads\/2024\/04\/DELTA-butaca-giratoria-Mobiliario-Belta-Frajumar.jpg\" class=\"attachment-large size-large\" alt=\"Fauteuil pivotant DELTA - Mobilier Belt\u00e1 Frajumar\" srcset=\"https:\/\/dev.beltafrajumar.com\/wp-content\/uploads\/2024\/04\/DELTA-butaca-giratoria-Mobiliario-Belta-Frajumar.jpg 1492w, https:\/\/dev.beltafrajumar.com\/wp-content\/uploads\/2024\/04\/DELTA-butaca-giratoria-Mobiliario-Belta-Frajumar-600x600.jpg 600w, https:\/\/dev.beltafrajumar.com\/wp-content\/uploads\/2024\/04\/DELTA-butaca-giratoria-Mobiliario-Belta-Frajumar-200x200.jpg 200w, https:\/\/dev.beltafrajumar.com\/wp-content\/uploads\/2024\/04\/DELTA-butaca-giratoria-Mobiliario-Belta-Frajumar-700x700.jpg 700w, https:\/\/dev.beltafrajumar.com\/wp-content\/uploads\/2024\/04\/DELTA-butaca-giratoria-Mobiliario-Belta-Frajumar-300x300.jpg 300w, https:\/\/dev.beltafrajumar.com\/wp-content\/uploads\/2024\/04\/DELTA-butaca-giratoria-Mobiliario-Belta-Frajumar-150x150.jpg 150w, https:\/\/dev.beltafrajumar.com\/wp-content\/uploads\/2024\/04\/DELTA-butaca-giratoria-Mobiliario-Belta-Frajumar-768x768.jpg 768w, https:\/\/dev.beltafrajumar.com\/wp-content\/uploads\/2024\/04\/DELTA-butaca-giratoria-Mobiliario-Belta-Frajumar-1200x1200.jpg 1200w\" sizes=\"(max-width: 1492px) 100vw, 1492px\" \/>\t\t<\/a>\n\n\t\t\t\t\t<div class=\"hover-img\">\n\t\t\t\t<a href=\"https:\/\/dev.beltafrajumar.com\/fr\/produit\/delta-fauteuil-pivotant\/\">\n\t\t\t\t\t<img loading=\"lazy\" decoding=\"async\" width=\"1200\" height=\"800\" src=\"https:\/\/dev.beltafrajumar.com\/wp-content\/uploads\/2024\/04\/DELTA-butaca-giratoria.jpg\" class=\"attachment-large size-large\" alt=\"Fauteuil pivotant DELTA - Mobilier design exclusif Belt\u00e1 Frajumar\" srcset=\"https:\/\/dev.beltafrajumar.com\/wp-content\/uploads\/2024\/04\/DELTA-butaca-giratoria.jpg 1200w, https:\/\/dev.beltafrajumar.com\/wp-content\/uploads\/2024\/04\/DELTA-butaca-giratoria-200x133.jpg 200w, https:\/\/dev.beltafrajumar.com\/wp-content\/uploads\/2024\/04\/DELTA-butaca-giratoria-700x467.jpg 700w, https:\/\/dev.beltafrajumar.com\/wp-content\/uploads\/2024\/04\/DELTA-butaca-giratoria-300x200.jpg 300w, https:\/\/dev.beltafrajumar.com\/wp-content\/uploads\/2024\/04\/DELTA-butaca-giratoria-768x512.jpg 768w\" sizes=\"(max-width: 1200px) 100vw, 1200px\" \/>\t\t\t\t<\/a>\n\t\t\t<\/div>\n\t\t\t\n\t\t<div class=\"wd-buttons wd-pos-r-t\">\n\t\t\t\t\t\t<div class=\"wd-wishlist-btn wd-action-btn wd-style-icon wd-wishlist-icon\">\n\t\t\t\t<a class=\"\" href=\"https:\/\/dev.beltafrajumar.com\/fr\/wishlist\/\" data-key=\"336b157ab8\" data-product-id=\"2355\" rel=\"nofollow\" data-added-text=\"Browse Wishlist\">\n\t\t\t\t\t<span>Add to wishlist<\/span>\n\t\t\t\t<\/a>\n\t\t\t<\/div>\n\t\t\t\t<\/div>\n\t<\/div>\n\n\t<div class=\"product-element-bottom\">\n\n\t\t<div class=\"wd-product-header\">\n\t\t\t<h3 class=\"wd-entities-title\"><a href=\"https:\/\/dev.beltafrajumar.com\/fr\/produit\/delta-fauteuil-pivotant\/\">DELTA fauteuil pivotant<\/a><\/h3>\n\t\t\t\t\t<\/div>\n\n\t\t\n\t\t\n\t\t\n\t\t<div class=\"wrap-price\">\n\t\t\t\n\t<span class=\"price\"><span class=\"woocommerce-Price-amount amount\"><bdi>1,262.03&nbsp;<span class=\"woocommerce-Price-currencySymbol\">&euro;<\/span><\/bdi><\/span><\/span>\n      \n\t\t\t\t\t<\/div>\n\n\t\t\n\t\t\n\t\t\n\t\t\n\t\t<div class=\"wd-product-footer\">\n\t\t\t<div class=\"wd-add-btn wd-add-btn-replace\">\n\t\t\t\t<a href=\"https:\/\/dev.beltafrajumar.com\/fr\/produit\/delta-fauteuil-pivotant\/\" data-quantity=\"1\" class=\"button product_type_simple add_to_cart_button wcpa_add_to_cart_button add-to-cart-loop\" data-product_id=\"24202\" data-product_sku=\"224BG\" aria-label=\"Ajouter au panier\u00a0: &ldquo;DELTA fauteuil pivotant&rdquo;\" rel=\"nofollow\" data-success_message=\"\u00ab\u00a0DELTA fauteuil pivotant\u00a0\u00bb a \u00e9t\u00e9 ajout\u00e9 \u00e0 votre panier\"><span>S\u00e9lectionner les options<\/span><\/a>\t\t\t<\/div>\n\t\t\t<div class=\"wd-action-buttons\">\n\t\t\t\t\t\t\t\t\t\t\t<\/div>\n\t\t<\/div>\n\t<\/div>\n<\/div>\n<\/div>\n\t\t\t\t\t\t\t\t<div class=\"product-grid-item product wd-hover-buttons-on-hover  col-lg-4 col-md-4 col-12 last  wcpa_has_options type-product post-30274 status-publish last instock product_cat-fauteuils-maison product_cat-nouveautes product_tag-actualites product_tag-javier-herrero-fr product_tag-ventes-en-ligne has-post-thumbnail taxable shipping-taxable purchasable product-type-simple\" data-loop=\"3\" data-id=\"30274\">\n\t\n\t\n<div class=\"product-wrapper\">\n\t<div class=\"product-element-top wd-quick-shop\">\n\t\t<a href=\"https:\/\/dev.beltafrajumar.com\/fr\/produit\/fauteuil-royal\/\" class=\"product-image-link\">\n\t\t\t<img loading=\"lazy\" decoding=\"async\" width=\"1080\" height=\"1080\" src=\"https:\/\/dev.beltafrajumar.com\/wp-content\/uploads\/2024\/09\/Butaca-ROYAL-Mobiliario-Belta-Frajumar-1.jpg\" class=\"attachment-large size-large\" alt=\"Fauteuil ROYAL - Meubles Belt\u00e1 Frajumar\" srcset=\"https:\/\/dev.beltafrajumar.com\/wp-content\/uploads\/2024\/09\/Butaca-ROYAL-Mobiliario-Belta-Frajumar-1.jpg 1080w, https:\/\/dev.beltafrajumar.com\/wp-content\/uploads\/2024\/09\/Butaca-ROYAL-Mobiliario-Belta-Frajumar-1-600x600.jpg 600w, https:\/\/dev.beltafrajumar.com\/wp-content\/uploads\/2024\/09\/Butaca-ROYAL-Mobiliario-Belta-Frajumar-1-200x200.jpg 200w, https:\/\/dev.beltafrajumar.com\/wp-content\/uploads\/2024\/09\/Butaca-ROYAL-Mobiliario-Belta-Frajumar-1-700x700.jpg 700w, https:\/\/dev.beltafrajumar.com\/wp-content\/uploads\/2024\/09\/Butaca-ROYAL-Mobiliario-Belta-Frajumar-1-300x300.jpg 300w, https:\/\/dev.beltafrajumar.com\/wp-content\/uploads\/2024\/09\/Butaca-ROYAL-Mobiliario-Belta-Frajumar-1-150x150.jpg 150w, https:\/\/dev.beltafrajumar.com\/wp-content\/uploads\/2024\/09\/Butaca-ROYAL-Mobiliario-Belta-Frajumar-1-768x768.jpg 768w\" sizes=\"(max-width: 1080px) 100vw, 1080px\" \/>\t\t<\/a>\n\n\t\t\t\t\t<div class=\"hover-img\">\n\t\t\t\t<a href=\"https:\/\/dev.beltafrajumar.com\/fr\/produit\/fauteuil-royal\/\">\n\t\t\t\t\t<img loading=\"lazy\" decoding=\"async\" width=\"1200\" height=\"800\" src=\"https:\/\/dev.beltafrajumar.com\/wp-content\/uploads\/2024\/09\/Royal-Butaca-Mobiliario-Belta-Frajumar-1.jpg\" class=\"attachment-large size-large\" alt=\"Fauteuil ROYAL - Meubles Belt\u00e1 Frajumar\" srcset=\"https:\/\/dev.beltafrajumar.com\/wp-content\/uploads\/2024\/09\/Royal-Butaca-Mobiliario-Belta-Frajumar-1.jpg 1200w, https:\/\/dev.beltafrajumar.com\/wp-content\/uploads\/2024\/09\/Royal-Butaca-Mobiliario-Belta-Frajumar-1-200x133.jpg 200w, https:\/\/dev.beltafrajumar.com\/wp-content\/uploads\/2024\/09\/Royal-Butaca-Mobiliario-Belta-Frajumar-1-700x467.jpg 700w, https:\/\/dev.beltafrajumar.com\/wp-content\/uploads\/2024\/09\/Royal-Butaca-Mobiliario-Belta-Frajumar-1-300x200.jpg 300w, https:\/\/dev.beltafrajumar.com\/wp-content\/uploads\/2024\/09\/Royal-Butaca-Mobiliario-Belta-Frajumar-1-768x512.jpg 768w\" sizes=\"(max-width: 1200px) 100vw, 1200px\" \/>\t\t\t\t<\/a>\n\t\t\t<\/div>\n\t\t\t\n\t\t<div class=\"wd-buttons wd-pos-r-t\">\n\t\t\t\t\t\t<div class=\"wd-wishlist-btn wd-action-btn wd-style-icon wd-wishlist-icon\">\n\t\t\t\t<a class=\"\" href=\"https:\/\/dev.beltafrajumar.com\/fr\/wishlist\/\" data-key=\"336b157ab8\" data-product-id=\"27984\" rel=\"nofollow\" data-added-text=\"Browse Wishlist\">\n\t\t\t\t\t<span>Add to wishlist<\/span>\n\t\t\t\t<\/a>\n\t\t\t<\/div>\n\t\t\t\t<\/div>\n\t<\/div>\n\n\t<div class=\"product-element-bottom\">\n\n\t\t<div class=\"wd-product-header\">\n\t\t\t<h3 class=\"wd-entities-title\"><a href=\"https:\/\/dev.beltafrajumar.com\/fr\/produit\/fauteuil-royal\/\">Fauteuil ROYAL<\/a><\/h3>\n\t\t\t\t\t<\/div>\n\n\t\t\n\t\t\n\t\t\n\t\t<div class=\"wrap-price\">\n\t\t\t\n\t<span class=\"price\"><span class=\"woocommerce-Price-amount amount\"><bdi>1,467.73&nbsp;<span class=\"woocommerce-Price-currencySymbol\">&euro;<\/span><\/bdi><\/span><\/span>\n      \n\t\t\t\t\t<\/div>\n\n\t\t\n\t\t\n\t\t\n\t\t\n\t\t<div class=\"wd-product-footer\">\n\t\t\t<div class=\"wd-add-btn wd-add-btn-replace\">\n\t\t\t\t<a href=\"https:\/\/dev.beltafrajumar.com\/fr\/produit\/fauteuil-royal\/\" data-quantity=\"1\" class=\"button product_type_simple add_to_cart_button wcpa_add_to_cart_button add-to-cart-loop\" data-product_id=\"30274\" data-product_sku=\"\" aria-label=\"Ajouter au panier\u00a0: &ldquo;Fauteuil ROYAL&rdquo;\" rel=\"nofollow\" data-success_message=\"\u00ab\u00a0Fauteuil ROYAL\u00a0\u00bb a \u00e9t\u00e9 ajout\u00e9 \u00e0 votre panier\"><span>S\u00e9lectionner les options<\/span><\/a>\t\t\t<\/div>\n\t\t\t<div class=\"wd-action-buttons\">\n\t\t\t\t\t\t\t\t\t\t\t<\/div>\n\t\t<\/div>\n\t<\/div>\n<\/div>\n<\/div>\n\t\t\t\t\t\t\t\t<div class=\"product-grid-item product wd-hover-buttons-on-hover  col-lg-4 col-md-4 col-12 first  type-product post-23030 status-publish first instock product_cat-bancs-hotels product_cat-divers product_cat-mobilier-hotel product_tag-javier-herrero-fr product_tag-sin-venta-online-fr has-post-thumbnail taxable shipping-taxable product-type-simple\" data-loop=\"4\" data-id=\"23030\">\n\t\n\t\n<div class=\"product-wrapper\">\n\t<div class=\"product-element-top wd-quick-shop\">\n\t\t<a href=\"https:\/\/dev.beltafrajumar.com\/fr\/produit\/well-banc\/\" class=\"product-image-link\">\n\t\t\t<img loading=\"lazy\" decoding=\"async\" width=\"1080\" height=\"1080\" src=\"https:\/\/dev.beltafrajumar.com\/wp-content\/uploads\/2024\/04\/WELL-banco.jpg\" class=\"attachment-large size-large\" alt=\"Banc WELL - Meubles Belt\u00e1 Frajumar\" srcset=\"https:\/\/dev.beltafrajumar.com\/wp-content\/uploads\/2024\/04\/WELL-banco.jpg 1080w, https:\/\/dev.beltafrajumar.com\/wp-content\/uploads\/2024\/04\/WELL-banco-600x600.jpg 600w, https:\/\/dev.beltafrajumar.com\/wp-content\/uploads\/2024\/04\/WELL-banco-200x200.jpg 200w, https:\/\/dev.beltafrajumar.com\/wp-content\/uploads\/2024\/04\/WELL-banco-700x700.jpg 700w, https:\/\/dev.beltafrajumar.com\/wp-content\/uploads\/2024\/04\/WELL-banco-300x300.jpg 300w, https:\/\/dev.beltafrajumar.com\/wp-content\/uploads\/2024\/04\/WELL-banco-150x150.jpg 150w, https:\/\/dev.beltafrajumar.com\/wp-content\/uploads\/2024\/04\/WELL-banco-768x768.jpg 768w\" sizes=\"(max-width: 1080px) 100vw, 1080px\" \/>\t\t<\/a>\n\n\t\t\t\t\t<div class=\"hover-img\">\n\t\t\t\t<a href=\"https:\/\/dev.beltafrajumar.com\/fr\/produit\/well-banc\/\">\n\t\t\t\t\t<img loading=\"lazy\" decoding=\"async\" width=\"1200\" height=\"800\" src=\"https:\/\/dev.beltafrajumar.com\/wp-content\/uploads\/2024\/04\/WELL-banco-1.jpg\" class=\"attachment-large size-large\" alt=\"Banc WELL - Meubles Belt\u00e1 Frajumar\" srcset=\"https:\/\/dev.beltafrajumar.com\/wp-content\/uploads\/2024\/04\/WELL-banco-1.jpg 1200w, https:\/\/dev.beltafrajumar.com\/wp-content\/uploads\/2024\/04\/WELL-banco-1-200x133.jpg 200w, https:\/\/dev.beltafrajumar.com\/wp-content\/uploads\/2024\/04\/WELL-banco-1-700x467.jpg 700w, https:\/\/dev.beltafrajumar.com\/wp-content\/uploads\/2024\/04\/WELL-banco-1-300x200.jpg 300w, https:\/\/dev.beltafrajumar.com\/wp-content\/uploads\/2024\/04\/WELL-banco-1-768x512.jpg 768w\" sizes=\"(max-width: 1200px) 100vw, 1200px\" \/>\t\t\t\t<\/a>\n\t\t\t<\/div>\n\t\t\t\n\t\t<div class=\"wd-buttons wd-pos-r-t\">\n\t\t\t\t\t\t<div class=\"wd-wishlist-btn wd-action-btn wd-style-icon wd-wishlist-icon\">\n\t\t\t\t<a class=\"\" href=\"https:\/\/dev.beltafrajumar.com\/fr\/wishlist\/\" data-key=\"336b157ab8\" data-product-id=\"3906\" rel=\"nofollow\" data-added-text=\"Browse Wishlist\">\n\t\t\t\t\t<span>Add to wishlist<\/span>\n\t\t\t\t<\/a>\n\t\t\t<\/div>\n\t\t\t\t<\/div>\n\t<\/div>\n\n\t<div class=\"product-element-bottom\">\n\n\t\t<div class=\"wd-product-header\">\n\t\t\t<h3 class=\"wd-entities-title\"><a href=\"https:\/\/dev.beltafrajumar.com\/fr\/produit\/well-banc\/\">WELL banc<\/a><\/h3>\n\t\t\t\t\t<\/div>\n\n\t\t\n\t\t\n\t\t\n\t\t<div class=\"wrap-price\">\n\t\t\t\n      \n\t\t\t\t\t<\/div>\n\n\t\t\n\t\t\n\t\t\n\t\t\n\t\t<div class=\"wd-product-footer\">\n\t\t\t<div class=\"wd-add-btn wd-add-btn-replace\">\n\t\t\t\t<a href=\"https:\/\/dev.beltafrajumar.com\/fr\/produit\/well-banc\/\" data-quantity=\"1\" class=\"button product_type_simple add-to-cart-loop\" data-product_id=\"23030\" data-product_sku=\"\" aria-label=\"En savoir plus sur &ldquo;WELL banc&rdquo;\" rel=\"nofollow\" data-success_message=\"\"><span>Lire la suite<\/span><\/a>\t\t\t<\/div>\n\t\t\t<div class=\"wd-action-buttons\">\n\t\t\t\t\t\t\t\t\t\t\t<\/div>\n\t\t<\/div>\n\t<\/div>\n<\/div>\n<\/div>\n\t\t\t\t\t\t\t\t<div class=\"product-grid-item product wd-hover-buttons-on-hover  col-lg-4 col-md-4 col-12 wcpa_has_options type-product post-23819 status-publish instock product_cat-canapes-maison product_cat-canapes-maison-fr product_cat-mobilier-hotel product_cat-mobilier-maison product_tag-canapes product_tag-javier-herrero-fr product_tag-ventes-en-ligne has-post-thumbnail taxable shipping-taxable purchasable product-type-simple\" data-loop=\"5\" data-id=\"23819\">\n\t\n\t\n<div class=\"product-wrapper\">\n\t<div class=\"product-element-top wd-quick-shop\">\n\t\t<a href=\"https:\/\/dev.beltafrajumar.com\/fr\/produit\/well-canape\/\" class=\"product-image-link\">\n\t\t\t<img loading=\"lazy\" decoding=\"async\" width=\"1492\" height=\"1492\" src=\"https:\/\/dev.beltafrajumar.com\/wp-content\/uploads\/2024\/04\/WELL-sofa-1.jpg\" class=\"attachment-large size-large\" alt=\"Canap\u00e9 WELL - Meubles Belt\u00e1 Frajumar\" srcset=\"https:\/\/dev.beltafrajumar.com\/wp-content\/uploads\/2024\/04\/WELL-sofa-1.jpg 1492w, https:\/\/dev.beltafrajumar.com\/wp-content\/uploads\/2024\/04\/WELL-sofa-1-600x600.jpg 600w, https:\/\/dev.beltafrajumar.com\/wp-content\/uploads\/2024\/04\/WELL-sofa-1-200x200.jpg 200w, https:\/\/dev.beltafrajumar.com\/wp-content\/uploads\/2024\/04\/WELL-sofa-1-700x700.jpg 700w, https:\/\/dev.beltafrajumar.com\/wp-content\/uploads\/2024\/04\/WELL-sofa-1-300x300.jpg 300w, https:\/\/dev.beltafrajumar.com\/wp-content\/uploads\/2024\/04\/WELL-sofa-1-150x150.jpg 150w, https:\/\/dev.beltafrajumar.com\/wp-content\/uploads\/2024\/04\/WELL-sofa-1-768x768.jpg 768w, https:\/\/dev.beltafrajumar.com\/wp-content\/uploads\/2024\/04\/WELL-sofa-1-1200x1200.jpg 1200w\" sizes=\"(max-width: 1492px) 100vw, 1492px\" \/>\t\t<\/a>\n\n\t\t\t\t\t<div class=\"hover-img\">\n\t\t\t\t<a href=\"https:\/\/dev.beltafrajumar.com\/fr\/produit\/well-canape\/\">\n\t\t\t\t\t<img loading=\"lazy\" decoding=\"async\" width=\"1200\" height=\"800\" src=\"https:\/\/dev.beltafrajumar.com\/wp-content\/uploads\/2024\/04\/WELL-sofa-3.jpg\" class=\"attachment-large size-large\" alt=\"Canap\u00e9 WELL - Meubles Belt\u00e1 Frajumar\" srcset=\"https:\/\/dev.beltafrajumar.com\/wp-content\/uploads\/2024\/04\/WELL-sofa-3.jpg 1200w, https:\/\/dev.beltafrajumar.com\/wp-content\/uploads\/2024\/04\/WELL-sofa-3-200x133.jpg 200w, https:\/\/dev.beltafrajumar.com\/wp-content\/uploads\/2024\/04\/WELL-sofa-3-700x467.jpg 700w, https:\/\/dev.beltafrajumar.com\/wp-content\/uploads\/2024\/04\/WELL-sofa-3-300x200.jpg 300w, https:\/\/dev.beltafrajumar.com\/wp-content\/uploads\/2024\/04\/WELL-sofa-3-768x512.jpg 768w\" sizes=\"(max-width: 1200px) 100vw, 1200px\" \/>\t\t\t\t<\/a>\n\t\t\t<\/div>\n\t\t\t\n\t\t<div class=\"wd-buttons wd-pos-r-t\">\n\t\t\t\t\t\t<div class=\"wd-wishlist-btn wd-action-btn wd-style-icon wd-wishlist-icon\">\n\t\t\t\t<a class=\"\" href=\"https:\/\/dev.beltafrajumar.com\/fr\/wishlist\/\" data-key=\"336b157ab8\" data-product-id=\"2526\" rel=\"nofollow\" data-added-text=\"Browse Wishlist\">\n\t\t\t\t\t<span>Add to wishlist<\/span>\n\t\t\t\t<\/a>\n\t\t\t<\/div>\n\t\t\t\t<\/div>\n\t<\/div>\n\n\t<div class=\"product-element-bottom\">\n\n\t\t<div class=\"wd-product-header\">\n\t\t\t<h3 class=\"wd-entities-title\"><a href=\"https:\/\/dev.beltafrajumar.com\/fr\/produit\/well-canape\/\">WELL canap\u00e9<\/a><\/h3>\n\t\t\t\t\t<\/div>\n\n\t\t\n\t\t\n\t\t\n\t\t<div class=\"wrap-price\">\n\t\t\t\n\t<span class=\"price\"><span class=\"woocommerce-Price-amount amount\"><bdi>1,254.77&nbsp;<span class=\"woocommerce-Price-currencySymbol\">&euro;<\/span><\/bdi><\/span><\/span>\n      \n\t\t\t\t\t<\/div>\n\n\t\t\n\t\t\n\t\t\n\t\t\n\t\t<div class=\"wd-product-footer\">\n\t\t\t<div class=\"wd-add-btn wd-add-btn-replace\">\n\t\t\t\t<a href=\"https:\/\/dev.beltafrajumar.com\/fr\/produit\/well-canape\/\" data-quantity=\"1\" class=\"button product_type_simple add_to_cart_button wcpa_add_to_cart_button add-to-cart-loop\" data-product_id=\"23819\" data-product_sku=\"2184P\" aria-label=\"Ajouter au panier\u00a0: &ldquo;WELL canap\u00e9&rdquo;\" rel=\"nofollow\" data-success_message=\"\u00ab\u00a0WELL canap\u00e9\u00a0\u00bb a \u00e9t\u00e9 ajout\u00e9 \u00e0 votre panier\"><span>S\u00e9lectionner les options<\/span><\/a>\t\t\t<\/div>\n\t\t\t<div class=\"wd-action-buttons\">\n\t\t\t\t\t\t\t\t\t\t\t<\/div>\n\t\t<\/div>\n\t<\/div>\n<\/div>\n<\/div>\n\t\t\t\t\t\t\t\t<div class=\"product-grid-item product wd-hover-buttons-on-hover  col-lg-4 col-md-4 col-12 last  wcpa_has_options type-product post-24089 status-publish instock product_cat-canapes-maison product_cat-canapes-maison-fr product_cat-mobilier-hotel product_cat-mobilier-maison product_tag-javier-herrero-fr product_tag-ventes-en-ligne has-post-thumbnail taxable shipping-taxable purchasable product-type-simple\" data-loop=\"6\" data-id=\"24089\">\n\t\n\t\n<div class=\"product-wrapper\">\n\t<div class=\"product-element-top wd-quick-shop\">\n\t\t<a href=\"https:\/\/dev.beltafrajumar.com\/fr\/produit\/must-canape\/\" class=\"product-image-link\">\n\t\t\t<img loading=\"lazy\" decoding=\"async\" width=\"1119\" height=\"1119\" src=\"https:\/\/dev.beltafrajumar.com\/wp-content\/uploads\/2024\/04\/MUST-sofa.jpg\" class=\"attachment-large size-large\" alt=\"Canap\u00e9 MUST - Mobilier Belt\u00e1 Frajumar\" srcset=\"https:\/\/dev.beltafrajumar.com\/wp-content\/uploads\/2024\/04\/MUST-sofa.jpg 1119w, https:\/\/dev.beltafrajumar.com\/wp-content\/uploads\/2024\/04\/MUST-sofa-600x600.jpg 600w, https:\/\/dev.beltafrajumar.com\/wp-content\/uploads\/2024\/04\/MUST-sofa-200x200.jpg 200w, https:\/\/dev.beltafrajumar.com\/wp-content\/uploads\/2024\/04\/MUST-sofa-700x700.jpg 700w, https:\/\/dev.beltafrajumar.com\/wp-content\/uploads\/2024\/04\/MUST-sofa-300x300.jpg 300w, https:\/\/dev.beltafrajumar.com\/wp-content\/uploads\/2024\/04\/MUST-sofa-150x150.jpg 150w, https:\/\/dev.beltafrajumar.com\/wp-content\/uploads\/2024\/04\/MUST-sofa-768x768.jpg 768w\" sizes=\"(max-width: 1119px) 100vw, 1119px\" \/>\t\t<\/a>\n\n\t\t\t\t\t<div class=\"hover-img\">\n\t\t\t\t<a href=\"https:\/\/dev.beltafrajumar.com\/fr\/produit\/must-canape\/\">\n\t\t\t\t\t<img loading=\"lazy\" decoding=\"async\" width=\"1200\" height=\"800\" src=\"https:\/\/dev.beltafrajumar.com\/wp-content\/uploads\/2024\/04\/MUST-sofa-OLIA-mesa-POND-espejo-TEO-percheros-MARC-butaca.jpg\" class=\"attachment-large size-large\" alt=\"Canap\u00e9 MUST, table \u00d3LIA, miroir POND, portemanteaux TEO, fauteuil MARC\" srcset=\"https:\/\/dev.beltafrajumar.com\/wp-content\/uploads\/2024\/04\/MUST-sofa-OLIA-mesa-POND-espejo-TEO-percheros-MARC-butaca.jpg 1200w, https:\/\/dev.beltafrajumar.com\/wp-content\/uploads\/2024\/04\/MUST-sofa-OLIA-mesa-POND-espejo-TEO-percheros-MARC-butaca-200x133.jpg 200w, https:\/\/dev.beltafrajumar.com\/wp-content\/uploads\/2024\/04\/MUST-sofa-OLIA-mesa-POND-espejo-TEO-percheros-MARC-butaca-700x467.jpg 700w, https:\/\/dev.beltafrajumar.com\/wp-content\/uploads\/2024\/04\/MUST-sofa-OLIA-mesa-POND-espejo-TEO-percheros-MARC-butaca-300x200.jpg 300w, https:\/\/dev.beltafrajumar.com\/wp-content\/uploads\/2024\/04\/MUST-sofa-OLIA-mesa-POND-espejo-TEO-percheros-MARC-butaca-768x512.jpg 768w\" sizes=\"(max-width: 1200px) 100vw, 1200px\" \/>\t\t\t\t<\/a>\n\t\t\t<\/div>\n\t\t\t\n\t\t<div class=\"wd-buttons wd-pos-r-t\">\n\t\t\t\t\t\t<div class=\"wd-wishlist-btn wd-action-btn wd-style-icon wd-wishlist-icon\">\n\t\t\t\t<a class=\"\" href=\"https:\/\/dev.beltafrajumar.com\/fr\/wishlist\/\" data-key=\"336b157ab8\" data-product-id=\"2385\" rel=\"nofollow\" data-added-text=\"Browse Wishlist\">\n\t\t\t\t\t<span>Add to wishlist<\/span>\n\t\t\t\t<\/a>\n\t\t\t<\/div>\n\t\t\t\t<\/div>\n\t<\/div>\n\n\t<div class=\"product-element-bottom\">\n\n\t\t<div class=\"wd-product-header\">\n\t\t\t<h3 class=\"wd-entities-title\"><a href=\"https:\/\/dev.beltafrajumar.com\/fr\/produit\/must-canape\/\">MUST canap\u00e9<\/a><\/h3>\n\t\t\t\t\t<\/div>\n\n\t\t\n\t\t\n\t\t\n\t\t<div class=\"wrap-price\">\n\t\t\t\n\t<span class=\"price\"><span class=\"woocommerce-Price-amount amount\"><bdi>1,375.77&nbsp;<span class=\"woocommerce-Price-currencySymbol\">&euro;<\/span><\/bdi><\/span><\/span>\n      \n\t\t\t\t\t<\/div>\n\n\t\t\n\t\t\n\t\t\n\t\t\n\t\t<div class=\"wd-product-footer\">\n\t\t\t<div class=\"wd-add-btn wd-add-btn-replace\">\n\t\t\t\t<a href=\"https:\/\/dev.beltafrajumar.com\/fr\/produit\/must-canape\/\" data-quantity=\"1\" class=\"button product_type_simple add_to_cart_button wcpa_add_to_cart_button add-to-cart-loop\" data-product_id=\"24089\" data-product_sku=\"7334P\" aria-label=\"Ajouter au panier\u00a0: &ldquo;MUST canap\u00e9&rdquo;\" rel=\"nofollow\" data-success_message=\"\u00ab\u00a0MUST canap\u00e9\u00a0\u00bb a \u00e9t\u00e9 ajout\u00e9 \u00e0 votre panier\"><span>S\u00e9lectionner les options<\/span><\/a>\t\t\t<\/div>\n\t\t\t<div class=\"wd-action-buttons\">\n\t\t\t\t\t\t\t\t\t\t\t<\/div>\n\t\t<\/div>\n\t<\/div>\n<\/div>\n<\/div>\n\t\t\n\t\t\t\t<\/div>\n\t\n\t\t\n\t\t\n\t\t\t\t\t<\/div>\n\t\t\n\t\t\t\t\t\t<\/div>\n\t\t\t\t<\/div>\n\t\t\t\t\t<\/div>\n\t\t\t\t<\/div>\n\t\t\t\t<\/div>\n\t\t","protected":false},"excerpt":{"rendered":"<p>PRODUITS CON\u00c7US Add to wishlist Seleccionar opciones Add to wishlist Seleccionar opciones Add to wishlist Leer m\u00e1s Add to wishlist<\/p>\n","protected":false},"author":3,"featured_media":34648,"parent":25069,"menu_order":0,"comment_status":"closed","ping_status":"closed","template":"","meta":{"_acf_changed":false,"footnotes":""},"class_list":["post-25102","page","type-page","status-publish","has-post-thumbnail","hentry"],"acf":[],"yoast_head":"<!-- This site is optimized with the Yoast SEO Premium plugin v24.2 (Yoast SEO v25.3.1) - https:\/\/yoast.com\/wordpress\/plugins\/seo\/ -->\n<title>Cr\u00e9ateur Javier Herrero | Belt\u00e1 Frajumar<\/title>\n<meta name=\"description\" content=\"Cr\u00e9ateur dont l&#039;embl\u00e8me est le meuble rembourr\u00e9 pour oxyg\u00e9ner l&#039;\u00e2me. Apprenez \u00e0 conna\u00eetre ses pi\u00e8ces pour Belt\u00e1 Frajumar\" \/>\n<meta name=\"robots\" content=\"noindex, follow, max-snippet:-1, max-image-preview:large, max-video-preview:-1\" \/>\n<meta property=\"og:locale\" content=\"fr_FR\" \/>\n<meta property=\"og:type\" content=\"article\" \/>\n<meta property=\"og:title\" content=\"Cr\u00e9ateur Javier Herrero\" \/>\n<meta property=\"og:description\" content=\"Cr\u00e9ateur dont l&#039;embl\u00e8me est le meuble rembourr\u00e9 pour oxyg\u00e9ner l&#039;\u00e2me. Apprenez \u00e0 conna\u00eetre ses pi\u00e8ces pour Belt\u00e1 Frajumar\" \/>\n<meta property=\"og:url\" content=\"https:\/\/dev.beltafrajumar.com\/fr\/createurs\/createur-javier-herrero\/\" \/>\n<meta property=\"og:site_name\" content=\"Belt\u00e1 Frajumar\" \/>\n<meta property=\"article:modified_time\" content=\"2024-07-19T10:38:50+00:00\" \/>\n<meta property=\"og:image\" content=\"https:\/\/dev.beltafrajumar.com\/wp-content\/uploads\/2024\/12\/Javier-Herrero-updated-cuadrado.jpg\" \/>\n\t<meta property=\"og:image:width\" content=\"900\" \/>\n\t<meta property=\"og:image:height\" content=\"900\" \/>\n\t<meta property=\"og:image:type\" content=\"image\/jpeg\" \/>\n<meta name=\"twitter:card\" content=\"summary_large_image\" \/>\n<script type=\"application\/ld+json\" class=\"yoast-schema-graph\">{\"@context\":\"https:\/\/schema.org\",\"@graph\":[{\"@type\":\"WebPage\",\"@id\":\"https:\/\/dev.beltafrajumar.com\/fr\/createurs\/createur-javier-herrero\/\",\"url\":\"https:\/\/dev.beltafrajumar.com\/fr\/createurs\/createur-javier-herrero\/\",\"name\":\"Cr\u00e9ateur Javier Herrero | Belt\u00e1 Frajumar\",\"isPartOf\":{\"@id\":\"https:\/\/dev.beltafrajumar.com\/fr\/#website\"},\"primaryImageOfPage\":{\"@id\":\"https:\/\/dev.beltafrajumar.com\/fr\/createurs\/createur-javier-herrero\/#primaryimage\"},\"image\":{\"@id\":\"https:\/\/dev.beltafrajumar.com\/fr\/createurs\/createur-javier-herrero\/#primaryimage\"},\"thumbnailUrl\":\"https:\/\/dev.beltafrajumar.com\/wp-content\/uploads\/2024\/12\/Javier-Herrero-updated-cuadrado.jpg\",\"datePublished\":\"2024-06-18T11:47:05+00:00\",\"dateModified\":\"2024-07-19T10:38:50+00:00\",\"description\":\"Cr\u00e9ateur dont l'embl\u00e8me est le meuble rembourr\u00e9 pour oxyg\u00e9ner l'\u00e2me. Apprenez \u00e0 conna\u00eetre ses pi\u00e8ces pour Belt\u00e1 Frajumar\",\"breadcrumb\":{\"@id\":\"https:\/\/dev.beltafrajumar.com\/fr\/createurs\/createur-javier-herrero\/#breadcrumb\"},\"inLanguage\":\"fr-FR\",\"potentialAction\":[{\"@type\":\"ReadAction\",\"target\":[\"https:\/\/dev.beltafrajumar.com\/fr\/createurs\/createur-javier-herrero\/\"]}]},{\"@type\":\"ImageObject\",\"inLanguage\":\"fr-FR\",\"@id\":\"https:\/\/dev.beltafrajumar.com\/fr\/createurs\/createur-javier-herrero\/#primaryimage\",\"url\":\"https:\/\/dev.beltafrajumar.com\/wp-content\/uploads\/2024\/12\/Javier-Herrero-updated-cuadrado.jpg\",\"contentUrl\":\"https:\/\/dev.beltafrajumar.com\/wp-content\/uploads\/2024\/12\/Javier-Herrero-updated-cuadrado.jpg\",\"width\":900,\"height\":900,\"caption\":\"Dise\u00f1ador Javier Herrero - Belt\u00e1 Frajumar\"},{\"@type\":\"BreadcrumbList\",\"@id\":\"https:\/\/dev.beltafrajumar.com\/fr\/createurs\/createur-javier-herrero\/#breadcrumb\",\"itemListElement\":[{\"@type\":\"ListItem\",\"position\":1,\"name\":\"Portada\",\"item\":\"https:\/\/dev.beltafrajumar.com\/fr\/\"},{\"@type\":\"ListItem\",\"position\":2,\"name\":\"Concepteur\",\"item\":\"https:\/\/dev.beltafrajumar.com\/fr\/disenadores\/\"},{\"@type\":\"ListItem\",\"position\":3,\"name\":\"Cr\u00e9ateur Javier Herrero\"}]},{\"@type\":\"WebSite\",\"@id\":\"https:\/\/dev.beltafrajumar.com\/fr\/#website\",\"url\":\"https:\/\/dev.beltafrajumar.com\/fr\/\",\"name\":\"Belt\u00e1 Frajumar\",\"description\":\"Calidad, Dise\u00f1o y Decoraci\u00f3n de Interiores en Mobiliario Hospitality y Living\",\"publisher\":{\"@id\":\"https:\/\/dev.beltafrajumar.com\/fr\/#organization\"},\"alternateName\":\"Fabricante de mobiliario Hospitality y Living\",\"potentialAction\":[{\"@type\":\"SearchAction\",\"target\":{\"@type\":\"EntryPoint\",\"urlTemplate\":\"https:\/\/dev.beltafrajumar.com\/fr\/?s={search_term_string}\"},\"query-input\":{\"@type\":\"PropertyValueSpecification\",\"valueRequired\":true,\"valueName\":\"search_term_string\"}}],\"inLanguage\":\"fr-FR\"},{\"@type\":\"Organization\",\"@id\":\"https:\/\/dev.beltafrajumar.com\/fr\/#organization\",\"name\":\"Belt\u00e1 Frajumar\",\"alternateName\":\"Fabricant de meubles exclusif Belt\u00e1 Frajumar\",\"url\":\"https:\/\/dev.beltafrajumar.com\/fr\/\",\"logo\":{\"@type\":\"ImageObject\",\"inLanguage\":\"fr-FR\",\"@id\":\"https:\/\/dev.beltafrajumar.com\/fr\/#\/schema\/logo\/image\/\",\"url\":\"https:\/\/dev.beltafrajumar.com\/wp-content\/uploads\/2024\/10\/Logotipo-Belta-Frajumar-patrocinador-de-InterCIDEC-1.jpg\",\"contentUrl\":\"https:\/\/dev.beltafrajumar.com\/wp-content\/uploads\/2024\/10\/Logotipo-Belta-Frajumar-patrocinador-de-InterCIDEC-1.jpg\",\"width\":1080,\"height\":1080,\"caption\":\"Belt\u00e1 Frajumar\"},\"image\":{\"@id\":\"https:\/\/dev.beltafrajumar.com\/fr\/#\/schema\/logo\/image\/\"}}]}<\/script>\n<!-- \/ Yoast SEO Premium plugin. -->","yoast_head_json":{"title":"Cr\u00e9ateur Javier Herrero | Belt\u00e1 Frajumar","description":"Cr\u00e9ateur dont l'embl\u00e8me est le meuble rembourr\u00e9 pour oxyg\u00e9ner l'\u00e2me. Apprenez \u00e0 conna\u00eetre ses pi\u00e8ces pour Belt\u00e1 Frajumar","robots":{"index":"noindex","follow":"follow","max-snippet":"max-snippet:-1","max-image-preview":"max-image-preview:large","max-video-preview":"max-video-preview:-1"},"og_locale":"fr_FR","og_type":"article","og_title":"Cr\u00e9ateur Javier Herrero","og_description":"Cr\u00e9ateur dont l'embl\u00e8me est le meuble rembourr\u00e9 pour oxyg\u00e9ner l'\u00e2me. Apprenez \u00e0 conna\u00eetre ses pi\u00e8ces pour Belt\u00e1 Frajumar","og_url":"https:\/\/dev.beltafrajumar.com\/fr\/createurs\/createur-javier-herrero\/","og_site_name":"Belt\u00e1 Frajumar","article_modified_time":"2024-07-19T10:38:50+00:00","og_image":[{"width":900,"height":900,"url":"https:\/\/dev.beltafrajumar.com\/wp-content\/uploads\/2024\/12\/Javier-Herrero-updated-cuadrado.jpg","type":"image\/jpeg"}],"twitter_card":"summary_large_image","schema":{"@context":"https:\/\/schema.org","@graph":[{"@type":"WebPage","@id":"https:\/\/dev.beltafrajumar.com\/fr\/createurs\/createur-javier-herrero\/","url":"https:\/\/dev.beltafrajumar.com\/fr\/createurs\/createur-javier-herrero\/","name":"Cr\u00e9ateur Javier Herrero | Belt\u00e1 Frajumar","isPartOf":{"@id":"https:\/\/dev.beltafrajumar.com\/fr\/#website"},"primaryImageOfPage":{"@id":"https:\/\/dev.beltafrajumar.com\/fr\/createurs\/createur-javier-herrero\/#primaryimage"},"image":{"@id":"https:\/\/dev.beltafrajumar.com\/fr\/createurs\/createur-javier-herrero\/#primaryimage"},"thumbnailUrl":"https:\/\/dev.beltafrajumar.com\/wp-content\/uploads\/2024\/12\/Javier-Herrero-updated-cuadrado.jpg","datePublished":"2024-06-18T11:47:05+00:00","dateModified":"2024-07-19T10:38:50+00:00","description":"Cr\u00e9ateur dont l'embl\u00e8me est le meuble rembourr\u00e9 pour oxyg\u00e9ner l'\u00e2me. Apprenez \u00e0 conna\u00eetre ses pi\u00e8ces pour Belt\u00e1 Frajumar","breadcrumb":{"@id":"https:\/\/dev.beltafrajumar.com\/fr\/createurs\/createur-javier-herrero\/#breadcrumb"},"inLanguage":"fr-FR","potentialAction":[{"@type":"ReadAction","target":["https:\/\/dev.beltafrajumar.com\/fr\/createurs\/createur-javier-herrero\/"]}]},{"@type":"ImageObject","inLanguage":"fr-FR","@id":"https:\/\/dev.beltafrajumar.com\/fr\/createurs\/createur-javier-herrero\/#primaryimage","url":"https:\/\/dev.beltafrajumar.com\/wp-content\/uploads\/2024\/12\/Javier-Herrero-updated-cuadrado.jpg","contentUrl":"https:\/\/dev.beltafrajumar.com\/wp-content\/uploads\/2024\/12\/Javier-Herrero-updated-cuadrado.jpg","width":900,"height":900,"caption":"Dise\u00f1ador Javier Herrero - Belt\u00e1 Frajumar"},{"@type":"BreadcrumbList","@id":"https:\/\/dev.beltafrajumar.com\/fr\/createurs\/createur-javier-herrero\/#breadcrumb","itemListElement":[{"@type":"ListItem","position":1,"name":"Portada","item":"https:\/\/dev.beltafrajumar.com\/fr\/"},{"@type":"ListItem","position":2,"name":"Concepteur","item":"https:\/\/dev.beltafrajumar.com\/fr\/disenadores\/"},{"@type":"ListItem","position":3,"name":"Cr\u00e9ateur Javier Herrero"}]},{"@type":"WebSite","@id":"https:\/\/dev.beltafrajumar.com\/fr\/#website","url":"https:\/\/dev.beltafrajumar.com\/fr\/","name":"Belt\u00e1 Frajumar","description":"Calidad, Dise\u00f1o y Decoraci\u00f3n de Interiores en Mobiliario Hospitality y Living","publisher":{"@id":"https:\/\/dev.beltafrajumar.com\/fr\/#organization"},"alternateName":"Fabricante de mobiliario Hospitality y Living","potentialAction":[{"@type":"SearchAction","target":{"@type":"EntryPoint","urlTemplate":"https:\/\/dev.beltafrajumar.com\/fr\/?s={search_term_string}"},"query-input":{"@type":"PropertyValueSpecification","valueRequired":true,"valueName":"search_term_string"}}],"inLanguage":"fr-FR"},{"@type":"Organization","@id":"https:\/\/dev.beltafrajumar.com\/fr\/#organization","name":"Belt\u00e1 Frajumar","alternateName":"Fabricant de meubles exclusif Belt\u00e1 Frajumar","url":"https:\/\/dev.beltafrajumar.com\/fr\/","logo":{"@type":"ImageObject","inLanguage":"fr-FR","@id":"https:\/\/dev.beltafrajumar.com\/fr\/#\/schema\/logo\/image\/","url":"https:\/\/dev.beltafrajumar.com\/wp-content\/uploads\/2024\/10\/Logotipo-Belta-Frajumar-patrocinador-de-InterCIDEC-1.jpg","contentUrl":"https:\/\/dev.beltafrajumar.com\/wp-content\/uploads\/2024\/10\/Logotipo-Belta-Frajumar-patrocinador-de-InterCIDEC-1.jpg","width":1080,"height":1080,"caption":"Belt\u00e1 Frajumar"},"image":{"@id":"https:\/\/dev.beltafrajumar.com\/fr\/#\/schema\/logo\/image\/"}}]}},"_links":{"self":[{"href":"https:\/\/dev.beltafrajumar.com\/fr\/wp-json\/wp\/v2\/pages\/25102","targetHints":{"allow":["GET"]}}],"collection":[{"href":"https:\/\/dev.beltafrajumar.com\/fr\/wp-json\/wp\/v2\/pages"}],"about":[{"href":"https:\/\/dev.beltafrajumar.com\/fr\/wp-json\/wp\/v2\/types\/page"}],"author":[{"embeddable":true,"href":"https:\/\/dev.beltafrajumar.com\/fr\/wp-json\/wp\/v2\/users\/3"}],"replies":[{"embeddable":true,"href":"https:\/\/dev.beltafrajumar.com\/fr\/wp-json\/wp\/v2\/comments?post=25102"}],"version-history":[{"count":0,"href":"https:\/\/dev.beltafrajumar.com\/fr\/wp-json\/wp\/v2\/pages\/25102\/revisions"}],"up":[{"embeddable":true,"href":"https:\/\/dev.beltafrajumar.com\/fr\/wp-json\/wp\/v2\/pages\/25069"}],"wp:featuredmedia":[{"embeddable":true,"href":"https:\/\/dev.beltafrajumar.com\/fr\/wp-json\/wp\/v2\/media\/34648"}],"wp:attachment":[{"href":"https:\/\/dev.beltafrajumar.com\/fr\/wp-json\/wp\/v2\/media?parent=25102"}],"curies":[{"name":"wp","href":"https:\/\/api.w.org\/{rel}","templated":true}]}}